{"id":1389,"date":"2020-12-30T20:47:36","date_gmt":"2020-12-30T20:47:36","guid":{"rendered":"http:\/\/envidialujuriamusic.com\/?page_id=1389"},"modified":"2021-10-05T08:48:56","modified_gmt":"2021-10-05T08:48:56","slug":"inicio","status":"publish","type":"page","link":"https:\/\/envidialujuriamusic.com\/","title":{"rendered":"Inicio"},"content":{"rendered":"\t\t<div data-elementor-type=\"wp-page\" data-elementor-id=\"1389\" class=\"elementor elementor-1389\" data-elementor-post-type=\"page\">\n\t\t\t\t\t\t<section class=\"elementor-section elementor-top-section elementor-element elementor-element-b6b66c9 elementor-section-full_width elementor-section-height-default elementor-section-height-default\" data-id=\"b6b66c9\" data-element_type=\"section\">\n\t\t\t\t\t\t<div class=\"elementor-container elementor-column-gap-no\">\n\t\t\t\t\t<div class=\"elementor-column elementor-col-100 elementor-top-column elementor-element elementor-element-bb15276\" data-id=\"bb15276\" data-element_type=\"column\">\n\t\t\t<div class=\"elementor-widget-wrap elementor-element-populated\">\n\t\t\t\t\t\t<div class=\"elementor-element elementor-element-e0b2372 elementor-widget elementor-widget-template\" data-id=\"e0b2372\" data-element_type=\"widget\" data-widget_type=\"template.default\">\n\t\t\t\t<div class=\"elementor-widget-container\">\n\t\t\t\t\t\t\t<div class=\"elementor-template\">\n\t\t\t\t\t<div data-elementor-type=\"page\" data-elementor-id=\"52\" class=\"elementor elementor-52\" data-elementor-post-type=\"elementor_library\">\n\t\t\t\t\t\t<section class=\"elementor-section elementor-top-section elementor-element elementor-element-13bc84cd elementor-section-full_width elementor-section-content-top elementor-section-height-min-height elementor-section-height-default elementor-section-items-middle\" data-id=\"13bc84cd\" data-element_type=\"section\">\n\t\t\t\t\t\t<div class=\"elementor-container elementor-column-gap-no\">\n\t\t\t\t\t<div class=\"elementor-column elementor-col-100 elementor-top-column elementor-element elementor-element-a9fac08\" data-id=\"a9fac08\" data-element_type=\"column\">\n\t\t\t<div class=\"elementor-widget-wrap elementor-element-populated\">\n\t\t\t\t\t\t<div class=\"elementor-element elementor-element-2bb82f52 elementor--h-position-center elementor--v-position-middle elementor-arrows-position-inside elementor-pagination-position-inside elementor-widget elementor-widget-slides\" data-id=\"2bb82f52\" data-element_type=\"widget\" data-settings=\"{&quot;navigation&quot;:&quot;both&quot;,&quot;autoplay&quot;:&quot;yes&quot;,&quot;pause_on_hover&quot;:&quot;yes&quot;,&quot;pause_on_interaction&quot;:&quot;yes&quot;,&quot;autoplay_speed&quot;:5000,&quot;infinite&quot;:&quot;yes&quot;,&quot;transition&quot;:&quot;slide&quot;,&quot;transition_speed&quot;:500}\" data-widget_type=\"slides.default\">\n\t\t\t\t<div class=\"elementor-widget-container\">\n\t\t\t\t\t\t\t\t\t<div class=\"elementor-swiper\">\n\t\t\t\t\t<div class=\"elementor-slides-wrapper elementor-main-swiper swiper\" role=\"region\" aria-roledescription=\"carousel\" aria-label=\"Diapositivas\" dir=\"ltr\" data-animation=\"fadeInUp\">\n\t\t\t\t<div class=\"swiper-wrapper elementor-slides\">\n\t\t\t\t\t\t\t\t\t\t<div class=\"elementor-repeater-item-31818ac swiper-slide\" role=\"group\" aria-roledescription=\"slide\"><div class=\"swiper-slide-bg elementor-ken-burns elementor-ken-burns--in\" role=\"img\" aria-label=\"fondo_artistas_B\"><\/div><div class=\"elementor-background-overlay\"><\/div><a class=\"swiper-slide-inner\" href=\"\/index.php\/category\/tipo\/artistas\/\"><div class=\"swiper-slide-contents\"><div class=\"elementor-slide-heading\">Artistas<\/div><div class=\"elementor-slide-description\">Conoce a todos los artistas que forman parte de  ENVIDIA<\/div><div  class=\"elementor-button elementor-slide-button elementor-size-sm\">Aqu\u00ed<\/div><\/div><\/a><\/div><div class=\"elementor-repeater-item-918a198 swiper-slide\" role=\"group\" aria-roledescription=\"slide\"><div class=\"swiper-slide-bg elementor-ken-burns elementor-ken-burns--in\" role=\"img\" aria-label=\"fondo_col_cubana\"><\/div><div class=\"elementor-background-overlay\"><\/div><a class=\"swiper-slide-inner\" href=\"\/index.php\/category\/catalogo\/col_cubana\/\"><div class=\"swiper-slide-contents\"><div class=\"elementor-slide-heading\">Colecci\u00f3n Cubana<\/div><div class=\"elementor-slide-description\">Descubre la mejor colecci\u00f3n de m\u00fasica cubana<\/div><div  class=\"elementor-button elementor-slide-button elementor-size-sm\">Aqu\u00ed<\/div><\/div><\/a><\/div><div class=\"elementor-repeater-item-3f52767 swiper-slide\" role=\"group\" aria-roledescription=\"slide\"><div class=\"swiper-slide-bg elementor-ken-burns elementor-ken-burns--in\" role=\"img\" aria-label=\"fondo_salsa_puerto_rico_ampliada\"><\/div><div class=\"elementor-background-overlay\"><\/div><a class=\"swiper-slide-inner\" href=\"\/index.php\/category\/catalogo\/salsa_prico\/\"><div class=\"swiper-slide-contents\"><div class=\"elementor-slide-heading\">Salsa de Puerto Rico<\/div><div class=\"elementor-slide-description\">La mejor colecci\u00f3n de m\u00fasica de Puerto Rico de la mano de ENVIDIA<\/div><div  class=\"elementor-button elementor-slide-button elementor-size-sm\">Aqu\u00ed<\/div><\/div><\/a><\/div><div class=\"elementor-repeater-item-13d7a25 swiper-slide\" role=\"group\" aria-roledescription=\"slide\"><div class=\"swiper-slide-bg elementor-ken-burns elementor-ken-burns--in\" role=\"img\" aria-label=\"fondo_legends\"><\/div><div class=\"elementor-background-overlay\"><\/div><a class=\"swiper-slide-inner\" href=\"\/index.php\/category\/catalogo\/legends\/\"><div class=\"swiper-slide-contents\"><div class=\"elementor-slide-heading\">Legends of Cuban Music<\/div><div class=\"elementor-slide-description\">Esta es la colecci\u00f3n de m\u00fasica para el recuerdo<\/div><div  class=\"elementor-button elementor-slide-button elementor-size-sm\">Aqu\u00ed<\/div><\/div><\/a><\/div>\t\t\t\t<\/div>\n\t\t\t\t\t\t\t\t\t\t\t\t\t\t\t<div class=\"elementor-swiper-button elementor-swiper-button-prev\" role=\"button\" tabindex=\"0\" aria-label=\"Diapositiva anterior\">\n\t\t\t\t\t\t\t<i aria-hidden=\"true\" class=\"eicon-chevron-left\"><\/i>\t\t\t\t\t\t<\/div>\n\t\t\t\t\t\t<div class=\"elementor-swiper-button elementor-swiper-button-next\" role=\"button\" tabindex=\"0\" aria-label=\"Diapositiva siguiente\">\n\t\t\t\t\t\t\t<i aria-hidden=\"true\" class=\"eicon-chevron-right\"><\/i>\t\t\t\t\t\t<\/div>\n\t\t\t\t\t\t\t\t\t\t\t\t\t\t\t\t<div class=\"swiper-pagination\"><\/div>\n\t\t\t\t\t\t\t\t\t\t\t\t<\/div>\n\t\t\t\t<\/div>\n\t\t\t\t\t\t\t\t<\/div>\n\t\t\t\t<\/div>\n\t\t\t\t\t<\/div>\n\t\t<\/div>\n\t\t\t\t\t<\/div>\n\t\t<\/section>\n\t\t\t\t<\/div>\n\t\t\t\t<\/div>\n\t\t\t\t\t\t<\/div>\n\t\t\t\t<\/div>\n\t\t\t\t<div class=\"elementor-element elementor-element-6a5e5fe elementor-widget elementor-widget-spacer\" data-id=\"6a5e5fe\" data-element_type=\"widget\" data-widget_type=\"spacer.default\">\n\t\t\t\t<div class=\"elementor-widget-container\">\n\t\t\t\t\t\t\t<div class=\"elementor-spacer\">\n\t\t\t<div class=\"elementor-spacer-inner\"><\/div>\n\t\t<\/div>\n\t\t\t\t\t\t<\/div>\n\t\t\t\t<\/div>\n\t\t\t\t\t<\/div>\n\t\t<\/div>\n\t\t\t\t\t<\/div>\n\t\t<\/section>\n\t\t\t\t<section class=\"elementor-section elementor-top-section elementor-element elementor-element-70e8bef elementor-section-boxed elementor-section-height-default elementor-section-height-default\" data-id=\"70e8bef\" data-element_type=\"section\" data-settings=\"{&quot;background_background&quot;:&quot;classic&quot;}\">\n\t\t\t\t\t\t<div class=\"elementor-container elementor-column-gap-default\">\n\t\t\t\t\t<div class=\"elementor-column elementor-col-100 elementor-top-column elementor-element elementor-element-b9eb0ce\" data-id=\"b9eb0ce\" data-element_type=\"column\" data-settings=\"{&quot;background_background&quot;:&quot;classic&quot;}\">\n\t\t\t<div class=\"elementor-widget-wrap elementor-element-populated\">\n\t\t\t\t\t\t<div class=\"elementor-element elementor-element-8f7cea3 elementor-widget elementor-widget-spacer\" data-id=\"8f7cea3\" data-element_type=\"widget\" data-widget_type=\"spacer.default\">\n\t\t\t\t<div class=\"elementor-widget-container\">\n\t\t\t\t\t\t\t<div class=\"elementor-spacer\">\n\t\t\t<div class=\"elementor-spacer-inner\"><\/div>\n\t\t<\/div>\n\t\t\t\t\t\t<\/div>\n\t\t\t\t<\/div>\n\t\t\t\t<div class=\"elementor-element elementor-element-58cc782 elementor-widget elementor-widget-theme-site-title elementor-widget-heading\" data-id=\"58cc782\" data-element_type=\"widget\" data-widget_type=\"theme-site-title.default\">\n\t\t\t\t<div class=\"elementor-widget-container\">\n\t\t\t\t\t<h2 class=\"elementor-heading-title elementor-size-default\"><a href=\"https:\/\/envidialujuriamusic.com\">Cuban Music by Envidia<\/a><\/h2>\t\t\t\t<\/div>\n\t\t\t\t<\/div>\n\t\t\t\t<div class=\"elementor-element elementor-element-69898ad elementor-widget elementor-widget-text-editor\" data-id=\"69898ad\" data-element_type=\"widget\" data-widget_type=\"text-editor.default\">\n\t\t\t\t<div class=\"elementor-widget-container\">\n\t\t\t\t\t\t\t\t\t<p>El sello de m\u00fasica tropical Envidia os presenta el sello que establecer\u00e1 los est\u00e1ndares mundiales en la m\u00fasica latina con los aspectos m\u00e1s destacados del mundo de la salsa y la m\u00fasica cubana.<\/p>\t\t\t\t\t\t\t\t<\/div>\n\t\t\t\t<\/div>\n\t\t\t\t<div class=\"elementor-element elementor-element-d68b330 elementor-widget elementor-widget-spacer\" data-id=\"d68b330\" data-element_type=\"widget\" data-widget_type=\"spacer.default\">\n\t\t\t\t<div class=\"elementor-widget-container\">\n\t\t\t\t\t\t\t<div class=\"elementor-spacer\">\n\t\t\t<div class=\"elementor-spacer-inner\"><\/div>\n\t\t<\/div>\n\t\t\t\t\t\t<\/div>\n\t\t\t\t<\/div>\n\t\t\t\t\t<\/div>\n\t\t<\/div>\n\t\t\t\t\t<\/div>\n\t\t<\/section>\n\t\t\t\t<section class=\"elementor-section elementor-top-section elementor-element elementor-element-3010457 elementor-section-boxed elementor-section-height-default elementor-section-height-default\" data-id=\"3010457\" data-element_type=\"section\" data-settings=\"{&quot;background_background&quot;:&quot;classic&quot;}\">\n\t\t\t\t\t\t<div class=\"elementor-container elementor-column-gap-default\">\n\t\t\t\t\t<div class=\"elementor-column elementor-col-100 elementor-top-column elementor-element elementor-element-c136daf\" data-id=\"c136daf\" data-element_type=\"column\">\n\t\t\t<div class=\"elementor-widget-wrap elementor-element-populated\">\n\t\t\t\t\t\t<div class=\"elementor-element elementor-element-9d2fdcd elementor-widget elementor-widget-template\" data-id=\"9d2fdcd\" data-element_type=\"widget\" data-widget_type=\"template.default\">\n\t\t\t\t<div class=\"elementor-widget-container\">\n\t\t\t\t\t\t\t<div class=\"elementor-template\">\n\t\t\t\t\t<div data-elementor-type=\"archive\" data-elementor-id=\"49\" class=\"elementor elementor-49\" data-elementor-post-type=\"elementor_library\">\n\t\t\t\t\t<section class=\"elementor-section elementor-top-section elementor-element elementor-element-3ac698f8 elementor-section-boxed elementor-section-height-default elementor-section-height-default\" data-id=\"3ac698f8\" data-element_type=\"section\">\n\t\t\t\t\t\t<div class=\"elementor-container elementor-column-gap-default\">\n\t\t\t\t\t<div class=\"elementor-column elementor-col-100 elementor-top-column elementor-element elementor-element-5703d345\" data-id=\"5703d345\" data-element_type=\"column\">\n\t\t\t<div class=\"elementor-widget-wrap elementor-element-populated\">\n\t\t\t\t\t\t<div class=\"elementor-element elementor-element-732cb6db elementor-widget-divider--view-line_text elementor-widget-divider--element-align-left elementor-widget elementor-widget-divider\" data-id=\"732cb6db\" data-element_type=\"widget\" data-widget_type=\"divider.default\">\n\t\t\t\t<div class=\"elementor-widget-container\">\n\t\t\t\t\t\t\t<div class=\"elementor-divider\">\n\t\t\t<span class=\"elementor-divider-separator\">\n\t\t\t\t\t\t\t<span class=\"elementor-divider__text elementor-divider__element\">\n\t\t\t\tNovedades\t\t\t\t<\/span>\n\t\t\t\t\t\t<\/span>\n\t\t<\/div>\n\t\t\t\t\t\t<\/div>\n\t\t\t\t<\/div>\n\t\t\t\t\t<\/div>\n\t\t<\/div>\n\t\t\t\t\t<\/div>\n\t\t<\/section>\n\t\t\t\t<section class=\"elementor-section elementor-top-section elementor-element elementor-element-3a66ff6 elementor-section-boxed elementor-section-height-default elementor-section-height-default\" data-id=\"3a66ff6\" data-element_type=\"section\">\n\t\t\t\t\t\t<div class=\"elementor-container elementor-column-gap-default\">\n\t\t\t\t\t<div class=\"elementor-column elementor-col-100 elementor-top-column elementor-element elementor-element-7649b33\" data-id=\"7649b33\" data-element_type=\"column\">\n\t\t\t<div class=\"elementor-widget-wrap elementor-element-populated\">\n\t\t\t\t\t\t<div class=\"elementor-element elementor-element-3148bb43 elementor-grid-4 elementor-posts--align-center elementor-grid-tablet-4 elementor-grid-mobile-2 elementor-posts--thumbnail-top elementor-posts__hover-gradient elementor-widget elementor-widget-posts\" data-id=\"3148bb43\" data-element_type=\"widget\" data-settings=\"{&quot;cards_columns&quot;:&quot;4&quot;,&quot;cards_row_gap&quot;:{&quot;unit&quot;:&quot;px&quot;,&quot;size&quot;:30,&quot;sizes&quot;:[]},&quot;_animation&quot;:&quot;none&quot;,&quot;cards_columns_tablet&quot;:&quot;4&quot;,&quot;cards_columns_mobile&quot;:&quot;2&quot;,&quot;cards_row_gap_tablet&quot;:{&quot;unit&quot;:&quot;px&quot;,&quot;size&quot;:&quot;&quot;,&quot;sizes&quot;:[]},&quot;cards_row_gap_mobile&quot;:{&quot;unit&quot;:&quot;px&quot;,&quot;size&quot;:&quot;&quot;,&quot;sizes&quot;:[]}}\" data-widget_type=\"posts.cards\">\n\t\t\t\t<div class=\"elementor-widget-container\">\n\t\t\t\t\t\t\t<div class=\"elementor-posts-container elementor-posts elementor-posts--skin-cards elementor-grid\" role=\"list\">\n\t\t\t\t<article class=\"elementor-post elementor-grid-item post-4967 post type-post status-publish format-standard has-post-thumbnail hentry category-artista category-catalogo category-col_cubana category-genero category-oscarito-rey category-release category-timba category-tipo\" role=\"listitem\">\n\t\t\t<div class=\"elementor-post__card\">\n\t\t\t\t<a class=\"elementor-post__thumbnail__link\" href=\"https:\/\/envidialujuriamusic.com\/index.php\/2024\/08\/20\/new-release-nuevo-lanzamientooscarito-reyla-pelicula\/\" tabindex=\"-1\" ><div class=\"elementor-post__thumbnail\"><img fetchpriority=\"high\" decoding=\"async\" width=\"1200\" height=\"1200\" src=\"https:\/\/envidialujuriamusic.com\/wp-content\/uploads\/2024\/08\/OK-OSCARITO-REY-LA-PELICULA_Web.jpg\" class=\"attachment-full size-full wp-image-4968\" alt=\"\" srcset=\"https:\/\/envidialujuriamusic.com\/wp-content\/uploads\/2024\/08\/OK-OSCARITO-REY-LA-PELICULA_Web.jpg 1200w, https:\/\/envidialujuriamusic.com\/wp-content\/uploads\/2024\/08\/OK-OSCARITO-REY-LA-PELICULA_Web-300x300.jpg 300w, https:\/\/envidialujuriamusic.com\/wp-content\/uploads\/2024\/08\/OK-OSCARITO-REY-LA-PELICULA_Web-1024x1024.jpg 1024w, https:\/\/envidialujuriamusic.com\/wp-content\/uploads\/2024\/08\/OK-OSCARITO-REY-LA-PELICULA_Web-150x150.jpg 150w, https:\/\/envidialujuriamusic.com\/wp-content\/uploads\/2024\/08\/OK-OSCARITO-REY-LA-PELICULA_Web-768x768.jpg 768w\" sizes=\"(max-width: 1200px) 100vw, 1200px\" \/><\/div><\/a>\n\t\t\t\t<div class=\"elementor-post__text\">\n\t\t\t\t<h3 class=\"elementor-post__title\">\n\t\t\t<a href=\"https:\/\/envidialujuriamusic.com\/index.php\/2024\/08\/20\/new-release-nuevo-lanzamientooscarito-reyla-pelicula\/\" >\n\t\t\t\tNEW RELEASE \/ NUEVO LANZAMIENTO<br>OSCARITO REY<br><i>\u00abLa Pel\u00edcula\u00bb<\/i>\t\t\t<\/a>\n\t\t<\/h3>\n\t\t\t\t<\/div>\n\t\t\t\t\t<\/div>\n\t\t<\/article>\n\t\t\t\t<article class=\"elementor-post elementor-grid-item post-4964 post type-post status-publish format-standard has-post-thumbnail hentry category-artista category-catalogo category-col_cubana category-genero category-la-confusion category-release category-ruben-kramel category-son category-tipo\" role=\"listitem\">\n\t\t\t<div class=\"elementor-post__card\">\n\t\t\t\t<a class=\"elementor-post__thumbnail__link\" href=\"https:\/\/envidialujuriamusic.com\/index.php\/2024\/08\/20\/new-release-nuevo-lanzamientoruben-kramel-orquesta-la-confusionmarioneta-de-la-vida\/\" tabindex=\"-1\" ><div class=\"elementor-post__thumbnail\"><img decoding=\"async\" width=\"1200\" height=\"1200\" src=\"https:\/\/envidialujuriamusic.com\/wp-content\/uploads\/2024\/08\/ruben-kramel-marioneta-Web.jpeg\" class=\"attachment-full size-full wp-image-4965\" alt=\"\" srcset=\"https:\/\/envidialujuriamusic.com\/wp-content\/uploads\/2024\/08\/ruben-kramel-marioneta-Web.jpeg 1200w, https:\/\/envidialujuriamusic.com\/wp-content\/uploads\/2024\/08\/ruben-kramel-marioneta-Web-300x300.jpeg 300w, https:\/\/envidialujuriamusic.com\/wp-content\/uploads\/2024\/08\/ruben-kramel-marioneta-Web-1024x1024.jpeg 1024w, https:\/\/envidialujuriamusic.com\/wp-content\/uploads\/2024\/08\/ruben-kramel-marioneta-Web-150x150.jpeg 150w, https:\/\/envidialujuriamusic.com\/wp-content\/uploads\/2024\/08\/ruben-kramel-marioneta-Web-768x768.jpeg 768w\" sizes=\"(max-width: 1200px) 100vw, 1200px\" \/><\/div><\/a>\n\t\t\t\t<div class=\"elementor-post__text\">\n\t\t\t\t<h3 class=\"elementor-post__title\">\n\t\t\t<a href=\"https:\/\/envidialujuriamusic.com\/index.php\/2024\/08\/20\/new-release-nuevo-lanzamientoruben-kramel-orquesta-la-confusionmarioneta-de-la-vida\/\" >\n\t\t\t\tRUB\u00c9N K&#8217;RAMEL &#038; Orquesta La Confusi\u00f3n<br><i>\u00abMarioneta de la Vida\u00bb<\/i>\t\t\t<\/a>\n\t\t<\/h3>\n\t\t\t\t<\/div>\n\t\t\t\t\t<\/div>\n\t\t<\/article>\n\t\t\t\t<article class=\"elementor-post elementor-grid-item post-4958 post type-post status-publish format-standard has-post-thumbnail hentry category-artista category-catalogo category-col_cubana category-genero category-la-transfusion category-release category-salsa-cubana category-tipo category-yasmani-pedroso\" role=\"listitem\">\n\t\t\t<div class=\"elementor-post__card\">\n\t\t\t\t<a class=\"elementor-post__thumbnail__link\" href=\"https:\/\/envidialujuriamusic.com\/index.php\/2024\/08\/20\/new-release-nuevo-lanzamientoyasmani-pedroso-la-transfusionel-bahamas\/\" tabindex=\"-1\" ><div class=\"elementor-post__thumbnail\"><img decoding=\"async\" width=\"1200\" height=\"1200\" src=\"https:\/\/envidialujuriamusic.com\/wp-content\/uploads\/2024\/08\/Yasmani-Pedroso-La-Transfusion-EL-BAHAMAS-Web.jpg\" class=\"attachment-full size-full wp-image-4959\" alt=\"\" srcset=\"https:\/\/envidialujuriamusic.com\/wp-content\/uploads\/2024\/08\/Yasmani-Pedroso-La-Transfusion-EL-BAHAMAS-Web.jpg 1200w, https:\/\/envidialujuriamusic.com\/wp-content\/uploads\/2024\/08\/Yasmani-Pedroso-La-Transfusion-EL-BAHAMAS-Web-300x300.jpg 300w, https:\/\/envidialujuriamusic.com\/wp-content\/uploads\/2024\/08\/Yasmani-Pedroso-La-Transfusion-EL-BAHAMAS-Web-1024x1024.jpg 1024w, https:\/\/envidialujuriamusic.com\/wp-content\/uploads\/2024\/08\/Yasmani-Pedroso-La-Transfusion-EL-BAHAMAS-Web-150x150.jpg 150w, https:\/\/envidialujuriamusic.com\/wp-content\/uploads\/2024\/08\/Yasmani-Pedroso-La-Transfusion-EL-BAHAMAS-Web-768x768.jpg 768w\" sizes=\"(max-width: 1200px) 100vw, 1200px\" \/><\/div><\/a>\n\t\t\t\t<div class=\"elementor-post__text\">\n\t\t\t\t<h3 class=\"elementor-post__title\">\n\t\t\t<a href=\"https:\/\/envidialujuriamusic.com\/index.php\/2024\/08\/20\/new-release-nuevo-lanzamientoyasmani-pedroso-la-transfusionel-bahamas\/\" >\n\t\t\t\tYASMANI PEDROSO &#038; LA TRANSFUSI\u00d3N<br><i>\u00abEl Bahamas\u00bb<\/i>\t\t\t<\/a>\n\t\t<\/h3>\n\t\t\t\t<\/div>\n\t\t\t\t\t<\/div>\n\t\t<\/article>\n\t\t\t\t<article class=\"elementor-post elementor-grid-item post-4954 post type-post status-publish format-standard has-post-thumbnail hentry category-artista category-catalogo category-charanga-forever category-col_cubana category-genero category-release category-timba category-tipo\" role=\"listitem\">\n\t\t\t<div class=\"elementor-post__card\">\n\t\t\t\t<a class=\"elementor-post__thumbnail__link\" href=\"https:\/\/envidialujuriamusic.com\/index.php\/2024\/08\/20\/new-release-nuevo-lanzamientocharanga-foreverte-mate\/\" tabindex=\"-1\" ><div class=\"elementor-post__thumbnail\"><img loading=\"lazy\" decoding=\"async\" width=\"1200\" height=\"1200\" src=\"https:\/\/envidialujuriamusic.com\/wp-content\/uploads\/2024\/08\/CHARANGA-FOREVER-TE-MATE-Web.jpeg\" class=\"attachment-full size-full wp-image-4955\" alt=\"\" srcset=\"https:\/\/envidialujuriamusic.com\/wp-content\/uploads\/2024\/08\/CHARANGA-FOREVER-TE-MATE-Web.jpeg 1200w, https:\/\/envidialujuriamusic.com\/wp-content\/uploads\/2024\/08\/CHARANGA-FOREVER-TE-MATE-Web-300x300.jpeg 300w, https:\/\/envidialujuriamusic.com\/wp-content\/uploads\/2024\/08\/CHARANGA-FOREVER-TE-MATE-Web-1024x1024.jpeg 1024w, https:\/\/envidialujuriamusic.com\/wp-content\/uploads\/2024\/08\/CHARANGA-FOREVER-TE-MATE-Web-150x150.jpeg 150w, https:\/\/envidialujuriamusic.com\/wp-content\/uploads\/2024\/08\/CHARANGA-FOREVER-TE-MATE-Web-768x768.jpeg 768w\" sizes=\"(max-width: 1200px) 100vw, 1200px\" \/><\/div><\/a>\n\t\t\t\t<div class=\"elementor-post__text\">\n\t\t\t\t<h3 class=\"elementor-post__title\">\n\t\t\t<a href=\"https:\/\/envidialujuriamusic.com\/index.php\/2024\/08\/20\/new-release-nuevo-lanzamientocharanga-foreverte-mate\/\" >\n\t\t\t\tCHARANGA FOREVER<br><i>\u00abTe Mat\u00e9\u00bb<\/i>\t\t\t<\/a>\n\t\t<\/h3>\n\t\t\t\t<\/div>\n\t\t\t\t\t<\/div>\n\t\t<\/article>\n\t\t\t\t<\/div>\n\t\t\n\t\t\t\t\t\t<\/div>\n\t\t\t\t<\/div>\n\t\t\t\t\t<\/div>\n\t\t<\/div>\n\t\t\t\t\t<\/div>\n\t\t<\/section>\n\t\t\t\t<section class=\"elementor-section elementor-top-section elementor-element elementor-element-6adcb38f elementor-section-boxed elementor-section-height-default elementor-section-height-default\" data-id=\"6adcb38f\" data-element_type=\"section\">\n\t\t\t\t\t\t<div class=\"elementor-container elementor-column-gap-default\">\n\t\t\t\t\t<div class=\"elementor-column elementor-col-100 elementor-top-column elementor-element elementor-element-3b6c882c\" data-id=\"3b6c882c\" data-element_type=\"column\">\n\t\t\t<div class=\"elementor-widget-wrap elementor-element-populated\">\n\t\t\t\t\t\t<div class=\"elementor-element elementor-element-5eaa0d37 elementor-align-right elementor-widget elementor-widget-button\" data-id=\"5eaa0d37\" data-element_type=\"widget\" data-widget_type=\"button.default\">\n\t\t\t\t<div class=\"elementor-widget-container\">\n\t\t\t\t\t\t\t\t\t<div class=\"elementor-button-wrapper\">\n\t\t\t\t\t<a class=\"elementor-button elementor-button-link elementor-size-xs\" href=\"\/index.php\/catalogo-camajan\/\">\n\t\t\t\t\t\t<span class=\"elementor-button-content-wrapper\">\n\t\t\t\t\t\t<span class=\"elementor-button-icon\">\n\t\t\t\t<i aria-hidden=\"true\" class=\"fas fa-angle-double-right\"><\/i>\t\t\t<\/span>\n\t\t\t\t\t\t\t\t\t<span class=\"elementor-button-text\">Ver Cat\u00e1logo<\/span>\n\t\t\t\t\t<\/span>\n\t\t\t\t\t<\/a>\n\t\t\t\t<\/div>\n\t\t\t\t\t\t\t\t<\/div>\n\t\t\t\t<\/div>\n\t\t\t\t\t<\/div>\n\t\t<\/div>\n\t\t\t\t\t<\/div>\n\t\t<\/section>\n\t\t\t\t<\/div>\n\t\t\t\t<\/div>\n\t\t\t\t\t\t<\/div>\n\t\t\t\t<\/div>\n\t\t\t\t\t<\/div>\n\t\t<\/div>\n\t\t\t\t\t<\/div>\n\t\t<\/section>\n\t\t\t\t<section class=\"elementor-section elementor-top-section elementor-element elementor-element-26f8c1a elementor-section-boxed elementor-section-height-default elementor-section-height-default\" data-id=\"26f8c1a\" data-element_type=\"section\" data-settings=\"{&quot;background_background&quot;:&quot;classic&quot;}\">\n\t\t\t\t\t\t<div class=\"elementor-container elementor-column-gap-default\">\n\t\t\t\t\t<div class=\"elementor-column elementor-col-100 elementor-top-column elementor-element elementor-element-4400218\" data-id=\"4400218\" data-element_type=\"column\">\n\t\t\t<div class=\"elementor-widget-wrap elementor-element-populated\">\n\t\t\t\t\t\t<div class=\"elementor-element elementor-element-328edca elementor-widget-divider--view-line_text elementor-widget-divider--element-align-left elementor-widget elementor-widget-divider\" data-id=\"328edca\" data-element_type=\"widget\" data-widget_type=\"divider.default\">\n\t\t\t\t<div class=\"elementor-widget-container\">\n\t\t\t\t\t\t\t<div class=\"elementor-divider\">\n\t\t\t<span class=\"elementor-divider-separator\">\n\t\t\t\t\t\t\t<span class=\"elementor-divider__text elementor-divider__element\">\n\t\t\t\tArtistas\t\t\t\t<\/span>\n\t\t\t\t\t\t<\/span>\n\t\t<\/div>\n\t\t\t\t\t\t<\/div>\n\t\t\t\t<\/div>\n\t\t\t\t<div class=\"elementor-element elementor-element-624861e elementor-grid-4 elementor-grid-tablet-4 elementor-grid-mobile-2 elementor-posts--align-center elementor-posts--thumbnail-top elementor-posts__hover-gradient elementor-widget elementor-widget-posts\" data-id=\"624861e\" data-element_type=\"widget\" data-settings=\"{&quot;cards_columns&quot;:&quot;4&quot;,&quot;cards_columns_tablet&quot;:&quot;4&quot;,&quot;cards_columns_mobile&quot;:&quot;2&quot;,&quot;cards_row_gap&quot;:{&quot;unit&quot;:&quot;px&quot;,&quot;size&quot;:30,&quot;sizes&quot;:[]},&quot;cards_row_gap_tablet&quot;:{&quot;unit&quot;:&quot;px&quot;,&quot;size&quot;:&quot;&quot;,&quot;sizes&quot;:[]},&quot;cards_row_gap_mobile&quot;:{&quot;unit&quot;:&quot;px&quot;,&quot;size&quot;:&quot;&quot;,&quot;sizes&quot;:[]}}\" data-widget_type=\"posts.cards\">\n\t\t\t\t<div class=\"elementor-widget-container\">\n\t\t\t\t\t\t\t<div class=\"elementor-posts-container elementor-posts elementor-posts--skin-cards elementor-grid\" role=\"list\">\n\t\t\t\t<article class=\"elementor-post elementor-grid-item post-3209 post type-post status-publish format-standard has-post-thumbnail hentry category-artista category-artistas category-charanga category-cuban-jazz-genero-2 category-genero category-tipo category-william-rubalcaba\" role=\"listitem\">\n\t\t\t<div class=\"elementor-post__card\">\n\t\t\t\t<a class=\"elementor-post__thumbnail__link\" href=\"https:\/\/envidialujuriamusic.com\/index.php\/2021\/04\/16\/william-rubalcaba\/\" tabindex=\"-1\" ><div class=\"elementor-post__thumbnail\"><img loading=\"lazy\" decoding=\"async\" width=\"300\" height=\"272\" src=\"https:\/\/envidialujuriamusic.com\/wp-content\/uploads\/2021\/04\/Foto1-2-1-300x272.jpg\" class=\"attachment-medium size-medium wp-image-3220\" alt=\"\" srcset=\"https:\/\/envidialujuriamusic.com\/wp-content\/uploads\/2021\/04\/Foto1-2-1-300x272.jpg 300w, https:\/\/envidialujuriamusic.com\/wp-content\/uploads\/2021\/04\/Foto1-2-1-1024x928.jpg 1024w, https:\/\/envidialujuriamusic.com\/wp-content\/uploads\/2021\/04\/Foto1-2-1-768x696.jpg 768w, https:\/\/envidialujuriamusic.com\/wp-content\/uploads\/2021\/04\/Foto1-2-1.jpg 1477w\" sizes=\"(max-width: 300px) 100vw, 300px\" \/><\/div><\/a>\n\t\t\t\t<div class=\"elementor-post__text\">\n\t\t\t\t<h3 class=\"elementor-post__title\">\n\t\t\t<a href=\"https:\/\/envidialujuriamusic.com\/index.php\/2021\/04\/16\/william-rubalcaba\/\" >\n\t\t\t\tWILLIAM RUBALCABA\t\t\t<\/a>\n\t\t<\/h3>\n\t\t\t\t<\/div>\n\t\t\t\t\t<\/div>\n\t\t<\/article>\n\t\t\t\t<article class=\"elementor-post elementor-grid-item post-2719 post type-post status-publish format-standard has-post-thumbnail hentry category-artista category-artistas category-ronny-cabarrocas category-tipo\" role=\"listitem\">\n\t\t\t<div class=\"elementor-post__card\">\n\t\t\t\t<a class=\"elementor-post__thumbnail__link\" href=\"https:\/\/envidialujuriamusic.com\/index.php\/2021\/04\/13\/ronny-cabarrocas\/\" tabindex=\"-1\" ><div class=\"elementor-post__thumbnail\"><img loading=\"lazy\" decoding=\"async\" width=\"300\" height=\"210\" src=\"https:\/\/envidialujuriamusic.com\/wp-content\/uploads\/2021\/04\/Foto1-300x210.jpg\" class=\"attachment-medium size-medium wp-image-2721\" alt=\"\" srcset=\"https:\/\/envidialujuriamusic.com\/wp-content\/uploads\/2021\/04\/Foto1-300x210.jpg 300w, https:\/\/envidialujuriamusic.com\/wp-content\/uploads\/2021\/04\/Foto1-1024x716.jpg 1024w, https:\/\/envidialujuriamusic.com\/wp-content\/uploads\/2021\/04\/Foto1-768x537.jpg 768w, https:\/\/envidialujuriamusic.com\/wp-content\/uploads\/2021\/04\/Foto1.jpg 1442w\" sizes=\"(max-width: 300px) 100vw, 300px\" \/><\/div><\/a>\n\t\t\t\t<div class=\"elementor-post__text\">\n\t\t\t\t<h3 class=\"elementor-post__title\">\n\t\t\t<a href=\"https:\/\/envidialujuriamusic.com\/index.php\/2021\/04\/13\/ronny-cabarrocas\/\" >\n\t\t\t\tRONNY CABARROCAS\t\t\t<\/a>\n\t\t<\/h3>\n\t\t\t\t<\/div>\n\t\t\t\t\t<\/div>\n\t\t<\/article>\n\t\t\t\t<article class=\"elementor-post elementor-grid-item post-4386 post type-post status-publish format-standard has-post-thumbnail hentry category-alex-d-lara category-artista category-artistas category-genero category-salsa-cubana category-tipo\" role=\"listitem\">\n\t\t\t<div class=\"elementor-post__card\">\n\t\t\t\t<a class=\"elementor-post__thumbnail__link\" href=\"https:\/\/envidialujuriamusic.com\/index.php\/2022\/10\/27\/alex-d-lara\/\" tabindex=\"-1\" ><div class=\"elementor-post__thumbnail\"><img loading=\"lazy\" decoding=\"async\" width=\"300\" height=\"196\" src=\"https:\/\/envidialujuriamusic.com\/wp-content\/uploads\/2022\/10\/Fb2_Web-300x196.jpg\" class=\"attachment-medium size-medium wp-image-4391\" alt=\"\" srcset=\"https:\/\/envidialujuriamusic.com\/wp-content\/uploads\/2022\/10\/Fb2_Web-300x196.jpg 300w, https:\/\/envidialujuriamusic.com\/wp-content\/uploads\/2022\/10\/Fb2_Web-768x501.jpg 768w, https:\/\/envidialujuriamusic.com\/wp-content\/uploads\/2022\/10\/Fb2_Web.jpg 959w\" sizes=\"(max-width: 300px) 100vw, 300px\" \/><\/div><\/a>\n\t\t\t\t<div class=\"elementor-post__text\">\n\t\t\t\t<h3 class=\"elementor-post__title\">\n\t\t\t<a href=\"https:\/\/envidialujuriamusic.com\/index.php\/2022\/10\/27\/alex-d-lara\/\" >\n\t\t\t\tALEX D&#8217; LARA\t\t\t<\/a>\n\t\t<\/h3>\n\t\t\t\t<\/div>\n\t\t\t\t\t<\/div>\n\t\t<\/article>\n\t\t\t\t<article class=\"elementor-post elementor-grid-item post-3707 post type-post status-publish format-standard has-post-thumbnail hentry category-artista category-artistas category-genero category-max-gonzalez-la-arana category-son category-tipo\" role=\"listitem\">\n\t\t\t<div class=\"elementor-post__card\">\n\t\t\t\t<a class=\"elementor-post__thumbnail__link\" href=\"https:\/\/envidialujuriamusic.com\/index.php\/2021\/04\/25\/max-gonzalez-la-arana\/\" tabindex=\"-1\" ><div class=\"elementor-post__thumbnail\"><img loading=\"lazy\" decoding=\"async\" width=\"300\" height=\"200\" src=\"https:\/\/envidialujuriamusic.com\/wp-content\/uploads\/2021\/04\/DI008-300x200.jpg\" class=\"attachment-medium size-medium wp-image-3708\" alt=\"\" srcset=\"https:\/\/envidialujuriamusic.com\/wp-content\/uploads\/2021\/04\/DI008-300x200.jpg 300w, https:\/\/envidialujuriamusic.com\/wp-content\/uploads\/2021\/04\/DI008-1024x683.jpg 1024w, https:\/\/envidialujuriamusic.com\/wp-content\/uploads\/2021\/04\/DI008-768x512.jpg 768w, https:\/\/envidialujuriamusic.com\/wp-content\/uploads\/2021\/04\/DI008.jpg 1536w\" sizes=\"(max-width: 300px) 100vw, 300px\" \/><\/div><\/a>\n\t\t\t\t<div class=\"elementor-post__text\">\n\t\t\t\t<h3 class=\"elementor-post__title\">\n\t\t\t<a href=\"https:\/\/envidialujuriamusic.com\/index.php\/2021\/04\/25\/max-gonzalez-la-arana\/\" >\n\t\t\t\tMAX GONZ\u00c1LEZ \u00abLa Ara\u00f1a\u00bb\t\t\t<\/a>\n\t\t<\/h3>\n\t\t\t\t<\/div>\n\t\t\t\t\t<\/div>\n\t\t<\/article>\n\t\t\t\t<\/div>\n\t\t\n\t\t\t\t\t\t<\/div>\n\t\t\t\t<\/div>\n\t\t\t\t<div class=\"elementor-element elementor-element-6585adc elementor-align-right elementor-widget elementor-widget-button\" data-id=\"6585adc\" data-element_type=\"widget\" data-widget_type=\"button.default\">\n\t\t\t\t<div class=\"elementor-widget-container\">\n\t\t\t\t\t\t\t\t\t<div class=\"elementor-button-wrapper\">\n\t\t\t\t\t<a class=\"elementor-button elementor-button-link elementor-size-xs\" href=\"\/index.php\/category\/tipo\/artistas\/\">\n\t\t\t\t\t\t<span class=\"elementor-button-content-wrapper\">\n\t\t\t\t\t\t<span class=\"elementor-button-icon\">\n\t\t\t\t<i aria-hidden=\"true\" class=\"fas fa-angle-double-right\"><\/i>\t\t\t<\/span>\n\t\t\t\t\t\t\t\t\t<span class=\"elementor-button-text\">Ver Artistas<\/span>\n\t\t\t\t\t<\/span>\n\t\t\t\t\t<\/a>\n\t\t\t\t<\/div>\n\t\t\t\t\t\t\t\t<\/div>\n\t\t\t\t<\/div>\n\t\t\t\t<div class=\"elementor-element elementor-element-7a65a6a elementor-widget elementor-widget-spacer\" data-id=\"7a65a6a\" data-element_type=\"widget\" data-widget_type=\"spacer.default\">\n\t\t\t\t<div class=\"elementor-widget-container\">\n\t\t\t\t\t\t\t<div class=\"elementor-spacer\">\n\t\t\t<div class=\"elementor-spacer-inner\"><\/div>\n\t\t<\/div>\n\t\t\t\t\t\t<\/div>\n\t\t\t\t<\/div>\n\t\t\t\t\t<\/div>\n\t\t<\/div>\n\t\t\t\t\t<\/div>\n\t\t<\/section>\n\t\t\t\t<section class=\"elementor-section elementor-top-section elementor-element elementor-element-05f9138 elementor-section-boxed elementor-section-height-default elementor-section-height-default\" data-id=\"05f9138\" data-element_type=\"section\" data-settings=\"{&quot;background_background&quot;:&quot;classic&quot;}\">\n\t\t\t\t\t\t<div class=\"elementor-container elementor-column-gap-default\">\n\t\t\t\t\t<div class=\"elementor-column elementor-col-100 elementor-top-column elementor-element elementor-element-2b30cca\" data-id=\"2b30cca\" data-element_type=\"column\">\n\t\t\t<div class=\"elementor-widget-wrap elementor-element-populated\">\n\t\t\t\t\t\t<div class=\"elementor-element elementor-element-3d63ee2 elementor-widget-divider--view-line_text elementor-widget-divider--element-align-left elementor-widget elementor-widget-divider\" data-id=\"3d63ee2\" data-element_type=\"widget\" data-widget_type=\"divider.default\">\n\t\t\t\t<div class=\"elementor-widget-container\">\n\t\t\t\t\t\t\t<div class=\"elementor-divider\">\n\t\t\t<span class=\"elementor-divider-separator\">\n\t\t\t\t\t\t\t<span class=\"elementor-divider__text elementor-divider__element\">\n\t\t\t\tVideos Destacados\t\t\t\t<\/span>\n\t\t\t\t\t\t<\/span>\n\t\t<\/div>\n\t\t\t\t\t\t<\/div>\n\t\t\t\t<\/div>\n\t\t\t\t<div class=\"elementor-element elementor-element-50b444a elementor-widget elementor-widget-wp-widget-youtube-feeds-widget\" data-id=\"50b444a\" data-element_type=\"widget\" data-widget_type=\"wp-widget-youtube-feeds-widget.default\">\n\t\t\t\t<div class=\"elementor-widget-container\">\n\t\t\t\t\t\r\n<div id=\"sb_youtube_sbyUC7iqaakRXtryFgm9V8GrMg15\" class=\"sb_youtube sby_layout_carousel sby_col_3 sby_mob_col_2  sby_width_resp\" data-feedid=\"sby_UC7iqaakRXtryFgm9V8G_rMg#15\" data-shortcode-atts=\"{&quot;layout&quot;:&quot;carousel&quot;,&quot;carouselloop&quot;:&quot;infinity&quot;,&quot;showheader&quot;:&quot;false&quot;,&quot;showsubscribe&quot;:&quot;false&quot;,&quot;showbutton&quot;:&quot;false&quot;,&quot;num&quot;:&quot;15&quot;}\" data-cols=\"3\" data-colsmobile=\"2\" data-num=\"15\" data-nummobile=\"15\" data-options=\"{&quot;carousel&quot;:[true,false,false,false,false,1],&quot;cta&quot;:{&quot;type&quot;:&quot;related&quot;,&quot;defaultPosts&quot;:[],&quot;defaultLink&quot;:&quot;&quot;,&quot;defaultText&quot;:&quot;Learn More&quot;,&quot;openType&quot;:&quot;same&quot;,&quot;color&quot;:&quot;&quot;,&quot;textColor&quot;:&quot;&quot;},&quot;descriptionlength&quot;:150}\" data-sby-flags=\"checkWPPosts,resizeDisable\" data-postid=\"3707\" data-sby-supports-lightbox=\"1\" style=\"width: 100%;\">\r\n\t        <div class=\"sby_items_wrap\" style=\"padding: 5px;font-size: 12px;\">\r\n\t\t<div class=\"sby_item  sby_new sby_transition sby_no_margin\" id=\"sby_VVU3aXFhYWtSWHRyeUZnbTlWOEdfck1nLm9kTHBsRDZTeU5z\" data-date=\"1788530413\" data-video-id=\"odLplD6SyNs\" data-video-title=\"\ud83d\udd25 PAULITO FG Y LA CHARANGA HABANERA \u2014 \u201cMI ESTRELLA\u201d\" data-live-date=\"0\">\r\n    <div class=\"sby_inner_item\">\r\n        <div class=\"sby_video_thumbnail_wrap sby_item_video_thumbnail_wrap\">\r\n            <a class=\"sby_video_thumbnail sby_item_video_thumbnail\" href=\"https:\/\/www.youtube.com\/watch?v=odLplD6SyNs\" target=\"_blank\" rel=\"noopener\" data-full-res=\"https:\/\/i.ytimg.com\/vi\/odLplD6SyNs\/maxresdefault.jpg\" data-img-src-set=\"{&quot;120&quot;:&quot;https:\\\/\\\/i.ytimg.com\\\/vi\\\/odLplD6SyNs\\\/default.jpg&quot;,&quot;320&quot;:&quot;https:\\\/\\\/i.ytimg.com\\\/vi\\\/odLplD6SyNs\\\/mqdefault.jpg&quot;,&quot;480&quot;:&quot;https:\\\/\\\/i.ytimg.com\\\/vi\\\/odLplD6SyNs\\\/hqdefault.jpg&quot;,&quot;640&quot;:&quot;https:\\\/\\\/i.ytimg.com\\\/vi\\\/odLplD6SyNs\\\/sddefault.jpg&quot;}\" data-video-id=\"odLplD6SyNs\"  data-user=\"Cuban Music by Envidia\" data-url=\"https:\/\/www.youtube.com\/watch?v=odLplD6SyNs\" data-avatar=\"https:\/\/yt3.ggpht.com\/ytc\/AIdro_kZd0kAhwcZ-1wwJcqIR5ko26tZW1b8I77FLo7srX7VcQ=s88-c-k-c0x00ffffff-no-rj\" data-title=\"Continuamos la SEMANA DE PAULITO FG recuperando una actuaci\u00f3n de 1997 junto a La Charanga Habanera.&lt;br \/&gt;\n&lt;br \/&gt;\n\ud83c\udfb6 \u201cMI ESTRELLA\u201d&lt;br \/&gt;\n&lt;br \/&gt;\nUn documento de una \u00e9poca fundamental de la m\u00fasica popular bailable cubana.&lt;br \/&gt;\n&lt;br \/&gt;\n\ud83d\udcfa MI SALSA \u2014 1997&lt;br \/&gt;\n&lt;br \/&gt;\n\ud83c\udde8\ud83c\uddfa CUBAN MUSIC BY ENVIDIA&lt;br \/&gt;\nhttps:\/\/www.youtube.com\/@CubanMusicbyEnvidia&lt;br \/&gt;\n&lt;br \/&gt;\n\ud83d\udcfc CUBA LOST &amp; FOUND&lt;br \/&gt;\nhttps:\/\/www.youtube.com\/@cubalostandfound&lt;br \/&gt;\n&lt;br \/&gt;\n#PaulitoFG #MiEstrella #CharangaHabanera #TimbaCubana #MusicaCubana #CubanMusic #CubaLostAndFound #Envidia\" data-video-title=\"\ud83d\udd25 PAULITO FG Y LA CHARANGA HABANERA \u2014 \u201cMI ESTRELLA\u201d\">\r\n                <img decoding=\"async\" src=\"https:\/\/envidialujuriamusic.com\/wp-content\/plugins\/youtube-feed-pro\/img\/placeholder.png\" alt=\"Continuamos la SEMANA DE PAULITO FG recuperando una actuaci\u00f3n de 1997 junto a La Charanga Habanera.\n\n\ud83c\udfb6 \u201cMI ESTRELLA\u201d\n\nUn documento de una \u00e9poca fundamental de la m\u00fasica popular bailable cubana.\n\n\ud83d\udcfa MI SALSA \u2014 1997\n\n\ud83c\udde8\ud83c\uddfa CUBAN MUSIC BY ENVIDIA\nhttps:\/\/www.youtube.com\/@CubanMusicbyEnvidia\n\n\ud83d\udcfc CUBA LOST &amp; FOUND\nhttps:\/\/www.youtube.com\/@cubalostandfound\n\n#PaulitoFG #MiEstrella #CharangaHabanera #TimbaCubana #MusicaCubana #CubanMusic #CubaLostAndFound #Envidia\">\r\n\r\n                <div class=\"sby_thumbnail_hover sby_item_video_thumbnail_hover\">\r\n                    <div class=\"sby_thumbnail_hover_inner\">\r\n                        \r\n                        \r\n                                                <p class=\"sby_meta\" >\r\n\r\n                                                                                    <span class=\"sby_view_count\"><span class=\"sby_loader\" style=\"background-color: rgb(255, 255, 255);\"><\/span> views<\/span>\r\n                                                                                    <span class=\"sby_date sby_live_broadcast_type_none\">21 hours ago<\/span>\r\n                            \r\n                        <\/p>\r\n                        \r\n                                                    <p class=\"sby_caption\" >Continuamos la SEMANA DE PAULITO FG recuperando una actuaci\u00f3n de 1997 junto a La Charanga Habanera.<br>\n<br>\n\ud83c\udfb6 \u201cMI ESTRELLA\u201d<br>\n<br>\nUn documento de una \u00e9poca fundamental de la m\u00fasica popular bailable cubana.<br>\n<br>\n\ud83d\udcfa MI SALSA \u2014 1997<br>\n<br>\n\ud83c\udde8\ud83c\uddfa CUBAN MUSIC BY ENVIDIA<br>\nhttps:\/\/www.youtube.com\/@CubanMusicbyEnvidia<br>\n<br>\n\ud83d\udcfc CUBA LOST &amp; FOUND<br>\nhttps:\/\/www.youtube.com\/@cubalostandfound<br>\n<br>\n#PaulitoFG #MiEstrella #CharangaHabanera #TimbaCubana #MusicaCubana #CubanMusic #CubaLostAndFound #Envidia<\/p>\r\n                        \r\n                                                <p class=\"sby_stats\" >\r\n                            <span class=\"sby_likes\" >\r\n                            <svg  class=\"svg-inline--fa fa-heart fa-w-18\" aria-hidden=\"true\" data-fa-processed=\"\" data-prefix=\"fa\" data-icon=\"heart\" role=\"presentation\" xmlns=\"http:\/\/www.w3.org\/2000\/svg\" viewBox=\"0 0 576 512\"><path fill=\"currentColor\" d=\"M414.9 24C361.8 24 312 65.7 288 89.3 264 65.7 214.2 24 161.1 24 70.3 24 16 76.9 16 165.5c0 72.6 66.8 133.3 69.2 135.4l187 180.8c8.8 8.5 22.8 8.5 31.6 0l186.7-180.2c2.7-2.7 69.5-63.5 69.5-136C560 76.9 505.7 24 414.9 24z\"><\/path><\/svg>                                <span class=\"sby_like_count\"><span class=\"sby_loader\" style=\"background-color: rgb(255, 255, 255);\"><\/span><\/span>\r\n                            <\/span>\r\n                            <span class=\"sby_comments\" >\r\n                                <svg  class=\"svg-inline--fa fa-comment fa-w-18\" aria-hidden=\"true\" data-fa-processed=\"\" data-prefix=\"fa\" data-icon=\"comment\" role=\"presentation\" xmlns=\"http:\/\/www.w3.org\/2000\/svg\" viewBox=\"0 0 576 512\"><path fill=\"currentColor\" d=\"M576 240c0 115-129 208-288 208-48.3 0-93.9-8.6-133.9-23.8-40.3 31.2-89.8 50.3-142.4 55.7-5.2.6-10.2-2.8-11.5-7.7-1.3-5 2.7-8.1 6.6-11.8 19.3-18.4 42.7-32.8 51.9-94.6C21.9 330.9 0 287.3 0 240 0 125.1 129 32 288 32s288 93.1 288 208z\"><\/path><\/svg>                                <span class=\"sby_comment_count\"><span class=\"sby_loader\" style=\"background-color: rgb(255, 255, 255);\"><\/span><\/span>\r\n                            <\/span>\r\n                        <\/p>\r\n                        \r\n                    <\/div>\r\n                <\/div>\r\n\r\n                <span class=\"sby-screenreader\">V\u00eddeo de YouTube VVU3aXFhYWtSWHRyeUZnbTlWOEdfck1nLm9kTHBsRDZTeU5z<\/span>\r\n                                    <div class=\"sby_play_btn\">\r\n                        <span class=\"sby_play_btn_bg\"><\/span>\r\n                    <svg aria-hidden=\"true\" focusable=\"false\" data-prefix=\"fab\" data-icon=\"youtube\" role=\"img\" xmlns=\"http:\/\/www.w3.org\/2000\/svg\" viewBox=\"0 0 576 512\" class=\"svg-inline--fa fa-youtube fa-w-18\"><path fill=\"currentColor\" d=\"M549.655 124.083c-6.281-23.65-24.787-42.276-48.284-48.597C458.781 64 288 64 288 64S117.22 64 74.629 75.486c-23.497 6.322-42.003 24.947-48.284 48.597-11.412 42.867-11.412 132.305-11.412 132.305s0 89.438 11.412 132.305c6.281 23.65 24.787 41.5 48.284 47.821C117.22 448 288 448 288 448s170.78 0 213.371-11.486c23.497-6.321 42.003-24.171 48.284-47.821 11.412-42.867 11.412-132.305 11.412-132.305s0-89.438-11.412-132.305zm-317.51 213.508V175.185l142.739 81.205-142.739 81.201z\" class=\"\"><\/path><\/svg>                    <\/div>\r\n                                <span class=\"sby_loader sby_hidden\" style=\"background-color: rgb(255, 255, 255);\"><\/span>\r\n            <\/a>\r\n\r\n            \r\n        <\/div>\r\n\r\n        <div class=\"sby_info sby_info_item\">\r\n\r\n\t\t\t<p class=\"sby_video_title_wrap\">\r\n\t\t\t<span class=\"sby_video_title\">\ud83d\udd25 PAULITO FG Y LA CHARANGA HABANERA \u2014 \u201cMI ESTRELLA\u201d<\/span>\r\n\t\t<\/p>\r\n\t\r\n\t\r\n\t\r\n\t\r\n<\/div>\r\n            <\/div>\r\n<\/div><div class=\"sby_item  sby_new sby_transition sby_no_margin\" id=\"sby_VVU3aXFhYWtSWHRyeUZnbTlWOEdfck1nLmhQMmJyWmU5NFR3\" data-date=\"1788451230\" data-video-id=\"hP2brZe94Tw\" data-video-title=\"PAULITO FG Y LA CHARANGA HABANERA \u2013 \u201cMI ESTRELLA\u201d \ud83d\udd25 | 1997 | TIMBA CUBANA\" data-live-date=\"0\">\r\n    <div class=\"sby_inner_item\">\r\n        <div class=\"sby_video_thumbnail_wrap sby_item_video_thumbnail_wrap\">\r\n            <a class=\"sby_video_thumbnail sby_item_video_thumbnail\" href=\"https:\/\/www.youtube.com\/watch?v=hP2brZe94Tw\" target=\"_blank\" rel=\"noopener\" data-full-res=\"https:\/\/i.ytimg.com\/vi\/hP2brZe94Tw\/maxresdefault.jpg\" data-img-src-set=\"{&quot;120&quot;:&quot;https:\\\/\\\/i.ytimg.com\\\/vi\\\/hP2brZe94Tw\\\/default.jpg&quot;,&quot;320&quot;:&quot;https:\\\/\\\/i.ytimg.com\\\/vi\\\/hP2brZe94Tw\\\/mqdefault.jpg&quot;,&quot;480&quot;:&quot;https:\\\/\\\/i.ytimg.com\\\/vi\\\/hP2brZe94Tw\\\/hqdefault.jpg&quot;,&quot;640&quot;:&quot;https:\\\/\\\/i.ytimg.com\\\/vi\\\/hP2brZe94Tw\\\/sddefault.jpg&quot;}\" data-video-id=\"hP2brZe94Tw\"  data-user=\"Cuban Music by Envidia\" data-url=\"https:\/\/www.youtube.com\/watch?v=hP2brZe94Tw\" data-avatar=\"https:\/\/yt3.ggpht.com\/ytc\/AIdro_kZd0kAhwcZ-1wwJcqIR5ko26tZW1b8I77FLo7srX7VcQ=s88-c-k-c0x00ffffff-no-rj\" data-title=\"\ud83d\udd25 ARTISTA DE LA SEMANA: PAULITO FG&lt;br \/&gt;\n&lt;br \/&gt;\nContinuamos nuestra semana dedicada a Paulito FG con un documento especialmente interesante de la m\u00fasica popular bailable cubana de los a\u00f1os 90.&lt;br \/&gt;\n&lt;br \/&gt;\nEn esta ocasi\u00f3n recuperamos a Paulito FG junto a La Charanga Habanera interpretando \u201cMi Estrella\u201d, en una actuaci\u00f3n correspondiente a 1997 en el programa de televisi\u00f3n Mi Salsa.&lt;br \/&gt;\n&lt;br \/&gt;\n\ud83c\udfb6 \u201cMI ESTRELLA\u201d&lt;br \/&gt;\n&lt;br \/&gt;\nUn encuentro que nos devuelve a uno de los momentos de mayor efervescencia de la m\u00fasica popular bailable cubana, cuando las nuevas generaciones de m\u00fasicos y cantantes estaban transformando la escena y llevando la timba y sus diferentes lenguajes a nuevos p\u00fablicos.&lt;br \/&gt;\n&lt;br \/&gt;\n\u201cMi Estrella\u201d forma parte del repertorio de La Charanga Habanera y aparece vinculada a la autor\u00eda de Giraldo Piloto.&lt;br \/&gt;\n&lt;br \/&gt;\nUn documento para recordar una \u00e9poca, sus protagonistas y una manera de hacer m\u00fasica que marc\u00f3 profundamente la Cuba musical de los a\u00f1os 90.&lt;br \/&gt;\n&lt;br \/&gt;\n\ud83d\udcfa PAULITO FG Y LA CHARANGA HABANERA \u2013 \u201cMI ESTRELLA\u201d&lt;br \/&gt;\n&lt;br \/&gt;\n\ud83c\udde8\ud83c\uddfa CUBAN MUSIC BY ENVIDIA&lt;br \/&gt;\n&lt;br \/&gt;\nM\u00fasica cubana, artistas, actuaciones y documentos audiovisuales recuperados para conservar y compartir nuestra memoria musical.&lt;br \/&gt;\n&lt;br \/&gt;\nCANAL:&lt;br \/&gt;\nhttps:\/\/www.youtube.com\/@CubanMusicbyEnvidia&lt;br \/&gt;\n&lt;br \/&gt;\n\ud83d\udcfc CUBA LOST &amp; FOUND&lt;br \/&gt;\n&lt;br \/&gt;\nNuestro espacio dedicado al rescate de im\u00e1genes, actuaciones y documentos de la m\u00fasica y la cultura cubana.&lt;br \/&gt;\n&lt;br \/&gt;\nCANAL:&lt;br \/&gt;\nhttps:\/\/www.youtube.com\/@cubalostandfound&lt;br \/&gt;\n&lt;br \/&gt;\n\ud83d\udd25 PAULITO FG \u2014 ARTISTA DE LA SEMANA&lt;br \/&gt;\n&lt;br \/&gt;\nSeguimos recuperando actuaciones, canciones y momentos que forman parte de la historia de la m\u00fasica popular cubana.&lt;br \/&gt;\n&lt;br \/&gt;\nSuscr\u00edbete, comparte y ay\u00fadanos a seguir recuperando la memoria audiovisual de Cuba.&lt;br \/&gt;\n&lt;br \/&gt;\n#PaulitoFG #MiEstrella #CharangaHabanera #TimbaCubana #MusicaCubana #MusicaPopularCubana #CubanMusic #CubaLostAndFound #Envidia #Cuba #MiSalsa\" data-video-title=\"PAULITO FG Y LA CHARANGA HABANERA \u2013 \u201cMI ESTRELLA\u201d \ud83d\udd25 | 1997 | TIMBA CUBANA\">\r\n                <img decoding=\"async\" src=\"https:\/\/envidialujuriamusic.com\/wp-content\/plugins\/youtube-feed-pro\/img\/placeholder.png\" alt=\"\ud83d\udd25 ARTISTA DE LA SEMANA: PAULITO FG\n\nContinuamos nuestra semana dedicada a Paulito FG con un documento especialmente interesante de la m\u00fasica popular bailable cubana de los a\u00f1os 90.\n\nEn esta ocasi\u00f3n recuperamos a Paulito FG junto a La Charanga Habanera interpretando \u201cMi Estrella\u201d, en una actuaci\u00f3n correspondiente a 1997 en el programa de televisi\u00f3n Mi Salsa.\n\n\ud83c\udfb6 \u201cMI ESTRELLA\u201d\n\nUn encuentro que nos devuelve a uno de los momentos de mayor efervescencia de la m\u00fasica popular bailable cubana, cuando las nuevas generaciones de m\u00fasicos y cantantes estaban transformando la escena y llevando la timba y sus diferentes lenguajes a nuevos p\u00fablicos.\n\n\u201cMi Estrella\u201d forma parte del repertorio de La Charanga Habanera y aparece vinculada a la autor\u00eda de Giraldo Piloto.\n\nUn documento para recordar una \u00e9poca, sus protagonistas y una manera de hacer m\u00fasica que marc\u00f3 profundamente la Cuba musical de los a\u00f1os 90.\n\n\ud83d\udcfa PAULITO FG Y LA CHARANGA HABANERA \u2013 \u201cMI ESTRELLA\u201d\n\n\ud83c\udde8\ud83c\uddfa CUBAN MUSIC BY ENVIDIA\n\nM\u00fasica cubana, artistas, actuaciones y documentos audiovisuales recuperados para conservar y compartir nuestra memoria musical.\n\nCANAL:\nhttps:\/\/www.youtube.com\/@CubanMusicbyEnvidia\n\n\ud83d\udcfc CUBA LOST &amp; FOUND\n\nNuestro espacio dedicado al rescate de im\u00e1genes, actuaciones y documentos de la m\u00fasica y la cultura cubana.\n\nCANAL:\nhttps:\/\/www.youtube.com\/@cubalostandfound\n\n\ud83d\udd25 PAULITO FG \u2014 ARTISTA DE LA SEMANA\n\nSeguimos recuperando actuaciones, canciones y momentos que forman parte de la historia de la m\u00fasica popular cubana.\n\nSuscr\u00edbete, comparte y ay\u00fadanos a seguir recuperando la memoria audiovisual de Cuba.\n\n#PaulitoFG #MiEstrella #CharangaHabanera #TimbaCubana #MusicaCubana #MusicaPopularCubana #CubanMusic #CubaLostAndFound #Envidia #Cuba #MiSalsa\">\r\n\r\n                <div class=\"sby_thumbnail_hover sby_item_video_thumbnail_hover\">\r\n                    <div class=\"sby_thumbnail_hover_inner\">\r\n                        \r\n                        \r\n                                                <p class=\"sby_meta\" >\r\n\r\n                                                                                    <span class=\"sby_view_count\">28 views<\/span>\r\n                                                                                    <span class=\"sby_date sby_live_broadcast_type_none\">3 septiembre, 2026 4:00 pm<\/span>\r\n                            \r\n                        <\/p>\r\n                        \r\n                                                    <p class=\"sby_caption\" >\ud83d\udd25 ARTISTA DE LA SEMANA: PAULITO FG<br>\n<br>\nContinuamos nuestra semana dedicada a Paulito FG con un documento especialmente interesante de la m\u00fasica popular bailable cubana de los a\u00f1os 90.<br>\n<br>\nEn esta ocasi\u00f3n recuperamos a Paulito FG junto a La Charanga Habanera interpretando \u201cMi Estrella\u201d, en una actuaci\u00f3n correspondiente a 1997 en el programa de televisi\u00f3n Mi Salsa.<br>\n<br>\n\ud83c\udfb6 \u201cMI ESTRELLA\u201d<br>\n<br>\nUn encuentro que nos devuelve a uno de los momentos de mayor efervescencia de la m\u00fasica popular bailable cubana, cuando las nuevas generaciones de m\u00fasicos y cantantes estaban transformando la escena y llevando la timba y sus diferentes lenguajes a nuevos p\u00fablicos.<br>\n<br>\n\u201cMi Estrella\u201d forma parte del repertorio de La Charanga Habanera y aparece vinculada a la autor\u00eda de Giraldo Piloto.<br>\n<br>\nUn documento para recordar una \u00e9poca, sus protagonistas y una manera de hacer m\u00fasica que marc\u00f3 profundamente la Cuba musical de los a\u00f1os 90.<br>\n<br>\n\ud83d\udcfa PAULITO FG Y LA CHARANGA HABANERA \u2013 \u201cMI ESTRELLA\u201d<br>\n<br>\n\ud83c\udde8\ud83c\uddfa CUBAN MUSIC BY ENVIDIA<br>\n<br>\nM\u00fasica cubana, artistas, actuaciones y documentos audiovisuales recuperados para conservar y compartir nuestra memoria musical.<br>\n<br>\nCANAL:<br>\nhttps:\/\/www.youtube.com\/@CubanMusicbyEnvidia<br>\n<br>\n\ud83d\udcfc CUBA LOST &amp; FOUND<br>\n<br>\nNuestro espacio dedicado al rescate de im\u00e1genes, actuaciones y documentos de la m\u00fasica y la cultura cubana.<br>\n<br>\nCANAL:<br>\nhttps:\/\/www.youtube.com\/@cubalostandfound<br>\n<br>\n\ud83d\udd25 PAULITO FG \u2014 ARTISTA DE LA SEMANA<br>\n<br>\nSeguimos recuperando actuaciones, canciones y momentos que forman parte de la historia de la m\u00fasica popular cubana.<br>\n<br>\nSuscr\u00edbete, comparte y ay\u00fadanos a seguir recuperando la memoria audiovisual de Cuba.<br>\n<br>\n#PaulitoFG #MiEstrella #CharangaHabanera #TimbaCubana #MusicaCubana #MusicaPopularCubana #CubanMusic #CubaLostAndFound #Envidia #Cuba #MiSalsa<\/p>\r\n                        \r\n                                                <p class=\"sby_stats\" >\r\n                            <span class=\"sby_likes\" >\r\n                            <svg  class=\"svg-inline--fa fa-heart fa-w-18\" aria-hidden=\"true\" data-fa-processed=\"\" data-prefix=\"fa\" data-icon=\"heart\" role=\"presentation\" xmlns=\"http:\/\/www.w3.org\/2000\/svg\" viewBox=\"0 0 576 512\"><path fill=\"currentColor\" d=\"M414.9 24C361.8 24 312 65.7 288 89.3 264 65.7 214.2 24 161.1 24 70.3 24 16 76.9 16 165.5c0 72.6 66.8 133.3 69.2 135.4l187 180.8c8.8 8.5 22.8 8.5 31.6 0l186.7-180.2c2.7-2.7 69.5-63.5 69.5-136C560 76.9 505.7 24 414.9 24z\"><\/path><\/svg>                                <span class=\"sby_like_count\">7<\/span>\r\n                            <\/span>\r\n                            <span class=\"sby_comments\" >\r\n                                <svg  class=\"svg-inline--fa fa-comment fa-w-18\" aria-hidden=\"true\" data-fa-processed=\"\" data-prefix=\"fa\" data-icon=\"comment\" role=\"presentation\" xmlns=\"http:\/\/www.w3.org\/2000\/svg\" viewBox=\"0 0 576 512\"><path fill=\"currentColor\" d=\"M576 240c0 115-129 208-288 208-48.3 0-93.9-8.6-133.9-23.8-40.3 31.2-89.8 50.3-142.4 55.7-5.2.6-10.2-2.8-11.5-7.7-1.3-5 2.7-8.1 6.6-11.8 19.3-18.4 42.7-32.8 51.9-94.6C21.9 330.9 0 287.3 0 240 0 125.1 129 32 288 32s288 93.1 288 208z\"><\/path><\/svg>                                <span class=\"sby_comment_count\">0<\/span>\r\n                            <\/span>\r\n                        <\/p>\r\n                        \r\n                    <\/div>\r\n                <\/div>\r\n\r\n                <span class=\"sby-screenreader\">V\u00eddeo de YouTube VVU3aXFhYWtSWHRyeUZnbTlWOEdfck1nLmhQMmJyWmU5NFR3<\/span>\r\n                                    <div class=\"sby_play_btn\">\r\n                        <span class=\"sby_play_btn_bg\"><\/span>\r\n                    <svg aria-hidden=\"true\" focusable=\"false\" data-prefix=\"fab\" data-icon=\"youtube\" role=\"img\" xmlns=\"http:\/\/www.w3.org\/2000\/svg\" viewBox=\"0 0 576 512\" class=\"svg-inline--fa fa-youtube fa-w-18\"><path fill=\"currentColor\" d=\"M549.655 124.083c-6.281-23.65-24.787-42.276-48.284-48.597C458.781 64 288 64 288 64S117.22 64 74.629 75.486c-23.497 6.322-42.003 24.947-48.284 48.597-11.412 42.867-11.412 132.305-11.412 132.305s0 89.438 11.412 132.305c6.281 23.65 24.787 41.5 48.284 47.821C117.22 448 288 448 288 448s170.78 0 213.371-11.486c23.497-6.321 42.003-24.171 48.284-47.821 11.412-42.867 11.412-132.305 11.412-132.305s0-89.438-11.412-132.305zm-317.51 213.508V175.185l142.739 81.205-142.739 81.201z\" class=\"\"><\/path><\/svg>                    <\/div>\r\n                                <span class=\"sby_loader sby_hidden\" style=\"background-color: rgb(255, 255, 255);\"><\/span>\r\n            <\/a>\r\n\r\n            \r\n        <\/div>\r\n\r\n        <div class=\"sby_info sby_info_item\">\r\n\r\n\t\t\t<p class=\"sby_video_title_wrap\">\r\n\t\t\t<span class=\"sby_video_title\">PAULITO FG Y LA CHARANGA HABANERA \u2013 \u201cMI ESTRELLA\u201d \ud83d\udd25 | 1997 | TIMBA CUBANA<\/span>\r\n\t\t<\/p>\r\n\t\r\n\t\r\n\t\r\n\t\r\n<\/div>\r\n            <\/div>\r\n<\/div><div class=\"sby_item  sby_new sby_transition sby_no_margin\" id=\"sby_VVU3aXFhYWtSWHRyeUZnbTlWOEdfck1nLmowUEpkZ2FGM2pr\" data-date=\"1788358500\" data-video-id=\"j0PJdgaF3jk\" data-video-title=\"PAULITO FG \u2013 \u201cYO NO PUEDO ESTAR CON OTRA\u201d \ud83d\udd25 | TIMBA CUBANA | CUBAN MUSIC BY ENVIDIA\" data-live-date=\"0\">\r\n    <div class=\"sby_inner_item\">\r\n        <div class=\"sby_video_thumbnail_wrap sby_item_video_thumbnail_wrap\">\r\n            <a class=\"sby_video_thumbnail sby_item_video_thumbnail\" href=\"https:\/\/www.youtube.com\/watch?v=j0PJdgaF3jk\" target=\"_blank\" rel=\"noopener\" data-full-res=\"https:\/\/i.ytimg.com\/vi\/j0PJdgaF3jk\/maxresdefault.jpg\" data-img-src-set=\"{&quot;120&quot;:&quot;https:\\\/\\\/i.ytimg.com\\\/vi\\\/j0PJdgaF3jk\\\/default.jpg&quot;,&quot;320&quot;:&quot;https:\\\/\\\/i.ytimg.com\\\/vi\\\/j0PJdgaF3jk\\\/mqdefault.jpg&quot;,&quot;480&quot;:&quot;https:\\\/\\\/i.ytimg.com\\\/vi\\\/j0PJdgaF3jk\\\/hqdefault.jpg&quot;,&quot;640&quot;:&quot;https:\\\/\\\/i.ytimg.com\\\/vi\\\/j0PJdgaF3jk\\\/sddefault.jpg&quot;}\" data-video-id=\"j0PJdgaF3jk\"  data-user=\"Cuban Music by Envidia\" data-url=\"https:\/\/www.youtube.com\/watch?v=j0PJdgaF3jk\" data-avatar=\"https:\/\/yt3.ggpht.com\/ytc\/AIdro_kZd0kAhwcZ-1wwJcqIR5ko26tZW1b8I77FLo7srX7VcQ=s88-c-k-c0x00ffffff-no-rj\" data-title=\"\ud83d\udd25 ARTISTA DE LA SEMANA: PAULITO FG&lt;br \/&gt;\n&lt;br \/&gt;\nEsta semana, CUBAN MUSIC BY ENVIDIA dedica su espacio a Paulito FG, una de las figuras fundamentales de la m\u00fasica popular bailable cubana y uno de los artistas que dejaron una huella decisiva en la evoluci\u00f3n de la timba.&lt;br \/&gt;\n&lt;br \/&gt;\nCon una personalidad esc\u00e9nica inconfundible, una poderosa presencia interpretativa y una manera muy particular de combinar canci\u00f3n, sonoridad bailable y lenguaje popular, Paulito FG se convirti\u00f3 en uno de los nombres imprescindibles de la m\u00fasica cubana contempor\u00e1nea.&lt;br \/&gt;\n&lt;br \/&gt;\n\ud83c\udfb6 En esta ocasi\u00f3n recuperamos \u201cYo No Puedo Estar Con Otra\u201d, un tema que representa ese universo musical de Paulito FG: sentimiento, fuerza, ritmo y una interpretaci\u00f3n cargada de personalidad.&lt;br \/&gt;\n&lt;br \/&gt;\nUna nueva pieza de nuestra memoria audiovisual cubana para volver a escuchar, descubrir y poner en valor a los artistas y canciones que forman parte de nuestra historia musical.&lt;br \/&gt;\n&lt;br \/&gt;\n\ud83d\udcfa PAULITO FG \u2013 \u201cYO NO PUEDO ESTAR CON OTRA\u201d&lt;br \/&gt;\n&lt;br \/&gt;\n\u25b6\ufe0f V\u00cdDEO COMPLETO:&lt;br \/&gt;\nhttps:\/\/youtu.be\/S_odO25fSNQ&lt;br \/&gt;\n&lt;br \/&gt;\n\ud83c\udde8\ud83c\uddfa CUBAN MUSIC BY ENVIDIA&lt;br \/&gt;\n&lt;br \/&gt;\nM\u00fasica cubana, artistas, actuaciones y documentos audiovisuales recuperados para volver a disfrutar de nuestra historia musical.&lt;br \/&gt;\n&lt;br \/&gt;\nCANAL:&lt;br \/&gt;\nhttps:\/\/www.youtube.com\/@CubanMusicbyEnvidia&lt;br \/&gt;\n&lt;br \/&gt;\n\ud83d\udcfc CUBA LOST &amp; FOUND&lt;br \/&gt;\n&lt;br \/&gt;\nNuestro espacio dedicado al rescate de im\u00e1genes, actuaciones y documentos perdidos o poco conocidos de la m\u00fasica y la cultura cubana.&lt;br \/&gt;\n&lt;br \/&gt;\nCANAL:&lt;br \/&gt;\nhttps:\/\/www.youtube.com\/@cubalostandfound&lt;br \/&gt;\n&lt;br \/&gt;\n\ud83d\udd25 ARTISTA DE LA SEMANA: PAULITO FG&lt;br \/&gt;\n&lt;br \/&gt;\nSi conociste esta etapa de la m\u00fasica cubana, vuelve a disfrutarla.&lt;br \/&gt;\nSi la descubres ahora, bienvenido al archivo.&lt;br \/&gt;\n&lt;br \/&gt;\nSuscr\u00edbete, comparte y ay\u00fadanos a seguir recuperando la memoria audiovisual de la m\u00fasica cubana.&lt;br \/&gt;\n&lt;br \/&gt;\n#PaulitoFG #YoNoPuedoEstarConOtra #TimbaCubana #Timba #MusicaCubana #MusicaPopularCubana #CubanMusic #CubaLostAndFound #Envidia #Cuba #MusicaBailable\" data-video-title=\"PAULITO FG \u2013 \u201cYO NO PUEDO ESTAR CON OTRA\u201d \ud83d\udd25 | TIMBA CUBANA | CUBAN MUSIC BY ENVIDIA\">\r\n                <img decoding=\"async\" src=\"https:\/\/envidialujuriamusic.com\/wp-content\/plugins\/youtube-feed-pro\/img\/placeholder.png\" alt=\"\ud83d\udd25 ARTISTA DE LA SEMANA: PAULITO FG\n\nEsta semana, CUBAN MUSIC BY ENVIDIA dedica su espacio a Paulito FG, una de las figuras fundamentales de la m\u00fasica popular bailable cubana y uno de los artistas que dejaron una huella decisiva en la evoluci\u00f3n de la timba.\n\nCon una personalidad esc\u00e9nica inconfundible, una poderosa presencia interpretativa y una manera muy particular de combinar canci\u00f3n, sonoridad bailable y lenguaje popular, Paulito FG se convirti\u00f3 en uno de los nombres imprescindibles de la m\u00fasica cubana contempor\u00e1nea.\n\n\ud83c\udfb6 En esta ocasi\u00f3n recuperamos \u201cYo No Puedo Estar Con Otra\u201d, un tema que representa ese universo musical de Paulito FG: sentimiento, fuerza, ritmo y una interpretaci\u00f3n cargada de personalidad.\n\nUna nueva pieza de nuestra memoria audiovisual cubana para volver a escuchar, descubrir y poner en valor a los artistas y canciones que forman parte de nuestra historia musical.\n\n\ud83d\udcfa PAULITO FG \u2013 \u201cYO NO PUEDO ESTAR CON OTRA\u201d\n\n\u25b6\ufe0f V\u00cdDEO COMPLETO:\nhttps:\/\/youtu.be\/S_odO25fSNQ\n\n\ud83c\udde8\ud83c\uddfa CUBAN MUSIC BY ENVIDIA\n\nM\u00fasica cubana, artistas, actuaciones y documentos audiovisuales recuperados para volver a disfrutar de nuestra historia musical.\n\nCANAL:\nhttps:\/\/www.youtube.com\/@CubanMusicbyEnvidia\n\n\ud83d\udcfc CUBA LOST &amp; FOUND\n\nNuestro espacio dedicado al rescate de im\u00e1genes, actuaciones y documentos perdidos o poco conocidos de la m\u00fasica y la cultura cubana.\n\nCANAL:\nhttps:\/\/www.youtube.com\/@cubalostandfound\n\n\ud83d\udd25 ARTISTA DE LA SEMANA: PAULITO FG\n\nSi conociste esta etapa de la m\u00fasica cubana, vuelve a disfrutarla.\nSi la descubres ahora, bienvenido al archivo.\n\nSuscr\u00edbete, comparte y ay\u00fadanos a seguir recuperando la memoria audiovisual de la m\u00fasica cubana.\n\n#PaulitoFG #YoNoPuedoEstarConOtra #TimbaCubana #Timba #MusicaCubana #MusicaPopularCubana #CubanMusic #CubaLostAndFound #Envidia #Cuba #MusicaBailable\">\r\n\r\n                <div class=\"sby_thumbnail_hover sby_item_video_thumbnail_hover\">\r\n                    <div class=\"sby_thumbnail_hover_inner\">\r\n                        \r\n                        \r\n                                                <p class=\"sby_meta\" >\r\n\r\n                                                                                    <span class=\"sby_view_count\">406 views<\/span>\r\n                                                                                    <span class=\"sby_date sby_live_broadcast_type_none\">2 septiembre, 2026 2:15 pm<\/span>\r\n                            \r\n                        <\/p>\r\n                        \r\n                                                    <p class=\"sby_caption\" >\ud83d\udd25 ARTISTA DE LA SEMANA: PAULITO FG<br>\n<br>\nEsta semana, CUBAN MUSIC BY ENVIDIA dedica su espacio a Paulito FG, una de las figuras fundamentales de la m\u00fasica popular bailable cubana y uno de los artistas que dejaron una huella decisiva en la evoluci\u00f3n de la timba.<br>\n<br>\nCon una personalidad esc\u00e9nica inconfundible, una poderosa presencia interpretativa y una manera muy particular de combinar canci\u00f3n, sonoridad bailable y lenguaje popular, Paulito FG se convirti\u00f3 en uno de los nombres imprescindibles de la m\u00fasica cubana contempor\u00e1nea.<br>\n<br>\n\ud83c\udfb6 En esta ocasi\u00f3n recuperamos \u201cYo No Puedo Estar Con Otra\u201d, un tema que representa ese universo musical de Paulito FG: sentimiento, fuerza, ritmo y una interpretaci\u00f3n cargada de personalidad.<br>\n<br>\nUna nueva pieza de nuestra memoria audiovisual cubana para volver a escuchar, descubrir y poner en valor a los artistas y canciones que forman parte de nuestra historia musical.<br>\n<br>\n\ud83d\udcfa PAULITO FG \u2013 \u201cYO NO PUEDO ESTAR CON OTRA\u201d<br>\n<br>\n\u25b6\ufe0f V\u00cdDEO COMPLETO:<br>\nhttps:\/\/youtu.be\/S_odO25fSNQ<br>\n<br>\n\ud83c\udde8\ud83c\uddfa CUBAN MUSIC BY ENVIDIA<br>\n<br>\nM\u00fasica cubana, artistas, actuaciones y documentos audiovisuales recuperados para volver a disfrutar de nuestra historia musical.<br>\n<br>\nCANAL:<br>\nhttps:\/\/www.youtube.com\/@CubanMusicbyEnvidia<br>\n<br>\n\ud83d\udcfc CUBA LOST &amp; FOUND<br>\n<br>\nNuestro espacio dedicado al rescate de im\u00e1genes, actuaciones y documentos perdidos o poco conocidos de la m\u00fasica y la cultura cubana.<br>\n<br>\nCANAL:<br>\nhttps:\/\/www.youtube.com\/@cubalostandfound<br>\n<br>\n\ud83d\udd25 ARTISTA DE LA SEMANA: PAULITO FG<br>\n<br>\nSi conociste esta etapa de la m\u00fasica cubana, vuelve a disfrutarla.<br>\nSi la descubres ahora, bienvenido al archivo.<br>\n<br>\nSuscr\u00edbete, comparte y ay\u00fadanos a seguir recuperando la memoria audiovisual de la m\u00fasica cubana.<br>\n<br>\n#PaulitoFG #YoNoPuedoEstarConOtra #TimbaCubana #Timba #MusicaCubana #MusicaPopularCubana #CubanMusic #CubaLostAndFound #Envidia #Cuba #MusicaBailable<\/p>\r\n                        \r\n                                                <p class=\"sby_stats\" >\r\n                            <span class=\"sby_likes\" >\r\n                            <svg  class=\"svg-inline--fa fa-heart fa-w-18\" aria-hidden=\"true\" data-fa-processed=\"\" data-prefix=\"fa\" data-icon=\"heart\" role=\"presentation\" xmlns=\"http:\/\/www.w3.org\/2000\/svg\" viewBox=\"0 0 576 512\"><path fill=\"currentColor\" d=\"M414.9 24C361.8 24 312 65.7 288 89.3 264 65.7 214.2 24 161.1 24 70.3 24 16 76.9 16 165.5c0 72.6 66.8 133.3 69.2 135.4l187 180.8c8.8 8.5 22.8 8.5 31.6 0l186.7-180.2c2.7-2.7 69.5-63.5 69.5-136C560 76.9 505.7 24 414.9 24z\"><\/path><\/svg>                                <span class=\"sby_like_count\">8<\/span>\r\n                            <\/span>\r\n                            <span class=\"sby_comments\" >\r\n                                <svg  class=\"svg-inline--fa fa-comment fa-w-18\" aria-hidden=\"true\" data-fa-processed=\"\" data-prefix=\"fa\" data-icon=\"comment\" role=\"presentation\" xmlns=\"http:\/\/www.w3.org\/2000\/svg\" viewBox=\"0 0 576 512\"><path fill=\"currentColor\" d=\"M576 240c0 115-129 208-288 208-48.3 0-93.9-8.6-133.9-23.8-40.3 31.2-89.8 50.3-142.4 55.7-5.2.6-10.2-2.8-11.5-7.7-1.3-5 2.7-8.1 6.6-11.8 19.3-18.4 42.7-32.8 51.9-94.6C21.9 330.9 0 287.3 0 240 0 125.1 129 32 288 32s288 93.1 288 208z\"><\/path><\/svg>                                <span class=\"sby_comment_count\">0<\/span>\r\n                            <\/span>\r\n                        <\/p>\r\n                        \r\n                    <\/div>\r\n                <\/div>\r\n\r\n                <span class=\"sby-screenreader\">V\u00eddeo de YouTube VVU3aXFhYWtSWHRyeUZnbTlWOEdfck1nLmowUEpkZ2FGM2pr<\/span>\r\n                                    <div class=\"sby_play_btn\">\r\n                        <span class=\"sby_play_btn_bg\"><\/span>\r\n                    <svg aria-hidden=\"true\" focusable=\"false\" data-prefix=\"fab\" data-icon=\"youtube\" role=\"img\" xmlns=\"http:\/\/www.w3.org\/2000\/svg\" viewBox=\"0 0 576 512\" class=\"svg-inline--fa fa-youtube fa-w-18\"><path fill=\"currentColor\" d=\"M549.655 124.083c-6.281-23.65-24.787-42.276-48.284-48.597C458.781 64 288 64 288 64S117.22 64 74.629 75.486c-23.497 6.322-42.003 24.947-48.284 48.597-11.412 42.867-11.412 132.305-11.412 132.305s0 89.438 11.412 132.305c6.281 23.65 24.787 41.5 48.284 47.821C117.22 448 288 448 288 448s170.78 0 213.371-11.486c23.497-6.321 42.003-24.171 48.284-47.821 11.412-42.867 11.412-132.305 11.412-132.305s0-89.438-11.412-132.305zm-317.51 213.508V175.185l142.739 81.205-142.739 81.201z\" class=\"\"><\/path><\/svg>                    <\/div>\r\n                                <span class=\"sby_loader sby_hidden\" style=\"background-color: rgb(255, 255, 255);\"><\/span>\r\n            <\/a>\r\n\r\n            \r\n        <\/div>\r\n\r\n        <div class=\"sby_info sby_info_item\">\r\n\r\n\t\t\t<p class=\"sby_video_title_wrap\">\r\n\t\t\t<span class=\"sby_video_title\">PAULITO FG \u2013 \u201cYO NO PUEDO ESTAR CON OTRA\u201d \ud83d\udd25 | TIMBA CUBANA | CUBAN MUSIC BY ENVIDIA<\/span>\r\n\t\t<\/p>\r\n\t\r\n\t\r\n\t\r\n\t\r\n<\/div>\r\n            <\/div>\r\n<\/div><div class=\"sby_item  sby_new sby_transition sby_no_margin\" id=\"sby_VVU3aXFhYWtSWHRyeUZnbTlWOEdfck1nLlNfb2RPMjVmU05R\" data-date=\"1788274576\" data-video-id=\"S_odO25fSNQ\" data-video-title=\"PAULITO FG \u2013 \u201cYO NO PUEDO ESTAR CON OTRA\u201d \ud83d\udd25 | TIMBA CUBANA | CUBAN MUSIC BY ENVIDIA\" data-live-date=\"0\">\r\n    <div class=\"sby_inner_item\">\r\n        <div class=\"sby_video_thumbnail_wrap sby_item_video_thumbnail_wrap\">\r\n            <a class=\"sby_video_thumbnail sby_item_video_thumbnail\" href=\"https:\/\/www.youtube.com\/watch?v=S_odO25fSNQ\" target=\"_blank\" rel=\"noopener\" data-full-res=\"https:\/\/i.ytimg.com\/vi\/S_odO25fSNQ\/maxresdefault.jpg\" data-img-src-set=\"{&quot;120&quot;:&quot;https:\\\/\\\/i.ytimg.com\\\/vi\\\/S_odO25fSNQ\\\/default.jpg&quot;,&quot;320&quot;:&quot;https:\\\/\\\/i.ytimg.com\\\/vi\\\/S_odO25fSNQ\\\/mqdefault.jpg&quot;,&quot;480&quot;:&quot;https:\\\/\\\/i.ytimg.com\\\/vi\\\/S_odO25fSNQ\\\/hqdefault.jpg&quot;,&quot;640&quot;:&quot;https:\\\/\\\/i.ytimg.com\\\/vi\\\/S_odO25fSNQ\\\/sddefault.jpg&quot;}\" data-video-id=\"S_odO25fSNQ\"  data-user=\"Cuban Music by Envidia\" data-url=\"https:\/\/www.youtube.com\/watch?v=S_odO25fSNQ\" data-avatar=\"https:\/\/yt3.ggpht.com\/ytc\/AIdro_kZd0kAhwcZ-1wwJcqIR5ko26tZW1b8I77FLo7srX7VcQ=s88-c-k-c0x00ffffff-no-rj\" data-title=\"\ud83d\udd25 ARTISTA DE LA SEMANA: PAULITO FG&lt;br \/&gt;\n&lt;br \/&gt;\nEsta semana, CUBAN MUSIC BY ENVIDIA dedica su espacio a Paulito FG, una de las figuras fundamentales de la m\u00fasica popular bailable cubana y uno de los artistas que dejaron una huella decisiva en la evoluci\u00f3n de la timba.&lt;br \/&gt;\n&lt;br \/&gt;\nCon una personalidad esc\u00e9nica inconfundible, una poderosa presencia interpretativa y una manera muy particular de combinar canci\u00f3n, sonoridad bailable y lenguaje popular, Paulito FG se convirti\u00f3 en uno de los nombres imprescindibles de la m\u00fasica cubana contempor\u00e1nea.&lt;br \/&gt;\n&lt;br \/&gt;\n\ud83c\udfb6 En esta ocasi\u00f3n recuperamos \u201cYo No Puedo Estar Con Otra\u201d, un tema que representa ese universo musical de Paulito FG: sentimiento, fuerza, ritmo y una interpretaci\u00f3n cargada de personalidad.&lt;br \/&gt;\n&lt;br \/&gt;\nUna nueva pieza de nuestra memoria audiovisual cubana para volver a escuchar, descubrir y poner en valor a los artistas y canciones que forman parte de nuestra historia musical.&lt;br \/&gt;\n&lt;br \/&gt;\n\ud83d\udcfa PAULITO FG \u2013 \u201cYO NO PUEDO ESTAR CON OTRA\u201d&lt;br \/&gt;\n&lt;br \/&gt;\n\u25b6\ufe0f V\u00cdDEO COMPLETO:&lt;br \/&gt;\nhttps:\/\/youtu.be\/S_odO25fSNQ&lt;br \/&gt;\n&lt;br \/&gt;\n\ud83c\udde8\ud83c\uddfa CUBAN MUSIC BY ENVIDIA&lt;br \/&gt;\n&lt;br \/&gt;\nM\u00fasica cubana, artistas, actuaciones y documentos audiovisuales recuperados para volver a disfrutar de nuestra historia musical.&lt;br \/&gt;\n&lt;br \/&gt;\nCANAL:&lt;br \/&gt;\nhttps:\/\/www.youtube.com\/@CubanMusicbyEnvidia&lt;br \/&gt;\n&lt;br \/&gt;\n\ud83d\udcfc CUBA LOST &amp; FOUND&lt;br \/&gt;\n&lt;br \/&gt;\nNuestro espacio dedicado al rescate de im\u00e1genes, actuaciones y documentos perdidos o poco conocidos de la m\u00fasica y la cultura cubana.&lt;br \/&gt;\n&lt;br \/&gt;\nCANAL:&lt;br \/&gt;\nhttps:\/\/www.youtube.com\/@cubalostandfound&lt;br \/&gt;\n&lt;br \/&gt;\n\ud83d\udd25 ARTISTA DE LA SEMANA: PAULITO FG&lt;br \/&gt;\n&lt;br \/&gt;\nSi conociste esta etapa de la m\u00fasica cubana, vuelve a disfrutarla.&lt;br \/&gt;\nSi la descubres ahora, bienvenido al archivo.&lt;br \/&gt;\n&lt;br \/&gt;\nSuscr\u00edbete, comparte y ay\u00fadanos a seguir recuperando la memoria audiovisual de la m\u00fasica cubana.&lt;br \/&gt;\n&lt;br \/&gt;\n#PaulitoFG #YoNoPuedoEstarConOtra #TimbaCubana #Timba #MusicaCubana #MusicaPopularCubana #CubanMusic #CubaLostAndFound #Envidia #Cuba #MusicaBailable\" data-video-title=\"PAULITO FG \u2013 \u201cYO NO PUEDO ESTAR CON OTRA\u201d \ud83d\udd25 | TIMBA CUBANA | CUBAN MUSIC BY ENVIDIA\">\r\n                <img decoding=\"async\" src=\"https:\/\/envidialujuriamusic.com\/wp-content\/plugins\/youtube-feed-pro\/img\/placeholder.png\" alt=\"\ud83d\udd25 ARTISTA DE LA SEMANA: PAULITO FG\n\nEsta semana, CUBAN MUSIC BY ENVIDIA dedica su espacio a Paulito FG, una de las figuras fundamentales de la m\u00fasica popular bailable cubana y uno de los artistas que dejaron una huella decisiva en la evoluci\u00f3n de la timba.\n\nCon una personalidad esc\u00e9nica inconfundible, una poderosa presencia interpretativa y una manera muy particular de combinar canci\u00f3n, sonoridad bailable y lenguaje popular, Paulito FG se convirti\u00f3 en uno de los nombres imprescindibles de la m\u00fasica cubana contempor\u00e1nea.\n\n\ud83c\udfb6 En esta ocasi\u00f3n recuperamos \u201cYo No Puedo Estar Con Otra\u201d, un tema que representa ese universo musical de Paulito FG: sentimiento, fuerza, ritmo y una interpretaci\u00f3n cargada de personalidad.\n\nUna nueva pieza de nuestra memoria audiovisual cubana para volver a escuchar, descubrir y poner en valor a los artistas y canciones que forman parte de nuestra historia musical.\n\n\ud83d\udcfa PAULITO FG \u2013 \u201cYO NO PUEDO ESTAR CON OTRA\u201d\n\n\u25b6\ufe0f V\u00cdDEO COMPLETO:\nhttps:\/\/youtu.be\/S_odO25fSNQ\n\n\ud83c\udde8\ud83c\uddfa CUBAN MUSIC BY ENVIDIA\n\nM\u00fasica cubana, artistas, actuaciones y documentos audiovisuales recuperados para volver a disfrutar de nuestra historia musical.\n\nCANAL:\nhttps:\/\/www.youtube.com\/@CubanMusicbyEnvidia\n\n\ud83d\udcfc CUBA LOST &amp; FOUND\n\nNuestro espacio dedicado al rescate de im\u00e1genes, actuaciones y documentos perdidos o poco conocidos de la m\u00fasica y la cultura cubana.\n\nCANAL:\nhttps:\/\/www.youtube.com\/@cubalostandfound\n\n\ud83d\udd25 ARTISTA DE LA SEMANA: PAULITO FG\n\nSi conociste esta etapa de la m\u00fasica cubana, vuelve a disfrutarla.\nSi la descubres ahora, bienvenido al archivo.\n\nSuscr\u00edbete, comparte y ay\u00fadanos a seguir recuperando la memoria audiovisual de la m\u00fasica cubana.\n\n#PaulitoFG #YoNoPuedoEstarConOtra #TimbaCubana #Timba #MusicaCubana #MusicaPopularCubana #CubanMusic #CubaLostAndFound #Envidia #Cuba #MusicaBailable\">\r\n\r\n                <div class=\"sby_thumbnail_hover sby_item_video_thumbnail_hover\">\r\n                    <div class=\"sby_thumbnail_hover_inner\">\r\n                        \r\n                        \r\n                                                <p class=\"sby_meta\" >\r\n\r\n                                                                                    <span class=\"sby_view_count\">635 views<\/span>\r\n                                                                                    <span class=\"sby_date sby_live_broadcast_type_none\">1 septiembre, 2026 2:56 pm<\/span>\r\n                            \r\n                        <\/p>\r\n                        \r\n                                                    <p class=\"sby_caption\" >\ud83d\udd25 ARTISTA DE LA SEMANA: PAULITO FG<br>\n<br>\nEsta semana, CUBAN MUSIC BY ENVIDIA dedica su espacio a Paulito FG, una de las figuras fundamentales de la m\u00fasica popular bailable cubana y uno de los artistas que dejaron una huella decisiva en la evoluci\u00f3n de la timba.<br>\n<br>\nCon una personalidad esc\u00e9nica inconfundible, una poderosa presencia interpretativa y una manera muy particular de combinar canci\u00f3n, sonoridad bailable y lenguaje popular, Paulito FG se convirti\u00f3 en uno de los nombres imprescindibles de la m\u00fasica cubana contempor\u00e1nea.<br>\n<br>\n\ud83c\udfb6 En esta ocasi\u00f3n recuperamos \u201cYo No Puedo Estar Con Otra\u201d, un tema que representa ese universo musical de Paulito FG: sentimiento, fuerza, ritmo y una interpretaci\u00f3n cargada de personalidad.<br>\n<br>\nUna nueva pieza de nuestra memoria audiovisual cubana para volver a escuchar, descubrir y poner en valor a los artistas y canciones que forman parte de nuestra historia musical.<br>\n<br>\n\ud83d\udcfa PAULITO FG \u2013 \u201cYO NO PUEDO ESTAR CON OTRA\u201d<br>\n<br>\n\u25b6\ufe0f V\u00cdDEO COMPLETO:<br>\nhttps:\/\/youtu.be\/S_odO25fSNQ<br>\n<br>\n\ud83c\udde8\ud83c\uddfa CUBAN MUSIC BY ENVIDIA<br>\n<br>\nM\u00fasica cubana, artistas, actuaciones y documentos audiovisuales recuperados para volver a disfrutar de nuestra historia musical.<br>\n<br>\nCANAL:<br>\nhttps:\/\/www.youtube.com\/@CubanMusicbyEnvidia<br>\n<br>\n\ud83d\udcfc CUBA LOST &amp; FOUND<br>\n<br>\nNuestro espacio dedicado al rescate de im\u00e1genes, actuaciones y documentos perdidos o poco conocidos de la m\u00fasica y la cultura cubana.<br>\n<br>\nCANAL:<br>\nhttps:\/\/www.youtube.com\/@cubalostandfound<br>\n<br>\n\ud83d\udd25 ARTISTA DE LA SEMANA: PAULITO FG<br>\n<br>\nSi conociste esta etapa de la m\u00fasica cubana, vuelve a disfrutarla.<br>\nSi la descubres ahora, bienvenido al archivo.<br>\n<br>\nSuscr\u00edbete, comparte y ay\u00fadanos a seguir recuperando la memoria audiovisual de la m\u00fasica cubana.<br>\n<br>\n#PaulitoFG #YoNoPuedoEstarConOtra #TimbaCubana #Timba #MusicaCubana #MusicaPopularCubana #CubanMusic #CubaLostAndFound #Envidia #Cuba #MusicaBailable<\/p>\r\n                        \r\n                                                <p class=\"sby_stats\" >\r\n                            <span class=\"sby_likes\" >\r\n                            <svg  class=\"svg-inline--fa fa-heart fa-w-18\" aria-hidden=\"true\" data-fa-processed=\"\" data-prefix=\"fa\" data-icon=\"heart\" role=\"presentation\" xmlns=\"http:\/\/www.w3.org\/2000\/svg\" viewBox=\"0 0 576 512\"><path fill=\"currentColor\" d=\"M414.9 24C361.8 24 312 65.7 288 89.3 264 65.7 214.2 24 161.1 24 70.3 24 16 76.9 16 165.5c0 72.6 66.8 133.3 69.2 135.4l187 180.8c8.8 8.5 22.8 8.5 31.6 0l186.7-180.2c2.7-2.7 69.5-63.5 69.5-136C560 76.9 505.7 24 414.9 24z\"><\/path><\/svg>                                <span class=\"sby_like_count\">19<\/span>\r\n                            <\/span>\r\n                            <span class=\"sby_comments\" >\r\n                                <svg  class=\"svg-inline--fa fa-comment fa-w-18\" aria-hidden=\"true\" data-fa-processed=\"\" data-prefix=\"fa\" data-icon=\"comment\" role=\"presentation\" xmlns=\"http:\/\/www.w3.org\/2000\/svg\" viewBox=\"0 0 576 512\"><path fill=\"currentColor\" d=\"M576 240c0 115-129 208-288 208-48.3 0-93.9-8.6-133.9-23.8-40.3 31.2-89.8 50.3-142.4 55.7-5.2.6-10.2-2.8-11.5-7.7-1.3-5 2.7-8.1 6.6-11.8 19.3-18.4 42.7-32.8 51.9-94.6C21.9 330.9 0 287.3 0 240 0 125.1 129 32 288 32s288 93.1 288 208z\"><\/path><\/svg>                                <span class=\"sby_comment_count\">7<\/span>\r\n                            <\/span>\r\n                        <\/p>\r\n                        \r\n                    <\/div>\r\n                <\/div>\r\n\r\n                <span class=\"sby-screenreader\">V\u00eddeo de YouTube VVU3aXFhYWtSWHRyeUZnbTlWOEdfck1nLlNfb2RPMjVmU05R<\/span>\r\n                                    <div class=\"sby_play_btn\">\r\n                        <span class=\"sby_play_btn_bg\"><\/span>\r\n                    <svg aria-hidden=\"true\" focusable=\"false\" data-prefix=\"fab\" data-icon=\"youtube\" role=\"img\" xmlns=\"http:\/\/www.w3.org\/2000\/svg\" viewBox=\"0 0 576 512\" class=\"svg-inline--fa fa-youtube fa-w-18\"><path fill=\"currentColor\" d=\"M549.655 124.083c-6.281-23.65-24.787-42.276-48.284-48.597C458.781 64 288 64 288 64S117.22 64 74.629 75.486c-23.497 6.322-42.003 24.947-48.284 48.597-11.412 42.867-11.412 132.305-11.412 132.305s0 89.438 11.412 132.305c6.281 23.65 24.787 41.5 48.284 47.821C117.22 448 288 448 288 448s170.78 0 213.371-11.486c23.497-6.321 42.003-24.171 48.284-47.821 11.412-42.867 11.412-132.305 11.412-132.305s0-89.438-11.412-132.305zm-317.51 213.508V175.185l142.739 81.205-142.739 81.201z\" class=\"\"><\/path><\/svg>                    <\/div>\r\n                                <span class=\"sby_loader sby_hidden\" style=\"background-color: rgb(255, 255, 255);\"><\/span>\r\n            <\/a>\r\n\r\n            \r\n        <\/div>\r\n\r\n        <div class=\"sby_info sby_info_item\">\r\n\r\n\t\t\t<p class=\"sby_video_title_wrap\">\r\n\t\t\t<span class=\"sby_video_title\">PAULITO FG \u2013 \u201cYO NO PUEDO ESTAR CON OTRA\u201d \ud83d\udd25 | TIMBA CUBANA | CUBAN MUSIC BY ENVIDIA<\/span>\r\n\t\t<\/p>\r\n\t\r\n\t\r\n\t\r\n\t\r\n<\/div>\r\n            <\/div>\r\n<\/div><div class=\"sby_item  sby_new sby_transition sby_no_margin\" id=\"sby_VVU3aXFhYWtSWHRyeUZnbTlWOEdfck1nLjFUMDU5bDlYejc4\" data-date=\"1788105620\" data-video-id=\"1T059l9Xz78\" data-video-title=\"\ud83d\udd25 ISSAC DELGADO \u2014 \u201cLA SANDUNGUITA\u201d\" data-live-date=\"0\">\r\n    <div class=\"sby_inner_item\">\r\n        <div class=\"sby_video_thumbnail_wrap sby_item_video_thumbnail_wrap\">\r\n            <a class=\"sby_video_thumbnail sby_item_video_thumbnail\" href=\"https:\/\/www.youtube.com\/watch?v=1T059l9Xz78\" target=\"_blank\" rel=\"noopener\" data-full-res=\"https:\/\/i.ytimg.com\/vi\/1T059l9Xz78\/maxresdefault.jpg\" data-img-src-set=\"{&quot;120&quot;:&quot;https:\\\/\\\/i.ytimg.com\\\/vi\\\/1T059l9Xz78\\\/default.jpg&quot;,&quot;320&quot;:&quot;https:\\\/\\\/i.ytimg.com\\\/vi\\\/1T059l9Xz78\\\/mqdefault.jpg&quot;,&quot;480&quot;:&quot;https:\\\/\\\/i.ytimg.com\\\/vi\\\/1T059l9Xz78\\\/hqdefault.jpg&quot;,&quot;640&quot;:&quot;https:\\\/\\\/i.ytimg.com\\\/vi\\\/1T059l9Xz78\\\/sddefault.jpg&quot;}\" data-video-id=\"1T059l9Xz78\"  data-user=\"Cuban Music by Envidia\" data-url=\"https:\/\/www.youtube.com\/watch?v=1T059l9Xz78\" data-avatar=\"https:\/\/yt3.ggpht.com\/ytc\/AIdro_kZd0kAhwcZ-1wwJcqIR5ko26tZW1b8I77FLo7srX7VcQ=s88-c-k-c0x00ffffff-no-rj\" data-title=\"En Vivo desde El Malec\u00f3n.&lt;br \/&gt;\n&lt;br \/&gt;\nCerramos nuestra Semana Especial de Issac Delgado, \u201cEl Ch\u00e9vere de la Salsa\u201d, con una actuaci\u00f3n en directo cargada de ritmo, sabor y energ\u00eda cubana.&lt;br \/&gt;\n&lt;br \/&gt;\n\ud83d\udc83 LA SANDUNGUITA&lt;br \/&gt;\n&lt;br \/&gt;\n\ud83c\udfa5 V\u00eddeo completo:&lt;br \/&gt;\nhttps:\/\/youtu.be\/VWaraASXsLE&lt;br \/&gt;\n&lt;br \/&gt;\n\u2600\ufe0f La Chica del Sol&lt;br \/&gt;\n\ud83d\udd25 \u00bfQu\u00e9 Pasa Loco?&lt;br \/&gt;\n\ud83d\udc83 La Sandunguita&lt;br \/&gt;\n&lt;br \/&gt;\nTres canciones para recordar a uno de los grandes nombres de la m\u00fasica popular bailable cubana.&lt;br \/&gt;\n&lt;br \/&gt;\n\ud83d\udcfa CUBAN MUSIC BY ENVIDIA&lt;br \/&gt;\nhttps:\/\/www.youtube.com\/@CubanMusicbyEnvidia&lt;br \/&gt;\n&lt;br \/&gt;\n\ud83d\udcfa CUBA LOST &amp; FOUND&lt;br \/&gt;\nhttps:\/\/www.youtube.com\/@cubalostandfound&lt;br \/&gt;\n&lt;br \/&gt;\n\ud83d\udc47 \u00bfCu\u00e1l ha sido tu favorito de esta semana?&lt;br \/&gt;\n&lt;br \/&gt;\n#IssacDelgado #LaSandunguita #ElChevereDeLaSalsa #MusicaCubana #SalsaCubana #Cuba #LaHabana #Malecon #CubanMusic #EnVivo\" data-video-title=\"\ud83d\udd25 ISSAC DELGADO \u2014 \u201cLA SANDUNGUITA\u201d\">\r\n                <img decoding=\"async\" src=\"https:\/\/envidialujuriamusic.com\/wp-content\/plugins\/youtube-feed-pro\/img\/placeholder.png\" alt=\"En Vivo desde El Malec\u00f3n.\n\nCerramos nuestra Semana Especial de Issac Delgado, \u201cEl Ch\u00e9vere de la Salsa\u201d, con una actuaci\u00f3n en directo cargada de ritmo, sabor y energ\u00eda cubana.\n\n\ud83d\udc83 LA SANDUNGUITA\n\n\ud83c\udfa5 V\u00eddeo completo:\nhttps:\/\/youtu.be\/VWaraASXsLE\n\n\u2600\ufe0f La Chica del Sol\n\ud83d\udd25 \u00bfQu\u00e9 Pasa Loco?\n\ud83d\udc83 La Sandunguita\n\nTres canciones para recordar a uno de los grandes nombres de la m\u00fasica popular bailable cubana.\n\n\ud83d\udcfa CUBAN MUSIC BY ENVIDIA\nhttps:\/\/www.youtube.com\/@CubanMusicbyEnvidia\n\n\ud83d\udcfa CUBA LOST &amp; FOUND\nhttps:\/\/www.youtube.com\/@cubalostandfound\n\n\ud83d\udc47 \u00bfCu\u00e1l ha sido tu favorito de esta semana?\n\n#IssacDelgado #LaSandunguita #ElChevereDeLaSalsa #MusicaCubana #SalsaCubana #Cuba #LaHabana #Malecon #CubanMusic #EnVivo\">\r\n\r\n                <div class=\"sby_thumbnail_hover sby_item_video_thumbnail_hover\">\r\n                    <div class=\"sby_thumbnail_hover_inner\">\r\n                        \r\n                        \r\n                                                <p class=\"sby_meta\" >\r\n\r\n                                                                                    <span class=\"sby_view_count\">1K views<\/span>\r\n                                                                                    <span class=\"sby_date sby_live_broadcast_type_none\">30 agosto, 2026 4:00 pm<\/span>\r\n                            \r\n                        <\/p>\r\n                        \r\n                                                    <p class=\"sby_caption\" >En Vivo desde El Malec\u00f3n.<br>\n<br>\nCerramos nuestra Semana Especial de Issac Delgado, \u201cEl Ch\u00e9vere de la Salsa\u201d, con una actuaci\u00f3n en directo cargada de ritmo, sabor y energ\u00eda cubana.<br>\n<br>\n\ud83d\udc83 LA SANDUNGUITA<br>\n<br>\n\ud83c\udfa5 V\u00eddeo completo:<br>\nhttps:\/\/youtu.be\/VWaraASXsLE<br>\n<br>\n\u2600\ufe0f La Chica del Sol<br>\n\ud83d\udd25 \u00bfQu\u00e9 Pasa Loco?<br>\n\ud83d\udc83 La Sandunguita<br>\n<br>\nTres canciones para recordar a uno de los grandes nombres de la m\u00fasica popular bailable cubana.<br>\n<br>\n\ud83d\udcfa CUBAN MUSIC BY ENVIDIA<br>\nhttps:\/\/www.youtube.com\/@CubanMusicbyEnvidia<br>\n<br>\n\ud83d\udcfa CUBA LOST &amp; FOUND<br>\nhttps:\/\/www.youtube.com\/@cubalostandfound<br>\n<br>\n\ud83d\udc47 \u00bfCu\u00e1l ha sido tu favorito de esta semana?<br>\n<br>\n#IssacDelgado #LaSandunguita #ElChevereDeLaSalsa #MusicaCubana #SalsaCubana #Cuba #LaHabana #Malecon #CubanMusic #EnVivo<\/p>\r\n                        \r\n                                                <p class=\"sby_stats\" >\r\n                            <span class=\"sby_likes\" >\r\n                            <svg  class=\"svg-inline--fa fa-heart fa-w-18\" aria-hidden=\"true\" data-fa-processed=\"\" data-prefix=\"fa\" data-icon=\"heart\" role=\"presentation\" xmlns=\"http:\/\/www.w3.org\/2000\/svg\" viewBox=\"0 0 576 512\"><path fill=\"currentColor\" d=\"M414.9 24C361.8 24 312 65.7 288 89.3 264 65.7 214.2 24 161.1 24 70.3 24 16 76.9 16 165.5c0 72.6 66.8 133.3 69.2 135.4l187 180.8c8.8 8.5 22.8 8.5 31.6 0l186.7-180.2c2.7-2.7 69.5-63.5 69.5-136C560 76.9 505.7 24 414.9 24z\"><\/path><\/svg>                                <span class=\"sby_like_count\">33<\/span>\r\n                            <\/span>\r\n                            <span class=\"sby_comments\" >\r\n                                <svg  class=\"svg-inline--fa fa-comment fa-w-18\" aria-hidden=\"true\" data-fa-processed=\"\" data-prefix=\"fa\" data-icon=\"comment\" role=\"presentation\" xmlns=\"http:\/\/www.w3.org\/2000\/svg\" viewBox=\"0 0 576 512\"><path fill=\"currentColor\" d=\"M576 240c0 115-129 208-288 208-48.3 0-93.9-8.6-133.9-23.8-40.3 31.2-89.8 50.3-142.4 55.7-5.2.6-10.2-2.8-11.5-7.7-1.3-5 2.7-8.1 6.6-11.8 19.3-18.4 42.7-32.8 51.9-94.6C21.9 330.9 0 287.3 0 240 0 125.1 129 32 288 32s288 93.1 288 208z\"><\/path><\/svg>                                <span class=\"sby_comment_count\">1<\/span>\r\n                            <\/span>\r\n                        <\/p>\r\n                        \r\n                    <\/div>\r\n                <\/div>\r\n\r\n                <span class=\"sby-screenreader\">V\u00eddeo de YouTube VVU3aXFhYWtSWHRyeUZnbTlWOEdfck1nLjFUMDU5bDlYejc4<\/span>\r\n                                    <div class=\"sby_play_btn\">\r\n                        <span class=\"sby_play_btn_bg\"><\/span>\r\n                    <svg aria-hidden=\"true\" focusable=\"false\" data-prefix=\"fab\" data-icon=\"youtube\" role=\"img\" xmlns=\"http:\/\/www.w3.org\/2000\/svg\" viewBox=\"0 0 576 512\" class=\"svg-inline--fa fa-youtube fa-w-18\"><path fill=\"currentColor\" d=\"M549.655 124.083c-6.281-23.65-24.787-42.276-48.284-48.597C458.781 64 288 64 288 64S117.22 64 74.629 75.486c-23.497 6.322-42.003 24.947-48.284 48.597-11.412 42.867-11.412 132.305-11.412 132.305s0 89.438 11.412 132.305c6.281 23.65 24.787 41.5 48.284 47.821C117.22 448 288 448 288 448s170.78 0 213.371-11.486c23.497-6.321 42.003-24.171 48.284-47.821 11.412-42.867 11.412-132.305 11.412-132.305s0-89.438-11.412-132.305zm-317.51 213.508V175.185l142.739 81.205-142.739 81.201z\" class=\"\"><\/path><\/svg>                    <\/div>\r\n                                <span class=\"sby_loader sby_hidden\" style=\"background-color: rgb(255, 255, 255);\"><\/span>\r\n            <\/a>\r\n\r\n            \r\n        <\/div>\r\n\r\n        <div class=\"sby_info sby_info_item\">\r\n\r\n\t\t\t<p class=\"sby_video_title_wrap\">\r\n\t\t\t<span class=\"sby_video_title\">\ud83d\udd25 ISSAC DELGADO \u2014 \u201cLA SANDUNGUITA\u201d<\/span>\r\n\t\t<\/p>\r\n\t\r\n\t\r\n\t\r\n\t\r\n<\/div>\r\n            <\/div>\r\n<\/div><div class=\"sby_item  sby_new sby_transition sby_no_margin\" id=\"sby_VVU3aXFhYWtSWHRyeUZnbTlWOEdfck1nLlZXYXJhQVNYc0xF\" data-date=\"1788016656\" data-video-id=\"VWaraASXsLE\" data-video-title=\"\ud83d\udd25 ISSAC DELGADO - \u201cLA SANDUNGUITA\u201d | En Vivo desde El Malec\u00f3n | EL CH\u00c9VERE DE LA SALSA\" data-live-date=\"0\">\r\n    <div class=\"sby_inner_item\">\r\n        <div class=\"sby_video_thumbnail_wrap sby_item_video_thumbnail_wrap\">\r\n            <a class=\"sby_video_thumbnail sby_item_video_thumbnail\" href=\"https:\/\/www.youtube.com\/watch?v=VWaraASXsLE\" target=\"_blank\" rel=\"noopener\" data-full-res=\"https:\/\/i.ytimg.com\/vi\/VWaraASXsLE\/maxresdefault.jpg\" data-img-src-set=\"{&quot;120&quot;:&quot;https:\\\/\\\/i.ytimg.com\\\/vi\\\/VWaraASXsLE\\\/default.jpg&quot;,&quot;320&quot;:&quot;https:\\\/\\\/i.ytimg.com\\\/vi\\\/VWaraASXsLE\\\/mqdefault.jpg&quot;,&quot;480&quot;:&quot;https:\\\/\\\/i.ytimg.com\\\/vi\\\/VWaraASXsLE\\\/hqdefault.jpg&quot;,&quot;640&quot;:&quot;https:\\\/\\\/i.ytimg.com\\\/vi\\\/VWaraASXsLE\\\/sddefault.jpg&quot;}\" data-video-id=\"VWaraASXsLE\"  data-user=\"Cuban Music by Envidia\" data-url=\"https:\/\/www.youtube.com\/watch?v=VWaraASXsLE\" data-avatar=\"https:\/\/yt3.ggpht.com\/ytc\/AIdro_kZd0kAhwcZ-1wwJcqIR5ko26tZW1b8I77FLo7srX7VcQ=s88-c-k-c0x00ffffff-no-rj\" data-title=\"\ud83d\udd25 SEMANA ESPECIAL: ISSAC DELGADO \u2014 \u201cEL CH\u00c9VERE DE LA SALSA\u201d \ud83d\udd25&lt;br \/&gt;\n&lt;br \/&gt;\nCerramos nuestra semana especial dedicada a Issac Delgado con una actuaci\u00f3n que tiene algo diferente.&lt;br \/&gt;\n&lt;br \/&gt;\nNo estamos simplemente ante una canci\u00f3n.&lt;br \/&gt;\n&lt;br \/&gt;\nEstamos ante Issac Delgado en directo, frente al Malec\u00f3n de La Habana, llevando \u201cLa Sandunguita\u201d al escenario con toda la energ\u00eda, personalidad y sabor que caracterizan a \u201cEl Ch\u00e9vere de la Salsa\u201d.&lt;br \/&gt;\n&lt;br \/&gt;\n ISSAC DELGADO \u2014 \u201cLA SANDUNGUITA\u201d&lt;br \/&gt;\n\ud83c\udfa4 EN VIVO DESDE EL MALEC\u00d3N&lt;br \/&gt;\n&lt;br \/&gt;\nLa m\u00fasica cubana adquiere otra dimensi\u00f3n cuando se encuentra con su p\u00fablico.&lt;br \/&gt;\n&lt;br \/&gt;\nY en una actuaci\u00f3n en directo como esta aparecen todos esos elementos que hicieron de Issac Delgado una figura fundamental de la m\u00fasica popular bailable cubana: la voz, el fraseo, la presencia esc\u00e9nica, el ritmo y esa conexi\u00f3n inmediata con quienes est\u00e1n al otro lado del escenario.&lt;br \/&gt;\n&lt;br \/&gt;\n\ud83d\udc83 LA SANDUNGUITA es una muestra perfecta de ese esp\u00edritu.&lt;br \/&gt;\n&lt;br \/&gt;\nDespu\u00e9s de recorrer esta semana con:&lt;br \/&gt;\n&lt;br \/&gt;\n\u2600\ufe0f LA CHICA DEL SOL&lt;br \/&gt;\n\ud83d\udd25 \u00bfQU\u00c9 PASA LOCO?&lt;br \/&gt;\n\ud83d\udc83 LA SANDUNGUITA \u2014 EN VIVO DESDE EL MALEC\u00d3N&lt;br \/&gt;\n&lt;br \/&gt;\ncerramos nuestro homenaje a uno de los grandes int\u00e9rpretes de la m\u00fasica cubana contempor\u00e1nea.&lt;br \/&gt;\n&lt;br \/&gt;\n\ud83c\udfb6 ISSAC DELGADO \u2014 EL CH\u00c9VERE DE LA SALSA.&lt;br \/&gt;\n&lt;br \/&gt;\nUna semana para recordar canciones, actuaciones y momentos de una trayectoria que forma parte de la historia reciente de la m\u00fasica popular cubana.&lt;br \/&gt;\n&lt;br \/&gt;\n\ud83d\udd25 Si disfrutas de la m\u00fasica cubana, suscr\u00edbete a CUBAN MUSIC BY ENVIDIA y acomp\u00e1\u00f1anos en pr\u00f3ximas semanas especiales dedicadas a grandes artistas, agrupaciones y grabaciones de la m\u00fasica cubana.&lt;br \/&gt;\n&lt;br \/&gt;\n\ud83d\udc49 CUBAN MUSIC BY ENVIDIA:&lt;br \/&gt;\nhttps:\/\/www.youtube.com\/@CubanMusicbyEnvidia&lt;br \/&gt;\n&lt;br \/&gt;\n\ud83d\udcfa Y contin\u00faa descubriendo nuestro archivo de m\u00fasica, im\u00e1genes y memoria cubana en CUBA LOST &amp; FOUND:&lt;br \/&gt;\n&lt;br \/&gt;\nhttps:\/\/www.youtube.com\/@cubalostandfound&lt;br \/&gt;\n&lt;br \/&gt;\n\ud83d\udcac \u00bfCu\u00e1l ha sido tu momento favorito de esta Semana Especial de Issac Delgado?&lt;br \/&gt;\n&lt;br \/&gt;\n\u2600\ufe0f La Chica del Sol&lt;br \/&gt;\n\ud83d\udd25 \u00bfQu\u00e9 Pasa Loco?&lt;br \/&gt;\n\ud83d\udc83 La Sandunguita&lt;br \/&gt;\n&lt;br \/&gt;\n\ud83d\udc47 Te leemos en los comentarios.&lt;br \/&gt;\n&lt;br \/&gt;\n\ud83d\udce2 Comparte este v\u00eddeo con otros amantes de la m\u00fasica cubana.&lt;br \/&gt;\n&lt;br \/&gt;\nPorque algunas canciones no necesitan presentaci\u00f3n.&lt;br \/&gt;\n&lt;br \/&gt;\nSolo necesitan volver a sonar.&lt;br \/&gt;\n&lt;br \/&gt;\n#IssacDelgado #LaSandunguita #EnVivo #Malec\u00f3n #MaleconDeLaHabana #ElChevereDeLaSalsa #MusicaCubana #SalsaCubana #CubanMusic #TimbaCubana #Cuba #LaHabana #MusicaBailableCubana #CubanMusicByEnvidia #Envidia\" data-video-title=\"\ud83d\udd25 ISSAC DELGADO - \u201cLA SANDUNGUITA\u201d | En Vivo desde El Malec\u00f3n | EL CH\u00c9VERE DE LA SALSA\">\r\n                <img decoding=\"async\" src=\"https:\/\/envidialujuriamusic.com\/wp-content\/plugins\/youtube-feed-pro\/img\/placeholder.png\" alt=\"\ud83d\udd25 SEMANA ESPECIAL: ISSAC DELGADO \u2014 \u201cEL CH\u00c9VERE DE LA SALSA\u201d \ud83d\udd25\n\nCerramos nuestra semana especial dedicada a Issac Delgado con una actuaci\u00f3n que tiene algo diferente.\n\nNo estamos simplemente ante una canci\u00f3n.\n\nEstamos ante Issac Delgado en directo, frente al Malec\u00f3n de La Habana, llevando \u201cLa Sandunguita\u201d al escenario con toda la energ\u00eda, personalidad y sabor que caracterizan a \u201cEl Ch\u00e9vere de la Salsa\u201d.\n\n ISSAC DELGADO \u2014 \u201cLA SANDUNGUITA\u201d\n\ud83c\udfa4 EN VIVO DESDE EL MALEC\u00d3N\n\nLa m\u00fasica cubana adquiere otra dimensi\u00f3n cuando se encuentra con su p\u00fablico.\n\nY en una actuaci\u00f3n en directo como esta aparecen todos esos elementos que hicieron de Issac Delgado una figura fundamental de la m\u00fasica popular bailable cubana: la voz, el fraseo, la presencia esc\u00e9nica, el ritmo y esa conexi\u00f3n inmediata con quienes est\u00e1n al otro lado del escenario.\n\n\ud83d\udc83 LA SANDUNGUITA es una muestra perfecta de ese esp\u00edritu.\n\nDespu\u00e9s de recorrer esta semana con:\n\n\u2600\ufe0f LA CHICA DEL SOL\n\ud83d\udd25 \u00bfQU\u00c9 PASA LOCO?\n\ud83d\udc83 LA SANDUNGUITA \u2014 EN VIVO DESDE EL MALEC\u00d3N\n\ncerramos nuestro homenaje a uno de los grandes int\u00e9rpretes de la m\u00fasica cubana contempor\u00e1nea.\n\n\ud83c\udfb6 ISSAC DELGADO \u2014 EL CH\u00c9VERE DE LA SALSA.\n\nUna semana para recordar canciones, actuaciones y momentos de una trayectoria que forma parte de la historia reciente de la m\u00fasica popular cubana.\n\n\ud83d\udd25 Si disfrutas de la m\u00fasica cubana, suscr\u00edbete a CUBAN MUSIC BY ENVIDIA y acomp\u00e1\u00f1anos en pr\u00f3ximas semanas especiales dedicadas a grandes artistas, agrupaciones y grabaciones de la m\u00fasica cubana.\n\n\ud83d\udc49 CUBAN MUSIC BY ENVIDIA:\nhttps:\/\/www.youtube.com\/@CubanMusicbyEnvidia\n\n\ud83d\udcfa Y contin\u00faa descubriendo nuestro archivo de m\u00fasica, im\u00e1genes y memoria cubana en CUBA LOST &amp; FOUND:\n\nhttps:\/\/www.youtube.com\/@cubalostandfound\n\n\ud83d\udcac \u00bfCu\u00e1l ha sido tu momento favorito de esta Semana Especial de Issac Delgado?\n\n\u2600\ufe0f La Chica del Sol\n\ud83d\udd25 \u00bfQu\u00e9 Pasa Loco?\n\ud83d\udc83 La Sandunguita\n\n\ud83d\udc47 Te leemos en los comentarios.\n\n\ud83d\udce2 Comparte este v\u00eddeo con otros amantes de la m\u00fasica cubana.\n\nPorque algunas canciones no necesitan presentaci\u00f3n.\n\nSolo necesitan volver a sonar.\n\n#IssacDelgado #LaSandunguita #EnVivo #Malec\u00f3n #MaleconDeLaHabana #ElChevereDeLaSalsa #MusicaCubana #SalsaCubana #CubanMusic #TimbaCubana #Cuba #LaHabana #MusicaBailableCubana #CubanMusicByEnvidia #Envidia\">\r\n\r\n                <div class=\"sby_thumbnail_hover sby_item_video_thumbnail_hover\">\r\n                    <div class=\"sby_thumbnail_hover_inner\">\r\n                        \r\n                        \r\n                                                <p class=\"sby_meta\" >\r\n\r\n                                                                                    <span class=\"sby_view_count\">302 views<\/span>\r\n                                                                                    <span class=\"sby_date sby_live_broadcast_type_none\">29 agosto, 2026 3:17 pm<\/span>\r\n                            \r\n                        <\/p>\r\n                        \r\n                                                    <p class=\"sby_caption\" >\ud83d\udd25 SEMANA ESPECIAL: ISSAC DELGADO \u2014 \u201cEL CH\u00c9VERE DE LA SALSA\u201d \ud83d\udd25<br>\n<br>\nCerramos nuestra semana especial dedicada a Issac Delgado con una actuaci\u00f3n que tiene algo diferente.<br>\n<br>\nNo estamos simplemente ante una canci\u00f3n.<br>\n<br>\nEstamos ante Issac Delgado en directo, frente al Malec\u00f3n de La Habana, llevando \u201cLa Sandunguita\u201d al escenario con toda la energ\u00eda, personalidad y sabor que caracterizan a \u201cEl Ch\u00e9vere de la Salsa\u201d.<br>\n<br>\n ISSAC DELGADO \u2014 \u201cLA SANDUNGUITA\u201d<br>\n\ud83c\udfa4 EN VIVO DESDE EL MALEC\u00d3N<br>\n<br>\nLa m\u00fasica cubana adquiere otra dimensi\u00f3n cuando se encuentra con su p\u00fablico.<br>\n<br>\nY en una actuaci\u00f3n en directo como esta aparecen todos esos elementos que hicieron de Issac Delgado una figura fundamental de la m\u00fasica popular bailable cubana: la voz, el fraseo, la presencia esc\u00e9nica, el ritmo y esa conexi\u00f3n inmediata con quienes est\u00e1n al otro lado del escenario.<br>\n<br>\n\ud83d\udc83 LA SANDUNGUITA es una muestra perfecta de ese esp\u00edritu.<br>\n<br>\nDespu\u00e9s de recorrer esta semana con:<br>\n<br>\n\u2600\ufe0f LA CHICA DEL SOL<br>\n\ud83d\udd25 \u00bfQU\u00c9 PASA LOCO?<br>\n\ud83d\udc83 LA SANDUNGUITA \u2014 EN VIVO DESDE EL MALEC\u00d3N<br>\n<br>\ncerramos nuestro homenaje a uno de los grandes int\u00e9rpretes de la m\u00fasica cubana contempor\u00e1nea.<br>\n<br>\n\ud83c\udfb6 ISSAC DELGADO \u2014 EL CH\u00c9VERE DE LA SALSA.<br>\n<br>\nUna semana para recordar canciones, actuaciones y momentos de una trayectoria que forma parte de la historia reciente de la m\u00fasica popular cubana.<br>\n<br>\n\ud83d\udd25 Si disfrutas de la m\u00fasica cubana, suscr\u00edbete a CUBAN MUSIC BY ENVIDIA y acomp\u00e1\u00f1anos en pr\u00f3ximas semanas especiales dedicadas a grandes artistas, agrupaciones y grabaciones de la m\u00fasica cubana.<br>\n<br>\n\ud83d\udc49 CUBAN MUSIC BY ENVIDIA:<br>\nhttps:\/\/www.youtube.com\/@CubanMusicbyEnvidia<br>\n<br>\n\ud83d\udcfa Y contin\u00faa descubriendo nuestro archivo de m\u00fasica, im\u00e1genes y memoria cubana en CUBA LOST &amp; FOUND:<br>\n<br>\nhttps:\/\/www.youtube.com\/@cubalostandfound<br>\n<br>\n\ud83d\udcac \u00bfCu\u00e1l ha sido tu momento favorito de esta Semana Especial de Issac Delgado?<br>\n<br>\n\u2600\ufe0f La Chica del Sol<br>\n\ud83d\udd25 \u00bfQu\u00e9 Pasa Loco?<br>\n\ud83d\udc83 La Sandunguita<br>\n<br>\n\ud83d\udc47 Te leemos en los comentarios.<br>\n<br>\n\ud83d\udce2 Comparte este v\u00eddeo con otros amantes de la m\u00fasica cubana.<br>\n<br>\nPorque algunas canciones no necesitan presentaci\u00f3n.<br>\n<br>\nSolo necesitan volver a sonar.<br>\n<br>\n#IssacDelgado #LaSandunguita #EnVivo #Malec\u00f3n #MaleconDeLaHabana #ElChevereDeLaSalsa #MusicaCubana #SalsaCubana #CubanMusic #TimbaCubana #Cuba #LaHabana #MusicaBailableCubana #CubanMusicByEnvidia #Envidia<\/p>\r\n                        \r\n                                                <p class=\"sby_stats\" >\r\n                            <span class=\"sby_likes\" >\r\n                            <svg  class=\"svg-inline--fa fa-heart fa-w-18\" aria-hidden=\"true\" data-fa-processed=\"\" data-prefix=\"fa\" data-icon=\"heart\" role=\"presentation\" xmlns=\"http:\/\/www.w3.org\/2000\/svg\" viewBox=\"0 0 576 512\"><path fill=\"currentColor\" d=\"M414.9 24C361.8 24 312 65.7 288 89.3 264 65.7 214.2 24 161.1 24 70.3 24 16 76.9 16 165.5c0 72.6 66.8 133.3 69.2 135.4l187 180.8c8.8 8.5 22.8 8.5 31.6 0l186.7-180.2c2.7-2.7 69.5-63.5 69.5-136C560 76.9 505.7 24 414.9 24z\"><\/path><\/svg>                                <span class=\"sby_like_count\">9<\/span>\r\n                            <\/span>\r\n                            <span class=\"sby_comments\" >\r\n                                <svg  class=\"svg-inline--fa fa-comment fa-w-18\" aria-hidden=\"true\" data-fa-processed=\"\" data-prefix=\"fa\" data-icon=\"comment\" role=\"presentation\" xmlns=\"http:\/\/www.w3.org\/2000\/svg\" viewBox=\"0 0 576 512\"><path fill=\"currentColor\" d=\"M576 240c0 115-129 208-288 208-48.3 0-93.9-8.6-133.9-23.8-40.3 31.2-89.8 50.3-142.4 55.7-5.2.6-10.2-2.8-11.5-7.7-1.3-5 2.7-8.1 6.6-11.8 19.3-18.4 42.7-32.8 51.9-94.6C21.9 330.9 0 287.3 0 240 0 125.1 129 32 288 32s288 93.1 288 208z\"><\/path><\/svg>                                <span class=\"sby_comment_count\">0<\/span>\r\n                            <\/span>\r\n                        <\/p>\r\n                        \r\n                    <\/div>\r\n                <\/div>\r\n\r\n                <span class=\"sby-screenreader\">V\u00eddeo de YouTube VVU3aXFhYWtSWHRyeUZnbTlWOEdfck1nLlZXYXJhQVNYc0xF<\/span>\r\n                                    <div class=\"sby_play_btn\">\r\n                        <span class=\"sby_play_btn_bg\"><\/span>\r\n                    <svg aria-hidden=\"true\" focusable=\"false\" data-prefix=\"fab\" data-icon=\"youtube\" role=\"img\" xmlns=\"http:\/\/www.w3.org\/2000\/svg\" viewBox=\"0 0 576 512\" class=\"svg-inline--fa fa-youtube fa-w-18\"><path fill=\"currentColor\" d=\"M549.655 124.083c-6.281-23.65-24.787-42.276-48.284-48.597C458.781 64 288 64 288 64S117.22 64 74.629 75.486c-23.497 6.322-42.003 24.947-48.284 48.597-11.412 42.867-11.412 132.305-11.412 132.305s0 89.438 11.412 132.305c6.281 23.65 24.787 41.5 48.284 47.821C117.22 448 288 448 288 448s170.78 0 213.371-11.486c23.497-6.321 42.003-24.171 48.284-47.821 11.412-42.867 11.412-132.305 11.412-132.305s0-89.438-11.412-132.305zm-317.51 213.508V175.185l142.739 81.205-142.739 81.201z\" class=\"\"><\/path><\/svg>                    <\/div>\r\n                                <span class=\"sby_loader sby_hidden\" style=\"background-color: rgb(255, 255, 255);\"><\/span>\r\n            <\/a>\r\n\r\n            \r\n        <\/div>\r\n\r\n        <div class=\"sby_info sby_info_item\">\r\n\r\n\t\t\t<p class=\"sby_video_title_wrap\">\r\n\t\t\t<span class=\"sby_video_title\">\ud83d\udd25 ISSAC DELGADO - \u201cLA SANDUNGUITA\u201d | En Vivo desde El Malec\u00f3n | EL CH\u00c9VERE DE LA SALSA<\/span>\r\n\t\t<\/p>\r\n\t\r\n\t\r\n\t\r\n\t\r\n<\/div>\r\n            <\/div>\r\n<\/div><div class=\"sby_item  sby_new sby_transition sby_no_margin\" id=\"sby_VVU3aXFhYWtSWHRyeUZnbTlWOEdfck1nLnREa2Zscm1Da3pr\" data-date=\"1787933292\" data-video-id=\"tDkflrmCkzk\" data-video-title=\"\ud83d\udd25 ISSAC DELGADO \u201c\u00bfQU\u00c9 PASA LOCO?\u201d | EL CH\u00c9VERE DE LA SALSA | SALSA CUBANA DE PRIMER NIVEL\" data-live-date=\"0\">\r\n    <div class=\"sby_inner_item\">\r\n        <div class=\"sby_video_thumbnail_wrap sby_item_video_thumbnail_wrap\">\r\n            <a class=\"sby_video_thumbnail sby_item_video_thumbnail\" href=\"https:\/\/www.youtube.com\/watch?v=tDkflrmCkzk\" target=\"_blank\" rel=\"noopener\" data-full-res=\"https:\/\/i.ytimg.com\/vi\/tDkflrmCkzk\/maxresdefault.jpg\" data-img-src-set=\"{&quot;120&quot;:&quot;https:\\\/\\\/i.ytimg.com\\\/vi\\\/tDkflrmCkzk\\\/default.jpg&quot;,&quot;320&quot;:&quot;https:\\\/\\\/i.ytimg.com\\\/vi\\\/tDkflrmCkzk\\\/mqdefault.jpg&quot;,&quot;480&quot;:&quot;https:\\\/\\\/i.ytimg.com\\\/vi\\\/tDkflrmCkzk\\\/hqdefault.jpg&quot;,&quot;640&quot;:&quot;https:\\\/\\\/i.ytimg.com\\\/vi\\\/tDkflrmCkzk\\\/sddefault.jpg&quot;}\" data-video-id=\"tDkflrmCkzk\"  data-user=\"Cuban Music by Envidia\" data-url=\"https:\/\/www.youtube.com\/watch?v=tDkflrmCkzk\" data-avatar=\"https:\/\/yt3.ggpht.com\/ytc\/AIdro_kZd0kAhwcZ-1wwJcqIR5ko26tZW1b8I77FLo7srX7VcQ=s88-c-k-c0x00ffffff-no-rj\" data-title=\"\ud83d\udd25 SEMANA ESPECIAL: ISSAC DELGADO \u2014 \u201cEL CH\u00c9VERE DE LA SALSA\u201d \ud83d\udd25&lt;br \/&gt;\n&lt;br \/&gt;\nContinuamos nuestra semana dedicada a una de las voces imprescindibles de la m\u00fasica popular cubana:&lt;br \/&gt;\n&lt;br \/&gt;\n\ud83c\udfa4 ISSAC DELGADO.&lt;br \/&gt;\n&lt;br \/&gt;\nDespu\u00e9s de comenzar esta selecci\u00f3n con \u201cLa Chica del Sol\u201d, llega ahora uno de esos t\u00edtulos que forman parte del repertorio imprescindible de El Ch\u00e9vere de la Salsa:&lt;br \/&gt;\n&lt;br \/&gt;\n\ud83d\udd25 \u201c\u00bfQU\u00c9 PASA LOCO?\u201d&lt;br \/&gt;\n&lt;br \/&gt;\nIssac Delgado representa una etapa fundamental de la m\u00fasica cubana: una generaci\u00f3n de artistas que llev\u00f3 la tradici\u00f3n del son y la salsa hacia una sonoridad moderna, urbana, sofisticada y profundamente bailable.&lt;br \/&gt;\n&lt;br \/&gt;\nSu manera de frasear, su presencia esc\u00e9nica y su personalidad vocal hicieron de Issac Delgado uno de los grandes nombres de la m\u00fasica cubana de las \u00faltimas d\u00e9cadas.&lt;br \/&gt;\n&lt;br \/&gt;\nY \u201c\u00bfQu\u00e9 Pasa Loco?\u201d es puro car\u00e1cter.&lt;br \/&gt;\n&lt;br \/&gt;\n\ud83d\udca5 Ritmo, sabor, energ\u00eda y esa manera inconfundible de interpretar que convirti\u00f3 a Issac en uno de los grandes referentes de la m\u00fasica bailable cubana.&lt;br \/&gt;\n&lt;br \/&gt;\n\ud83d\udcfa Suscr\u00edbete a CUBAN MUSIC BY ENVIDIA para no perderte el tercer cap\u00edtulo de esta selecci\u00f3n especial.&lt;br \/&gt;\n&lt;br \/&gt;\n\ud83d\udc49 CUBAN MUSIC BY ENVIDIA:&lt;br \/&gt;\nhttps:\/\/www.youtube.com\/@CubanMusicbyEnvidia&lt;br \/&gt;\n&lt;br \/&gt;\n\ud83d\udcfa M\u00e1s m\u00fasica, historia y memoria de Cuba en:&lt;br \/&gt;\nhttps:\/\/www.youtube.com\/@cubalostandfound&lt;br \/&gt;\n&lt;br \/&gt;\n\ud83d\udcac \u00bfQU\u00c9 PASA LOCO? \u00bfLa recuerdas?&lt;br \/&gt;\nCu\u00e9ntanos d\u00f3nde la escuchaste por primera vez y qu\u00e9 significa para ti Issac Delgado.&lt;br \/&gt;\n&lt;br \/&gt;\n\ud83d\udce2 Comparte este v\u00eddeo. La m\u00fasica cubana tambi\u00e9n se conserva haciendo que vuelva a sonar.&lt;br \/&gt;\n&lt;br \/&gt;\n#IssacDelgado #QuePasaLoco #ElChevereDeLaSalsa #MusicaCubana #SalsaCubana #CubanMusic #Timba #Salsa #Cuba #CubanMusicByEnvidia #EnvidiaRecords #MusicaBailable #MusicaLatina\" data-video-title=\"\ud83d\udd25 ISSAC DELGADO \u201c\u00bfQU\u00c9 PASA LOCO?\u201d | EL CH\u00c9VERE DE LA SALSA | SALSA CUBANA DE PRIMER NIVEL\">\r\n                <img decoding=\"async\" src=\"https:\/\/envidialujuriamusic.com\/wp-content\/plugins\/youtube-feed-pro\/img\/placeholder.png\" alt=\"\ud83d\udd25 SEMANA ESPECIAL: ISSAC DELGADO \u2014 \u201cEL CH\u00c9VERE DE LA SALSA\u201d \ud83d\udd25\n\nContinuamos nuestra semana dedicada a una de las voces imprescindibles de la m\u00fasica popular cubana:\n\n\ud83c\udfa4 ISSAC DELGADO.\n\nDespu\u00e9s de comenzar esta selecci\u00f3n con \u201cLa Chica del Sol\u201d, llega ahora uno de esos t\u00edtulos que forman parte del repertorio imprescindible de El Ch\u00e9vere de la Salsa:\n\n\ud83d\udd25 \u201c\u00bfQU\u00c9 PASA LOCO?\u201d\n\nIssac Delgado representa una etapa fundamental de la m\u00fasica cubana: una generaci\u00f3n de artistas que llev\u00f3 la tradici\u00f3n del son y la salsa hacia una sonoridad moderna, urbana, sofisticada y profundamente bailable.\n\nSu manera de frasear, su presencia esc\u00e9nica y su personalidad vocal hicieron de Issac Delgado uno de los grandes nombres de la m\u00fasica cubana de las \u00faltimas d\u00e9cadas.\n\nY \u201c\u00bfQu\u00e9 Pasa Loco?\u201d es puro car\u00e1cter.\n\n\ud83d\udca5 Ritmo, sabor, energ\u00eda y esa manera inconfundible de interpretar que convirti\u00f3 a Issac en uno de los grandes referentes de la m\u00fasica bailable cubana.\n\n\ud83d\udcfa Suscr\u00edbete a CUBAN MUSIC BY ENVIDIA para no perderte el tercer cap\u00edtulo de esta selecci\u00f3n especial.\n\n\ud83d\udc49 CUBAN MUSIC BY ENVIDIA:\nhttps:\/\/www.youtube.com\/@CubanMusicbyEnvidia\n\n\ud83d\udcfa M\u00e1s m\u00fasica, historia y memoria de Cuba en:\nhttps:\/\/www.youtube.com\/@cubalostandfound\n\n\ud83d\udcac \u00bfQU\u00c9 PASA LOCO? \u00bfLa recuerdas?\nCu\u00e9ntanos d\u00f3nde la escuchaste por primera vez y qu\u00e9 significa para ti Issac Delgado.\n\n\ud83d\udce2 Comparte este v\u00eddeo. La m\u00fasica cubana tambi\u00e9n se conserva haciendo que vuelva a sonar.\n\n#IssacDelgado #QuePasaLoco #ElChevereDeLaSalsa #MusicaCubana #SalsaCubana #CubanMusic #Timba #Salsa #Cuba #CubanMusicByEnvidia #EnvidiaRecords #MusicaBailable #MusicaLatina\">\r\n\r\n                <div class=\"sby_thumbnail_hover sby_item_video_thumbnail_hover\">\r\n                    <div class=\"sby_thumbnail_hover_inner\">\r\n                        \r\n                        \r\n                                                <p class=\"sby_meta\" >\r\n\r\n                                                                                    <span class=\"sby_view_count\">902 views<\/span>\r\n                                                                                    <span class=\"sby_date sby_live_broadcast_type_none\">28 agosto, 2026 4:08 pm<\/span>\r\n                            \r\n                        <\/p>\r\n                        \r\n                                                    <p class=\"sby_caption\" >\ud83d\udd25 SEMANA ESPECIAL: ISSAC DELGADO \u2014 \u201cEL CH\u00c9VERE DE LA SALSA\u201d \ud83d\udd25<br>\n<br>\nContinuamos nuestra semana dedicada a una de las voces imprescindibles de la m\u00fasica popular cubana:<br>\n<br>\n\ud83c\udfa4 ISSAC DELGADO.<br>\n<br>\nDespu\u00e9s de comenzar esta selecci\u00f3n con \u201cLa Chica del Sol\u201d, llega ahora uno de esos t\u00edtulos que forman parte del repertorio imprescindible de El Ch\u00e9vere de la Salsa:<br>\n<br>\n\ud83d\udd25 \u201c\u00bfQU\u00c9 PASA LOCO?\u201d<br>\n<br>\nIssac Delgado representa una etapa fundamental de la m\u00fasica cubana: una generaci\u00f3n de artistas que llev\u00f3 la tradici\u00f3n del son y la salsa hacia una sonoridad moderna, urbana, sofisticada y profundamente bailable.<br>\n<br>\nSu manera de frasear, su presencia esc\u00e9nica y su personalidad vocal hicieron de Issac Delgado uno de los grandes nombres de la m\u00fasica cubana de las \u00faltimas d\u00e9cadas.<br>\n<br>\nY \u201c\u00bfQu\u00e9 Pasa Loco?\u201d es puro car\u00e1cter.<br>\n<br>\n\ud83d\udca5 Ritmo, sabor, energ\u00eda y esa manera inconfundible de interpretar que convirti\u00f3 a Issac en uno de los grandes referentes de la m\u00fasica bailable cubana.<br>\n<br>\n\ud83d\udcfa Suscr\u00edbete a CUBAN MUSIC BY ENVIDIA para no perderte el tercer cap\u00edtulo de esta selecci\u00f3n especial.<br>\n<br>\n\ud83d\udc49 CUBAN MUSIC BY ENVIDIA:<br>\nhttps:\/\/www.youtube.com\/@CubanMusicbyEnvidia<br>\n<br>\n\ud83d\udcfa M\u00e1s m\u00fasica, historia y memoria de Cuba en:<br>\nhttps:\/\/www.youtube.com\/@cubalostandfound<br>\n<br>\n\ud83d\udcac \u00bfQU\u00c9 PASA LOCO? \u00bfLa recuerdas?<br>\nCu\u00e9ntanos d\u00f3nde la escuchaste por primera vez y qu\u00e9 significa para ti Issac Delgado.<br>\n<br>\n\ud83d\udce2 Comparte este v\u00eddeo. La m\u00fasica cubana tambi\u00e9n se conserva haciendo que vuelva a sonar.<br>\n<br>\n#IssacDelgado #QuePasaLoco #ElChevereDeLaSalsa #MusicaCubana #SalsaCubana #CubanMusic #Timba #Salsa #Cuba #CubanMusicByEnvidia #EnvidiaRecords #MusicaBailable #MusicaLatina<\/p>\r\n                        \r\n                                                <p class=\"sby_stats\" >\r\n                            <span class=\"sby_likes\" >\r\n                            <svg  class=\"svg-inline--fa fa-heart fa-w-18\" aria-hidden=\"true\" data-fa-processed=\"\" data-prefix=\"fa\" data-icon=\"heart\" role=\"presentation\" xmlns=\"http:\/\/www.w3.org\/2000\/svg\" viewBox=\"0 0 576 512\"><path fill=\"currentColor\" d=\"M414.9 24C361.8 24 312 65.7 288 89.3 264 65.7 214.2 24 161.1 24 70.3 24 16 76.9 16 165.5c0 72.6 66.8 133.3 69.2 135.4l187 180.8c8.8 8.5 22.8 8.5 31.6 0l186.7-180.2c2.7-2.7 69.5-63.5 69.5-136C560 76.9 505.7 24 414.9 24z\"><\/path><\/svg>                                <span class=\"sby_like_count\">35<\/span>\r\n                            <\/span>\r\n                            <span class=\"sby_comments\" >\r\n                                <svg  class=\"svg-inline--fa fa-comment fa-w-18\" aria-hidden=\"true\" data-fa-processed=\"\" data-prefix=\"fa\" data-icon=\"comment\" role=\"presentation\" xmlns=\"http:\/\/www.w3.org\/2000\/svg\" viewBox=\"0 0 576 512\"><path fill=\"currentColor\" d=\"M576 240c0 115-129 208-288 208-48.3 0-93.9-8.6-133.9-23.8-40.3 31.2-89.8 50.3-142.4 55.7-5.2.6-10.2-2.8-11.5-7.7-1.3-5 2.7-8.1 6.6-11.8 19.3-18.4 42.7-32.8 51.9-94.6C21.9 330.9 0 287.3 0 240 0 125.1 129 32 288 32s288 93.1 288 208z\"><\/path><\/svg>                                <span class=\"sby_comment_count\">1<\/span>\r\n                            <\/span>\r\n                        <\/p>\r\n                        \r\n                    <\/div>\r\n                <\/div>\r\n\r\n                <span class=\"sby-screenreader\">V\u00eddeo de YouTube VVU3aXFhYWtSWHRyeUZnbTlWOEdfck1nLnREa2Zscm1Da3pr<\/span>\r\n                                    <div class=\"sby_play_btn\">\r\n                        <span class=\"sby_play_btn_bg\"><\/span>\r\n                    <svg aria-hidden=\"true\" focusable=\"false\" data-prefix=\"fab\" data-icon=\"youtube\" role=\"img\" xmlns=\"http:\/\/www.w3.org\/2000\/svg\" viewBox=\"0 0 576 512\" class=\"svg-inline--fa fa-youtube fa-w-18\"><path fill=\"currentColor\" d=\"M549.655 124.083c-6.281-23.65-24.787-42.276-48.284-48.597C458.781 64 288 64 288 64S117.22 64 74.629 75.486c-23.497 6.322-42.003 24.947-48.284 48.597-11.412 42.867-11.412 132.305-11.412 132.305s0 89.438 11.412 132.305c6.281 23.65 24.787 41.5 48.284 47.821C117.22 448 288 448 288 448s170.78 0 213.371-11.486c23.497-6.321 42.003-24.171 48.284-47.821 11.412-42.867 11.412-132.305 11.412-132.305s0-89.438-11.412-132.305zm-317.51 213.508V175.185l142.739 81.205-142.739 81.201z\" class=\"\"><\/path><\/svg>                    <\/div>\r\n                                <span class=\"sby_loader sby_hidden\" style=\"background-color: rgb(255, 255, 255);\"><\/span>\r\n            <\/a>\r\n\r\n            \r\n        <\/div>\r\n\r\n        <div class=\"sby_info sby_info_item\">\r\n\r\n\t\t\t<p class=\"sby_video_title_wrap\">\r\n\t\t\t<span class=\"sby_video_title\">\ud83d\udd25 ISSAC DELGADO \u201c\u00bfQU\u00c9 PASA LOCO?\u201d | EL CH\u00c9VERE DE LA SALSA | SALSA CUBANA DE PRIMER NIVEL<\/span>\r\n\t\t<\/p>\r\n\t\r\n\t\r\n\t\r\n\t\r\n<\/div>\r\n            <\/div>\r\n<\/div><div class=\"sby_item  sby_new sby_transition sby_no_margin\" id=\"sby_VVU3aXFhYWtSWHRyeUZnbTlWOEdfck1nLll0bHlXZGJZdWIw\" data-date=\"1787861895\" data-video-id=\"YtlyWdbYub0\" data-video-title=\"\ud83d\udd25 ISSAC DELGADO \u201c\u00bfQU\u00c9 PASA LOCO?\u201d | EL CH\u00c9VERE DE LA SALSA | SALSA CUBANA DE PRIMER NIVEL\" data-live-date=\"0\">\r\n    <div class=\"sby_inner_item\">\r\n        <div class=\"sby_video_thumbnail_wrap sby_item_video_thumbnail_wrap\">\r\n            <a class=\"sby_video_thumbnail sby_item_video_thumbnail\" href=\"https:\/\/www.youtube.com\/watch?v=YtlyWdbYub0\" target=\"_blank\" rel=\"noopener\" data-full-res=\"https:\/\/i.ytimg.com\/vi\/YtlyWdbYub0\/maxresdefault.jpg\" data-img-src-set=\"{&quot;120&quot;:&quot;https:\\\/\\\/i.ytimg.com\\\/vi\\\/YtlyWdbYub0\\\/default.jpg&quot;,&quot;320&quot;:&quot;https:\\\/\\\/i.ytimg.com\\\/vi\\\/YtlyWdbYub0\\\/mqdefault.jpg&quot;,&quot;480&quot;:&quot;https:\\\/\\\/i.ytimg.com\\\/vi\\\/YtlyWdbYub0\\\/hqdefault.jpg&quot;,&quot;640&quot;:&quot;https:\\\/\\\/i.ytimg.com\\\/vi\\\/YtlyWdbYub0\\\/sddefault.jpg&quot;}\" data-video-id=\"YtlyWdbYub0\"  data-user=\"Cuban Music by Envidia\" data-url=\"https:\/\/www.youtube.com\/watch?v=YtlyWdbYub0\" data-avatar=\"https:\/\/yt3.ggpht.com\/ytc\/AIdro_kZd0kAhwcZ-1wwJcqIR5ko26tZW1b8I77FLo7srX7VcQ=s88-c-k-c0x00ffffff-no-rj\" data-title=\"\ud83d\udd25 SEMANA ESPECIAL: ISSAC DELGADO \u2014 \u201cEL CH\u00c9VERE DE LA SALSA\u201d \ud83d\udd25&lt;br \/&gt;\n&lt;br \/&gt;\nContinuamos nuestra semana dedicada a una de las voces imprescindibles de la m\u00fasica popular cubana:&lt;br \/&gt;\n&lt;br \/&gt;\n\ud83c\udfa4 ISSAC DELGADO.&lt;br \/&gt;\n&lt;br \/&gt;\nDespu\u00e9s de comenzar esta selecci\u00f3n con \u201cLa Chica del Sol\u201d, llega ahora uno de esos t\u00edtulos que forman parte del repertorio imprescindible de El Ch\u00e9vere de la Salsa:&lt;br \/&gt;\n&lt;br \/&gt;\n\ud83d\udd25 \u201c\u00bfQU\u00c9 PASA LOCO?\u201d&lt;br \/&gt;\n&lt;br \/&gt;\nIssac Delgado representa una etapa fundamental de la m\u00fasica cubana: una generaci\u00f3n de artistas que llev\u00f3 la tradici\u00f3n del son y la salsa hacia una sonoridad moderna, urbana, sofisticada y profundamente bailable.&lt;br \/&gt;\n&lt;br \/&gt;\nSu manera de frasear, su presencia esc\u00e9nica y su personalidad vocal hicieron de Issac Delgado uno de los grandes nombres de la m\u00fasica cubana de las \u00faltimas d\u00e9cadas.&lt;br \/&gt;\n&lt;br \/&gt;\nY \u201c\u00bfQu\u00e9 Pasa Loco?\u201d es puro car\u00e1cter.&lt;br \/&gt;\n&lt;br \/&gt;\n\ud83d\udca5 Ritmo, sabor, energ\u00eda y esa manera inconfundible de interpretar que convirti\u00f3 a Issac en uno de los grandes referentes de la m\u00fasica bailable cubana.&lt;br \/&gt;\n&lt;br \/&gt;\n\ud83d\udcfa Suscr\u00edbete a CUBAN MUSIC BY ENVIDIA para no perderte el tercer cap\u00edtulo de esta selecci\u00f3n especial.&lt;br \/&gt;\n&lt;br \/&gt;\n\ud83d\udc49 CUBAN MUSIC BY ENVIDIA:&lt;br \/&gt;\nhttps:\/\/www.youtube.com\/@CubanMusicbyEnvidia&lt;br \/&gt;\n&lt;br \/&gt;\n\ud83d\udcfa M\u00e1s m\u00fasica, historia y memoria de Cuba en:&lt;br \/&gt;\nhttps:\/\/www.youtube.com\/@cubalostandfound&lt;br \/&gt;\n&lt;br \/&gt;\n\ud83d\udcac \u00bfQU\u00c9 PASA LOCO? \u00bfLa recuerdas?&lt;br \/&gt;\nCu\u00e9ntanos d\u00f3nde la escuchaste por primera vez y qu\u00e9 significa para ti Issac Delgado.&lt;br \/&gt;\n&lt;br \/&gt;\n\ud83d\udce2 Comparte este v\u00eddeo. La m\u00fasica cubana tambi\u00e9n se conserva haciendo que vuelva a sonar.&lt;br \/&gt;\n&lt;br \/&gt;\n#IssacDelgado #QuePasaLoco #ElChevereDeLaSalsa #MusicaCubana #SalsaCubana #CubanMusic #Timba #Salsa #Cuba #CubanMusicByEnvidia #EnvidiaRecords #MusicaBailable #MusicaLatina\" data-video-title=\"\ud83d\udd25 ISSAC DELGADO \u201c\u00bfQU\u00c9 PASA LOCO?\u201d | EL CH\u00c9VERE DE LA SALSA | SALSA CUBANA DE PRIMER NIVEL\">\r\n                <img decoding=\"async\" src=\"https:\/\/envidialujuriamusic.com\/wp-content\/plugins\/youtube-feed-pro\/img\/placeholder.png\" alt=\"\ud83d\udd25 SEMANA ESPECIAL: ISSAC DELGADO \u2014 \u201cEL CH\u00c9VERE DE LA SALSA\u201d \ud83d\udd25\n\nContinuamos nuestra semana dedicada a una de las voces imprescindibles de la m\u00fasica popular cubana:\n\n\ud83c\udfa4 ISSAC DELGADO.\n\nDespu\u00e9s de comenzar esta selecci\u00f3n con \u201cLa Chica del Sol\u201d, llega ahora uno de esos t\u00edtulos que forman parte del repertorio imprescindible de El Ch\u00e9vere de la Salsa:\n\n\ud83d\udd25 \u201c\u00bfQU\u00c9 PASA LOCO?\u201d\n\nIssac Delgado representa una etapa fundamental de la m\u00fasica cubana: una generaci\u00f3n de artistas que llev\u00f3 la tradici\u00f3n del son y la salsa hacia una sonoridad moderna, urbana, sofisticada y profundamente bailable.\n\nSu manera de frasear, su presencia esc\u00e9nica y su personalidad vocal hicieron de Issac Delgado uno de los grandes nombres de la m\u00fasica cubana de las \u00faltimas d\u00e9cadas.\n\nY \u201c\u00bfQu\u00e9 Pasa Loco?\u201d es puro car\u00e1cter.\n\n\ud83d\udca5 Ritmo, sabor, energ\u00eda y esa manera inconfundible de interpretar que convirti\u00f3 a Issac en uno de los grandes referentes de la m\u00fasica bailable cubana.\n\n\ud83d\udcfa Suscr\u00edbete a CUBAN MUSIC BY ENVIDIA para no perderte el tercer cap\u00edtulo de esta selecci\u00f3n especial.\n\n\ud83d\udc49 CUBAN MUSIC BY ENVIDIA:\nhttps:\/\/www.youtube.com\/@CubanMusicbyEnvidia\n\n\ud83d\udcfa M\u00e1s m\u00fasica, historia y memoria de Cuba en:\nhttps:\/\/www.youtube.com\/@cubalostandfound\n\n\ud83d\udcac \u00bfQU\u00c9 PASA LOCO? \u00bfLa recuerdas?\nCu\u00e9ntanos d\u00f3nde la escuchaste por primera vez y qu\u00e9 significa para ti Issac Delgado.\n\n\ud83d\udce2 Comparte este v\u00eddeo. La m\u00fasica cubana tambi\u00e9n se conserva haciendo que vuelva a sonar.\n\n#IssacDelgado #QuePasaLoco #ElChevereDeLaSalsa #MusicaCubana #SalsaCubana #CubanMusic #Timba #Salsa #Cuba #CubanMusicByEnvidia #EnvidiaRecords #MusicaBailable #MusicaLatina\">\r\n\r\n                <div class=\"sby_thumbnail_hover sby_item_video_thumbnail_hover\">\r\n                    <div class=\"sby_thumbnail_hover_inner\">\r\n                        \r\n                        \r\n                                                <p class=\"sby_meta\" >\r\n\r\n                                                                                    <span class=\"sby_view_count\">436 views<\/span>\r\n                                                                                    <span class=\"sby_date sby_live_broadcast_type_none\">27 agosto, 2026 8:18 pm<\/span>\r\n                            \r\n                        <\/p>\r\n                        \r\n                                                    <p class=\"sby_caption\" >\ud83d\udd25 SEMANA ESPECIAL: ISSAC DELGADO \u2014 \u201cEL CH\u00c9VERE DE LA SALSA\u201d \ud83d\udd25<br>\n<br>\nContinuamos nuestra semana dedicada a una de las voces imprescindibles de la m\u00fasica popular cubana:<br>\n<br>\n\ud83c\udfa4 ISSAC DELGADO.<br>\n<br>\nDespu\u00e9s de comenzar esta selecci\u00f3n con \u201cLa Chica del Sol\u201d, llega ahora uno de esos t\u00edtulos que forman parte del repertorio imprescindible de El Ch\u00e9vere de la Salsa:<br>\n<br>\n\ud83d\udd25 \u201c\u00bfQU\u00c9 PASA LOCO?\u201d<br>\n<br>\nIssac Delgado representa una etapa fundamental de la m\u00fasica cubana: una generaci\u00f3n de artistas que llev\u00f3 la tradici\u00f3n del son y la salsa hacia una sonoridad moderna, urbana, sofisticada y profundamente bailable.<br>\n<br>\nSu manera de frasear, su presencia esc\u00e9nica y su personalidad vocal hicieron de Issac Delgado uno de los grandes nombres de la m\u00fasica cubana de las \u00faltimas d\u00e9cadas.<br>\n<br>\nY \u201c\u00bfQu\u00e9 Pasa Loco?\u201d es puro car\u00e1cter.<br>\n<br>\n\ud83d\udca5 Ritmo, sabor, energ\u00eda y esa manera inconfundible de interpretar que convirti\u00f3 a Issac en uno de los grandes referentes de la m\u00fasica bailable cubana.<br>\n<br>\n\ud83d\udcfa Suscr\u00edbete a CUBAN MUSIC BY ENVIDIA para no perderte el tercer cap\u00edtulo de esta selecci\u00f3n especial.<br>\n<br>\n\ud83d\udc49 CUBAN MUSIC BY ENVIDIA:<br>\nhttps:\/\/www.youtube.com\/@CubanMusicbyEnvidia<br>\n<br>\n\ud83d\udcfa M\u00e1s m\u00fasica, historia y memoria de Cuba en:<br>\nhttps:\/\/www.youtube.com\/@cubalostandfound<br>\n<br>\n\ud83d\udcac \u00bfQU\u00c9 PASA LOCO? \u00bfLa recuerdas?<br>\nCu\u00e9ntanos d\u00f3nde la escuchaste por primera vez y qu\u00e9 significa para ti Issac Delgado.<br>\n<br>\n\ud83d\udce2 Comparte este v\u00eddeo. La m\u00fasica cubana tambi\u00e9n se conserva haciendo que vuelva a sonar.<br>\n<br>\n#IssacDelgado #QuePasaLoco #ElChevereDeLaSalsa #MusicaCubana #SalsaCubana #CubanMusic #Timba #Salsa #Cuba #CubanMusicByEnvidia #EnvidiaRecords #MusicaBailable #MusicaLatina<\/p>\r\n                        \r\n                                                <p class=\"sby_stats\" >\r\n                            <span class=\"sby_likes\" >\r\n                            <svg  class=\"svg-inline--fa fa-heart fa-w-18\" aria-hidden=\"true\" data-fa-processed=\"\" data-prefix=\"fa\" data-icon=\"heart\" role=\"presentation\" xmlns=\"http:\/\/www.w3.org\/2000\/svg\" viewBox=\"0 0 576 512\"><path fill=\"currentColor\" d=\"M414.9 24C361.8 24 312 65.7 288 89.3 264 65.7 214.2 24 161.1 24 70.3 24 16 76.9 16 165.5c0 72.6 66.8 133.3 69.2 135.4l187 180.8c8.8 8.5 22.8 8.5 31.6 0l186.7-180.2c2.7-2.7 69.5-63.5 69.5-136C560 76.9 505.7 24 414.9 24z\"><\/path><\/svg>                                <span class=\"sby_like_count\">5<\/span>\r\n                            <\/span>\r\n                            <span class=\"sby_comments\" >\r\n                                <svg  class=\"svg-inline--fa fa-comment fa-w-18\" aria-hidden=\"true\" data-fa-processed=\"\" data-prefix=\"fa\" data-icon=\"comment\" role=\"presentation\" xmlns=\"http:\/\/www.w3.org\/2000\/svg\" viewBox=\"0 0 576 512\"><path fill=\"currentColor\" d=\"M576 240c0 115-129 208-288 208-48.3 0-93.9-8.6-133.9-23.8-40.3 31.2-89.8 50.3-142.4 55.7-5.2.6-10.2-2.8-11.5-7.7-1.3-5 2.7-8.1 6.6-11.8 19.3-18.4 42.7-32.8 51.9-94.6C21.9 330.9 0 287.3 0 240 0 125.1 129 32 288 32s288 93.1 288 208z\"><\/path><\/svg>                                <span class=\"sby_comment_count\">1<\/span>\r\n                            <\/span>\r\n                        <\/p>\r\n                        \r\n                    <\/div>\r\n                <\/div>\r\n\r\n                <span class=\"sby-screenreader\">V\u00eddeo de YouTube VVU3aXFhYWtSWHRyeUZnbTlWOEdfck1nLll0bHlXZGJZdWIw<\/span>\r\n                                    <div class=\"sby_play_btn\">\r\n                        <span class=\"sby_play_btn_bg\"><\/span>\r\n                    <svg aria-hidden=\"true\" focusable=\"false\" data-prefix=\"fab\" data-icon=\"youtube\" role=\"img\" xmlns=\"http:\/\/www.w3.org\/2000\/svg\" viewBox=\"0 0 576 512\" class=\"svg-inline--fa fa-youtube fa-w-18\"><path fill=\"currentColor\" d=\"M549.655 124.083c-6.281-23.65-24.787-42.276-48.284-48.597C458.781 64 288 64 288 64S117.22 64 74.629 75.486c-23.497 6.322-42.003 24.947-48.284 48.597-11.412 42.867-11.412 132.305-11.412 132.305s0 89.438 11.412 132.305c6.281 23.65 24.787 41.5 48.284 47.821C117.22 448 288 448 288 448s170.78 0 213.371-11.486c23.497-6.321 42.003-24.171 48.284-47.821 11.412-42.867 11.412-132.305 11.412-132.305s0-89.438-11.412-132.305zm-317.51 213.508V175.185l142.739 81.205-142.739 81.201z\" class=\"\"><\/path><\/svg>                    <\/div>\r\n                                <span class=\"sby_loader sby_hidden\" style=\"background-color: rgb(255, 255, 255);\"><\/span>\r\n            <\/a>\r\n\r\n            \r\n        <\/div>\r\n\r\n        <div class=\"sby_info sby_info_item\">\r\n\r\n\t\t\t<p class=\"sby_video_title_wrap\">\r\n\t\t\t<span class=\"sby_video_title\">\ud83d\udd25 ISSAC DELGADO \u201c\u00bfQU\u00c9 PASA LOCO?\u201d | EL CH\u00c9VERE DE LA SALSA | SALSA CUBANA DE PRIMER NIVEL<\/span>\r\n\t\t<\/p>\r\n\t\r\n\t\r\n\t\r\n\t\r\n<\/div>\r\n            <\/div>\r\n<\/div><div class=\"sby_item  sby_new sby_transition sby_no_margin\" id=\"sby_VVU3aXFhYWtSWHRyeUZnbTlWOEdfck1nLlRTWGc5ejl0RlZv\" data-date=\"1787752833\" data-video-id=\"TSXg9z9tFVo\" data-video-title=\"\ud83d\udd25 ISSAC DELGADO \u201cLA CHICA DEL SOL\u201d \u2600\ufe0f | EL CH\u00c9VERE DE LA SALSA | CUBAN MUSIC BY ENVIDIA\" data-live-date=\"0\">\r\n    <div class=\"sby_inner_item\">\r\n        <div class=\"sby_video_thumbnail_wrap sby_item_video_thumbnail_wrap\">\r\n            <a class=\"sby_video_thumbnail sby_item_video_thumbnail\" href=\"https:\/\/www.youtube.com\/watch?v=TSXg9z9tFVo\" target=\"_blank\" rel=\"noopener\" data-full-res=\"https:\/\/i.ytimg.com\/vi\/TSXg9z9tFVo\/maxresdefault.jpg\" data-img-src-set=\"{&quot;120&quot;:&quot;https:\\\/\\\/i.ytimg.com\\\/vi\\\/TSXg9z9tFVo\\\/default.jpg&quot;,&quot;320&quot;:&quot;https:\\\/\\\/i.ytimg.com\\\/vi\\\/TSXg9z9tFVo\\\/mqdefault.jpg&quot;,&quot;480&quot;:&quot;https:\\\/\\\/i.ytimg.com\\\/vi\\\/TSXg9z9tFVo\\\/hqdefault.jpg&quot;,&quot;640&quot;:&quot;https:\\\/\\\/i.ytimg.com\\\/vi\\\/TSXg9z9tFVo\\\/sddefault.jpg&quot;}\" data-video-id=\"TSXg9z9tFVo\"  data-user=\"Cuban Music by Envidia\" data-url=\"https:\/\/www.youtube.com\/watch?v=TSXg9z9tFVo\" data-avatar=\"https:\/\/yt3.ggpht.com\/ytc\/AIdro_kZd0kAhwcZ-1wwJcqIR5ko26tZW1b8I77FLo7srX7VcQ=s88-c-k-c0x00ffffff-no-rj\" data-title=\"\ud83d\udd25 SEMANA ESPECIAL: ISSAC DELGADO \u2014 \u201cEL CH\u00c9VERE DE LA SALSA\u201d \ud83d\udd25&lt;br \/&gt;\n&lt;br \/&gt;\nHay voces que forman parte de una \u00e9poca. Y hay artistas que consiguen convertirse en una referencia de toda una generaci\u00f3n.&lt;br \/&gt;\n&lt;br \/&gt;\nIssac Delgado es, sin duda, uno de ellos.&lt;br \/&gt;\n&lt;br \/&gt;\nEsta semana en CUBAN MUSIC BY ENVIDIA recuperamos tres grandes momentos de la carrera de \u201cEl Ch\u00e9vere de la Salsa\u201d, uno de los int\u00e9rpretes fundamentales para entender la evoluci\u00f3n de la m\u00fasica popular bailable cubana y su conexi\u00f3n con la salsa internacional.&lt;br \/&gt;\n&lt;br \/&gt;\n\u2600\ufe0f Hoy comenzamos con \u201cLA CHICA DEL SOL\u201d, un tema lleno de sabor, elegancia y ese sello interpretativo que convirti\u00f3 a Issac Delgado en una de las voces m\u00e1s reconocibles de la m\u00fasica cubana contempor\u00e1nea.&lt;br \/&gt;\n&lt;br \/&gt;\nUna oportunidad para volver a escuchar a Issac en toda su dimensi\u00f3n: voz, personalidad, cadencia y ese particular modo de entender la m\u00fasica cubana que siempre lo ha distinguido.&lt;br \/&gt;\n&lt;br \/&gt;\n\ud83c\udfb6 ISSAC DELGADO \u2014 EL CH\u00c9VERE DE LA SALSA.&lt;br \/&gt;\n&lt;br \/&gt;\nY esto es solamente el comienzo.&lt;br \/&gt;\n&lt;br \/&gt;\n\ud83d\udcfa Suscr\u00edbete a CUBAN MUSIC BY ENVIDIA y acomp\u00e1\u00f1anos durante toda esta semana especial dedicada a Issac Delgado.&lt;br \/&gt;\n&lt;br \/&gt;\n\ud83d\udc49 CUBAN MUSIC BY ENVIDIA:&lt;br \/&gt;\nhttps:\/\/www.youtube.com\/@CubanMusicbyEnvidia&lt;br \/&gt;\n&lt;br \/&gt;\n\ud83d\udcfa Y descubre tambi\u00e9n nuestro archivo de memoria musical:&lt;br \/&gt;\nhttps:\/\/www.youtube.com\/@cubalostandfound&lt;br \/&gt;\n&lt;br \/&gt;\n\ud83d\udcac \u00bfCu\u00e1l es tu canci\u00f3n favorita de Issac Delgado?&lt;br \/&gt;\nD\u00e9janos tu respuesta en los comentarios.&lt;br \/&gt;\n&lt;br \/&gt;\n\ud83d\udce2 Comparte este v\u00eddeo con quien todav\u00eda sabe lo que significa bailar con el verdadero sabor de la m\u00fasica cubana.&lt;br \/&gt;\n&lt;br \/&gt;\n#IssacDelgado #LaChicaDelSol #ElChevereDeLaSalsa #MusicaCubana #SalsaCubana #CubanMusic #TimbaCubana #Salsa #Cuba #CubanMusicByEnvidia #EnvidiaRecords #MusicaPopularCubana #MusicaLatina\" data-video-title=\"\ud83d\udd25 ISSAC DELGADO \u201cLA CHICA DEL SOL\u201d \u2600\ufe0f | EL CH\u00c9VERE DE LA SALSA | CUBAN MUSIC BY ENVIDIA\">\r\n                <img decoding=\"async\" src=\"https:\/\/envidialujuriamusic.com\/wp-content\/plugins\/youtube-feed-pro\/img\/placeholder.png\" alt=\"\ud83d\udd25 SEMANA ESPECIAL: ISSAC DELGADO \u2014 \u201cEL CH\u00c9VERE DE LA SALSA\u201d \ud83d\udd25\n\nHay voces que forman parte de una \u00e9poca. Y hay artistas que consiguen convertirse en una referencia de toda una generaci\u00f3n.\n\nIssac Delgado es, sin duda, uno de ellos.\n\nEsta semana en CUBAN MUSIC BY ENVIDIA recuperamos tres grandes momentos de la carrera de \u201cEl Ch\u00e9vere de la Salsa\u201d, uno de los int\u00e9rpretes fundamentales para entender la evoluci\u00f3n de la m\u00fasica popular bailable cubana y su conexi\u00f3n con la salsa internacional.\n\n\u2600\ufe0f Hoy comenzamos con \u201cLA CHICA DEL SOL\u201d, un tema lleno de sabor, elegancia y ese sello interpretativo que convirti\u00f3 a Issac Delgado en una de las voces m\u00e1s reconocibles de la m\u00fasica cubana contempor\u00e1nea.\n\nUna oportunidad para volver a escuchar a Issac en toda su dimensi\u00f3n: voz, personalidad, cadencia y ese particular modo de entender la m\u00fasica cubana que siempre lo ha distinguido.\n\n\ud83c\udfb6 ISSAC DELGADO \u2014 EL CH\u00c9VERE DE LA SALSA.\n\nY esto es solamente el comienzo.\n\n\ud83d\udcfa Suscr\u00edbete a CUBAN MUSIC BY ENVIDIA y acomp\u00e1\u00f1anos durante toda esta semana especial dedicada a Issac Delgado.\n\n\ud83d\udc49 CUBAN MUSIC BY ENVIDIA:\nhttps:\/\/www.youtube.com\/@CubanMusicbyEnvidia\n\n\ud83d\udcfa Y descubre tambi\u00e9n nuestro archivo de memoria musical:\nhttps:\/\/www.youtube.com\/@cubalostandfound\n\n\ud83d\udcac \u00bfCu\u00e1l es tu canci\u00f3n favorita de Issac Delgado?\nD\u00e9janos tu respuesta en los comentarios.\n\n\ud83d\udce2 Comparte este v\u00eddeo con quien todav\u00eda sabe lo que significa bailar con el verdadero sabor de la m\u00fasica cubana.\n\n#IssacDelgado #LaChicaDelSol #ElChevereDeLaSalsa #MusicaCubana #SalsaCubana #CubanMusic #TimbaCubana #Salsa #Cuba #CubanMusicByEnvidia #EnvidiaRecords #MusicaPopularCubana #MusicaLatina\">\r\n\r\n                <div class=\"sby_thumbnail_hover sby_item_video_thumbnail_hover\">\r\n                    <div class=\"sby_thumbnail_hover_inner\">\r\n                        \r\n                        \r\n                                                <p class=\"sby_meta\" >\r\n\r\n                                                                                    <span class=\"sby_view_count\">1.8K views<\/span>\r\n                                                                                    <span class=\"sby_date sby_live_broadcast_type_none\">26 agosto, 2026 2:00 pm<\/span>\r\n                            \r\n                        <\/p>\r\n                        \r\n                                                    <p class=\"sby_caption\" >\ud83d\udd25 SEMANA ESPECIAL: ISSAC DELGADO \u2014 \u201cEL CH\u00c9VERE DE LA SALSA\u201d \ud83d\udd25<br>\n<br>\nHay voces que forman parte de una \u00e9poca. Y hay artistas que consiguen convertirse en una referencia de toda una generaci\u00f3n.<br>\n<br>\nIssac Delgado es, sin duda, uno de ellos.<br>\n<br>\nEsta semana en CUBAN MUSIC BY ENVIDIA recuperamos tres grandes momentos de la carrera de \u201cEl Ch\u00e9vere de la Salsa\u201d, uno de los int\u00e9rpretes fundamentales para entender la evoluci\u00f3n de la m\u00fasica popular bailable cubana y su conexi\u00f3n con la salsa internacional.<br>\n<br>\n\u2600\ufe0f Hoy comenzamos con \u201cLA CHICA DEL SOL\u201d, un tema lleno de sabor, elegancia y ese sello interpretativo que convirti\u00f3 a Issac Delgado en una de las voces m\u00e1s reconocibles de la m\u00fasica cubana contempor\u00e1nea.<br>\n<br>\nUna oportunidad para volver a escuchar a Issac en toda su dimensi\u00f3n: voz, personalidad, cadencia y ese particular modo de entender la m\u00fasica cubana que siempre lo ha distinguido.<br>\n<br>\n\ud83c\udfb6 ISSAC DELGADO \u2014 EL CH\u00c9VERE DE LA SALSA.<br>\n<br>\nY esto es solamente el comienzo.<br>\n<br>\n\ud83d\udcfa Suscr\u00edbete a CUBAN MUSIC BY ENVIDIA y acomp\u00e1\u00f1anos durante toda esta semana especial dedicada a Issac Delgado.<br>\n<br>\n\ud83d\udc49 CUBAN MUSIC BY ENVIDIA:<br>\nhttps:\/\/www.youtube.com\/@CubanMusicbyEnvidia<br>\n<br>\n\ud83d\udcfa Y descubre tambi\u00e9n nuestro archivo de memoria musical:<br>\nhttps:\/\/www.youtube.com\/@cubalostandfound<br>\n<br>\n\ud83d\udcac \u00bfCu\u00e1l es tu canci\u00f3n favorita de Issac Delgado?<br>\nD\u00e9janos tu respuesta en los comentarios.<br>\n<br>\n\ud83d\udce2 Comparte este v\u00eddeo con quien todav\u00eda sabe lo que significa bailar con el verdadero sabor de la m\u00fasica cubana.<br>\n<br>\n#IssacDelgado #LaChicaDelSol #ElChevereDeLaSalsa #MusicaCubana #SalsaCubana #CubanMusic #TimbaCubana #Salsa #Cuba #CubanMusicByEnvidia #EnvidiaRecords #MusicaPopularCubana #MusicaLatina<\/p>\r\n                        \r\n                                                <p class=\"sby_stats\" >\r\n                            <span class=\"sby_likes\" >\r\n                            <svg  class=\"svg-inline--fa fa-heart fa-w-18\" aria-hidden=\"true\" data-fa-processed=\"\" data-prefix=\"fa\" data-icon=\"heart\" role=\"presentation\" xmlns=\"http:\/\/www.w3.org\/2000\/svg\" viewBox=\"0 0 576 512\"><path fill=\"currentColor\" d=\"M414.9 24C361.8 24 312 65.7 288 89.3 264 65.7 214.2 24 161.1 24 70.3 24 16 76.9 16 165.5c0 72.6 66.8 133.3 69.2 135.4l187 180.8c8.8 8.5 22.8 8.5 31.6 0l186.7-180.2c2.7-2.7 69.5-63.5 69.5-136C560 76.9 505.7 24 414.9 24z\"><\/path><\/svg>                                <span class=\"sby_like_count\">23<\/span>\r\n                            <\/span>\r\n                            <span class=\"sby_comments\" >\r\n                                <svg  class=\"svg-inline--fa fa-comment fa-w-18\" aria-hidden=\"true\" data-fa-processed=\"\" data-prefix=\"fa\" data-icon=\"comment\" role=\"presentation\" xmlns=\"http:\/\/www.w3.org\/2000\/svg\" viewBox=\"0 0 576 512\"><path fill=\"currentColor\" d=\"M576 240c0 115-129 208-288 208-48.3 0-93.9-8.6-133.9-23.8-40.3 31.2-89.8 50.3-142.4 55.7-5.2.6-10.2-2.8-11.5-7.7-1.3-5 2.7-8.1 6.6-11.8 19.3-18.4 42.7-32.8 51.9-94.6C21.9 330.9 0 287.3 0 240 0 125.1 129 32 288 32s288 93.1 288 208z\"><\/path><\/svg>                                <span class=\"sby_comment_count\">1<\/span>\r\n                            <\/span>\r\n                        <\/p>\r\n                        \r\n                    <\/div>\r\n                <\/div>\r\n\r\n                <span class=\"sby-screenreader\">V\u00eddeo de YouTube VVU3aXFhYWtSWHRyeUZnbTlWOEdfck1nLlRTWGc5ejl0RlZv<\/span>\r\n                                    <div class=\"sby_play_btn\">\r\n                        <span class=\"sby_play_btn_bg\"><\/span>\r\n                    <svg aria-hidden=\"true\" focusable=\"false\" data-prefix=\"fab\" data-icon=\"youtube\" role=\"img\" xmlns=\"http:\/\/www.w3.org\/2000\/svg\" viewBox=\"0 0 576 512\" class=\"svg-inline--fa fa-youtube fa-w-18\"><path fill=\"currentColor\" d=\"M549.655 124.083c-6.281-23.65-24.787-42.276-48.284-48.597C458.781 64 288 64 288 64S117.22 64 74.629 75.486c-23.497 6.322-42.003 24.947-48.284 48.597-11.412 42.867-11.412 132.305-11.412 132.305s0 89.438 11.412 132.305c6.281 23.65 24.787 41.5 48.284 47.821C117.22 448 288 448 288 448s170.78 0 213.371-11.486c23.497-6.321 42.003-24.171 48.284-47.821 11.412-42.867 11.412-132.305 11.412-132.305s0-89.438-11.412-132.305zm-317.51 213.508V175.185l142.739 81.205-142.739 81.201z\" class=\"\"><\/path><\/svg>                    <\/div>\r\n                                <span class=\"sby_loader sby_hidden\" style=\"background-color: rgb(255, 255, 255);\"><\/span>\r\n            <\/a>\r\n\r\n            \r\n        <\/div>\r\n\r\n        <div class=\"sby_info sby_info_item\">\r\n\r\n\t\t\t<p class=\"sby_video_title_wrap\">\r\n\t\t\t<span class=\"sby_video_title\">\ud83d\udd25 ISSAC DELGADO \u201cLA CHICA DEL SOL\u201d \u2600\ufe0f | EL CH\u00c9VERE DE LA SALSA | CUBAN MUSIC BY ENVIDIA<\/span>\r\n\t\t<\/p>\r\n\t\r\n\t\r\n\t\r\n\t\r\n<\/div>\r\n            <\/div>\r\n<\/div><div class=\"sby_item  sby_new sby_transition sby_no_margin\" id=\"sby_VVU3aXFhYWtSWHRyeUZnbTlWOEdfck1nLmRCeExQMVVuT0ZZ\" data-date=\"1787685015\" data-video-id=\"dBxLP1UnOFY\" data-video-title=\"\ud83d\udd25 ISSAC DELGADO \u201cLA CHICA DEL SOL\u201d \u2600\ufe0f | EL CH\u00c9VERE DE LA SALSA | CUBAN MUSIC BY ENVIDIA\" data-live-date=\"0\">\r\n    <div class=\"sby_inner_item\">\r\n        <div class=\"sby_video_thumbnail_wrap sby_item_video_thumbnail_wrap\">\r\n            <a class=\"sby_video_thumbnail sby_item_video_thumbnail\" href=\"https:\/\/www.youtube.com\/watch?v=dBxLP1UnOFY\" target=\"_blank\" rel=\"noopener\" data-full-res=\"https:\/\/i.ytimg.com\/vi\/dBxLP1UnOFY\/maxresdefault.jpg\" data-img-src-set=\"{&quot;120&quot;:&quot;https:\\\/\\\/i.ytimg.com\\\/vi\\\/dBxLP1UnOFY\\\/default.jpg&quot;,&quot;320&quot;:&quot;https:\\\/\\\/i.ytimg.com\\\/vi\\\/dBxLP1UnOFY\\\/mqdefault.jpg&quot;,&quot;480&quot;:&quot;https:\\\/\\\/i.ytimg.com\\\/vi\\\/dBxLP1UnOFY\\\/hqdefault.jpg&quot;,&quot;640&quot;:&quot;https:\\\/\\\/i.ytimg.com\\\/vi\\\/dBxLP1UnOFY\\\/sddefault.jpg&quot;}\" data-video-id=\"dBxLP1UnOFY\"  data-user=\"Cuban Music by Envidia\" data-url=\"https:\/\/www.youtube.com\/watch?v=dBxLP1UnOFY\" data-avatar=\"https:\/\/yt3.ggpht.com\/ytc\/AIdro_kZd0kAhwcZ-1wwJcqIR5ko26tZW1b8I77FLo7srX7VcQ=s88-c-k-c0x00ffffff-no-rj\" data-title=\"\ud83d\udd25 SEMANA ESPECIAL: ISSAC DELGADO \u2014 \u201cEL CH\u00c9VERE DE LA SALSA\u201d \ud83d\udd25&lt;br \/&gt;\n&lt;br \/&gt;\nHay voces que forman parte de una \u00e9poca. Y hay artistas que consiguen convertirse en una referencia de toda una generaci\u00f3n.&lt;br \/&gt;\n&lt;br \/&gt;\nIssac Delgado es, sin duda, uno de ellos.&lt;br \/&gt;\n&lt;br \/&gt;\nEsta semana en CUBAN MUSIC BY ENVIDIA recuperamos tres grandes momentos de la carrera de \u201cEl Ch\u00e9vere de la Salsa\u201d, uno de los int\u00e9rpretes fundamentales para entender la evoluci\u00f3n de la m\u00fasica popular bailable cubana y su conexi\u00f3n con la salsa internacional.&lt;br \/&gt;\n&lt;br \/&gt;\n\u2600\ufe0f Hoy comenzamos con \u201cLA CHICA DEL SOL\u201d, un tema lleno de sabor, elegancia y ese sello interpretativo que convirti\u00f3 a Issac Delgado en una de las voces m\u00e1s reconocibles de la m\u00fasica cubana contempor\u00e1nea.&lt;br \/&gt;\n&lt;br \/&gt;\nUna oportunidad para volver a escuchar a Issac en toda su dimensi\u00f3n: voz, personalidad, cadencia y ese particular modo de entender la m\u00fasica cubana que siempre lo ha distinguido.&lt;br \/&gt;\n&lt;br \/&gt;\n\ud83c\udfb6 ISSAC DELGADO \u2014 EL CH\u00c9VERE DE LA SALSA.&lt;br \/&gt;\n&lt;br \/&gt;\nY esto es solamente el comienzo.&lt;br \/&gt;\n&lt;br \/&gt;\n\ud83d\udcfa Suscr\u00edbete a CUBAN MUSIC BY ENVIDIA y acomp\u00e1\u00f1anos durante toda esta semana especial dedicada a Issac Delgado.&lt;br \/&gt;\n&lt;br \/&gt;\n\ud83d\udc49 CUBAN MUSIC BY ENVIDIA:&lt;br \/&gt;\nhttps:\/\/www.youtube.com\/@CubanMusicbyEnvidia&lt;br \/&gt;\n&lt;br \/&gt;\n\ud83d\udcfa Y descubre tambi\u00e9n nuestro archivo de memoria musical:&lt;br \/&gt;\nhttps:\/\/www.youtube.com\/@cubalostandfound&lt;br \/&gt;\n&lt;br \/&gt;\n\ud83d\udcac \u00bfCu\u00e1l es tu canci\u00f3n favorita de Issac Delgado?&lt;br \/&gt;\nD\u00e9janos tu respuesta en los comentarios.&lt;br \/&gt;\n&lt;br \/&gt;\n\ud83d\udce2 Comparte este v\u00eddeo con quien todav\u00eda sabe lo que significa bailar con el verdadero sabor de la m\u00fasica cubana.&lt;br \/&gt;\n&lt;br \/&gt;\n#IssacDelgado #LaChicaDelSol #ElChevereDeLaSalsa #MusicaCubana #SalsaCubana #CubanMusic #TimbaCubana #Salsa #Cuba #CubanMusicByEnvidia #EnvidiaRecords #MusicaPopularCubana #MusicaLatina\" data-video-title=\"\ud83d\udd25 ISSAC DELGADO \u201cLA CHICA DEL SOL\u201d \u2600\ufe0f | EL CH\u00c9VERE DE LA SALSA | CUBAN MUSIC BY ENVIDIA\">\r\n                <img decoding=\"async\" src=\"https:\/\/envidialujuriamusic.com\/wp-content\/plugins\/youtube-feed-pro\/img\/placeholder.png\" alt=\"\ud83d\udd25 SEMANA ESPECIAL: ISSAC DELGADO \u2014 \u201cEL CH\u00c9VERE DE LA SALSA\u201d \ud83d\udd25\n\nHay voces que forman parte de una \u00e9poca. Y hay artistas que consiguen convertirse en una referencia de toda una generaci\u00f3n.\n\nIssac Delgado es, sin duda, uno de ellos.\n\nEsta semana en CUBAN MUSIC BY ENVIDIA recuperamos tres grandes momentos de la carrera de \u201cEl Ch\u00e9vere de la Salsa\u201d, uno de los int\u00e9rpretes fundamentales para entender la evoluci\u00f3n de la m\u00fasica popular bailable cubana y su conexi\u00f3n con la salsa internacional.\n\n\u2600\ufe0f Hoy comenzamos con \u201cLA CHICA DEL SOL\u201d, un tema lleno de sabor, elegancia y ese sello interpretativo que convirti\u00f3 a Issac Delgado en una de las voces m\u00e1s reconocibles de la m\u00fasica cubana contempor\u00e1nea.\n\nUna oportunidad para volver a escuchar a Issac en toda su dimensi\u00f3n: voz, personalidad, cadencia y ese particular modo de entender la m\u00fasica cubana que siempre lo ha distinguido.\n\n\ud83c\udfb6 ISSAC DELGADO \u2014 EL CH\u00c9VERE DE LA SALSA.\n\nY esto es solamente el comienzo.\n\n\ud83d\udcfa Suscr\u00edbete a CUBAN MUSIC BY ENVIDIA y acomp\u00e1\u00f1anos durante toda esta semana especial dedicada a Issac Delgado.\n\n\ud83d\udc49 CUBAN MUSIC BY ENVIDIA:\nhttps:\/\/www.youtube.com\/@CubanMusicbyEnvidia\n\n\ud83d\udcfa Y descubre tambi\u00e9n nuestro archivo de memoria musical:\nhttps:\/\/www.youtube.com\/@cubalostandfound\n\n\ud83d\udcac \u00bfCu\u00e1l es tu canci\u00f3n favorita de Issac Delgado?\nD\u00e9janos tu respuesta en los comentarios.\n\n\ud83d\udce2 Comparte este v\u00eddeo con quien todav\u00eda sabe lo que significa bailar con el verdadero sabor de la m\u00fasica cubana.\n\n#IssacDelgado #LaChicaDelSol #ElChevereDeLaSalsa #MusicaCubana #SalsaCubana #CubanMusic #TimbaCubana #Salsa #Cuba #CubanMusicByEnvidia #EnvidiaRecords #MusicaPopularCubana #MusicaLatina\">\r\n\r\n                <div class=\"sby_thumbnail_hover sby_item_video_thumbnail_hover\">\r\n                    <div class=\"sby_thumbnail_hover_inner\">\r\n                        \r\n                        \r\n                                                <p class=\"sby_meta\" >\r\n\r\n                                                                                    <span class=\"sby_view_count\">726 views<\/span>\r\n                                                                                    <span class=\"sby_date sby_live_broadcast_type_none\">25 agosto, 2026 7:10 pm<\/span>\r\n                            \r\n                        <\/p>\r\n                        \r\n                                                    <p class=\"sby_caption\" >\ud83d\udd25 SEMANA ESPECIAL: ISSAC DELGADO \u2014 \u201cEL CH\u00c9VERE DE LA SALSA\u201d \ud83d\udd25<br>\n<br>\nHay voces que forman parte de una \u00e9poca. Y hay artistas que consiguen convertirse en una referencia de toda una generaci\u00f3n.<br>\n<br>\nIssac Delgado es, sin duda, uno de ellos.<br>\n<br>\nEsta semana en CUBAN MUSIC BY ENVIDIA recuperamos tres grandes momentos de la carrera de \u201cEl Ch\u00e9vere de la Salsa\u201d, uno de los int\u00e9rpretes fundamentales para entender la evoluci\u00f3n de la m\u00fasica popular bailable cubana y su conexi\u00f3n con la salsa internacional.<br>\n<br>\n\u2600\ufe0f Hoy comenzamos con \u201cLA CHICA DEL SOL\u201d, un tema lleno de sabor, elegancia y ese sello interpretativo que convirti\u00f3 a Issac Delgado en una de las voces m\u00e1s reconocibles de la m\u00fasica cubana contempor\u00e1nea.<br>\n<br>\nUna oportunidad para volver a escuchar a Issac en toda su dimensi\u00f3n: voz, personalidad, cadencia y ese particular modo de entender la m\u00fasica cubana que siempre lo ha distinguido.<br>\n<br>\n\ud83c\udfb6 ISSAC DELGADO \u2014 EL CH\u00c9VERE DE LA SALSA.<br>\n<br>\nY esto es solamente el comienzo.<br>\n<br>\n\ud83d\udcfa Suscr\u00edbete a CUBAN MUSIC BY ENVIDIA y acomp\u00e1\u00f1anos durante toda esta semana especial dedicada a Issac Delgado.<br>\n<br>\n\ud83d\udc49 CUBAN MUSIC BY ENVIDIA:<br>\nhttps:\/\/www.youtube.com\/@CubanMusicbyEnvidia<br>\n<br>\n\ud83d\udcfa Y descubre tambi\u00e9n nuestro archivo de memoria musical:<br>\nhttps:\/\/www.youtube.com\/@cubalostandfound<br>\n<br>\n\ud83d\udcac \u00bfCu\u00e1l es tu canci\u00f3n favorita de Issac Delgado?<br>\nD\u00e9janos tu respuesta en los comentarios.<br>\n<br>\n\ud83d\udce2 Comparte este v\u00eddeo con quien todav\u00eda sabe lo que significa bailar con el verdadero sabor de la m\u00fasica cubana.<br>\n<br>\n#IssacDelgado #LaChicaDelSol #ElChevereDeLaSalsa #MusicaCubana #SalsaCubana #CubanMusic #TimbaCubana #Salsa #Cuba #CubanMusicByEnvidia #EnvidiaRecords #MusicaPopularCubana #MusicaLatina<\/p>\r\n                        \r\n                                                <p class=\"sby_stats\" >\r\n                            <span class=\"sby_likes\" >\r\n                            <svg  class=\"svg-inline--fa fa-heart fa-w-18\" aria-hidden=\"true\" data-fa-processed=\"\" data-prefix=\"fa\" data-icon=\"heart\" role=\"presentation\" xmlns=\"http:\/\/www.w3.org\/2000\/svg\" viewBox=\"0 0 576 512\"><path fill=\"currentColor\" d=\"M414.9 24C361.8 24 312 65.7 288 89.3 264 65.7 214.2 24 161.1 24 70.3 24 16 76.9 16 165.5c0 72.6 66.8 133.3 69.2 135.4l187 180.8c8.8 8.5 22.8 8.5 31.6 0l186.7-180.2c2.7-2.7 69.5-63.5 69.5-136C560 76.9 505.7 24 414.9 24z\"><\/path><\/svg>                                <span class=\"sby_like_count\">15<\/span>\r\n                            <\/span>\r\n                            <span class=\"sby_comments\" >\r\n                                <svg  class=\"svg-inline--fa fa-comment fa-w-18\" aria-hidden=\"true\" data-fa-processed=\"\" data-prefix=\"fa\" data-icon=\"comment\" role=\"presentation\" xmlns=\"http:\/\/www.w3.org\/2000\/svg\" viewBox=\"0 0 576 512\"><path fill=\"currentColor\" d=\"M576 240c0 115-129 208-288 208-48.3 0-93.9-8.6-133.9-23.8-40.3 31.2-89.8 50.3-142.4 55.7-5.2.6-10.2-2.8-11.5-7.7-1.3-5 2.7-8.1 6.6-11.8 19.3-18.4 42.7-32.8 51.9-94.6C21.9 330.9 0 287.3 0 240 0 125.1 129 32 288 32s288 93.1 288 208z\"><\/path><\/svg>                                <span class=\"sby_comment_count\">3<\/span>\r\n                            <\/span>\r\n                        <\/p>\r\n                        \r\n                    <\/div>\r\n                <\/div>\r\n\r\n                <span class=\"sby-screenreader\">V\u00eddeo de YouTube VVU3aXFhYWtSWHRyeUZnbTlWOEdfck1nLmRCeExQMVVuT0ZZ<\/span>\r\n                                    <div class=\"sby_play_btn\">\r\n                        <span class=\"sby_play_btn_bg\"><\/span>\r\n                    <svg aria-hidden=\"true\" focusable=\"false\" data-prefix=\"fab\" data-icon=\"youtube\" role=\"img\" xmlns=\"http:\/\/www.w3.org\/2000\/svg\" viewBox=\"0 0 576 512\" class=\"svg-inline--fa fa-youtube fa-w-18\"><path fill=\"currentColor\" d=\"M549.655 124.083c-6.281-23.65-24.787-42.276-48.284-48.597C458.781 64 288 64 288 64S117.22 64 74.629 75.486c-23.497 6.322-42.003 24.947-48.284 48.597-11.412 42.867-11.412 132.305-11.412 132.305s0 89.438 11.412 132.305c6.281 23.65 24.787 41.5 48.284 47.821C117.22 448 288 448 288 448s170.78 0 213.371-11.486c23.497-6.321 42.003-24.171 48.284-47.821 11.412-42.867 11.412-132.305 11.412-132.305s0-89.438-11.412-132.305zm-317.51 213.508V175.185l142.739 81.205-142.739 81.201z\" class=\"\"><\/path><\/svg>                    <\/div>\r\n                                <span class=\"sby_loader sby_hidden\" style=\"background-color: rgb(255, 255, 255);\"><\/span>\r\n            <\/a>\r\n\r\n            \r\n        <\/div>\r\n\r\n        <div class=\"sby_info sby_info_item\">\r\n\r\n\t\t\t<p class=\"sby_video_title_wrap\">\r\n\t\t\t<span class=\"sby_video_title\">\ud83d\udd25 ISSAC DELGADO \u201cLA CHICA DEL SOL\u201d \u2600\ufe0f | EL CH\u00c9VERE DE LA SALSA | CUBAN MUSIC BY ENVIDIA<\/span>\r\n\t\t<\/p>\r\n\t\r\n\t\r\n\t\r\n\t\r\n<\/div>\r\n            <\/div>\r\n<\/div><div class=\"sby_item  sby_new sby_transition sby_no_margin\" id=\"sby_VVU3aXFhYWtSWHRyeUZnbTlWOEdfck1nLmhrcjVZMTZBRUJJ\" data-date=\"1787497894\" data-video-id=\"hkr5Y16AEBI\" data-video-title=\"\ud83c\udfb6 \u201cNOSOTROS \/ EL BODEGUERO\u201d\" data-live-date=\"0\">\r\n    <div class=\"sby_inner_item\">\r\n        <div class=\"sby_video_thumbnail_wrap sby_item_video_thumbnail_wrap\">\r\n            <a class=\"sby_video_thumbnail sby_item_video_thumbnail\" href=\"https:\/\/www.youtube.com\/watch?v=hkr5Y16AEBI\" target=\"_blank\" rel=\"noopener\" data-full-res=\"https:\/\/i.ytimg.com\/vi\/hkr5Y16AEBI\/maxresdefault.jpg\" data-img-src-set=\"{&quot;120&quot;:&quot;https:\\\/\\\/i.ytimg.com\\\/vi\\\/hkr5Y16AEBI\\\/default.jpg&quot;,&quot;320&quot;:&quot;https:\\\/\\\/i.ytimg.com\\\/vi\\\/hkr5Y16AEBI\\\/mqdefault.jpg&quot;,&quot;480&quot;:&quot;https:\\\/\\\/i.ytimg.com\\\/vi\\\/hkr5Y16AEBI\\\/hqdefault.jpg&quot;,&quot;640&quot;:&quot;https:\\\/\\\/i.ytimg.com\\\/vi\\\/hkr5Y16AEBI\\\/sddefault.jpg&quot;}\" data-video-id=\"hkr5Y16AEBI\"  data-user=\"Cuban Music by Envidia\" data-url=\"https:\/\/www.youtube.com\/watch?v=hkr5Y16AEBI\" data-avatar=\"https:\/\/yt3.ggpht.com\/ytc\/AIdro_kZd0kAhwcZ-1wwJcqIR5ko26tZW1b8I77FLo7srX7VcQ=s88-c-k-c0x00ffffff-no-rj\" data-title=\"LA CHARANGA ETERNA EN DOS CL\u00c1SICOS&lt;br \/&gt;\n&lt;br \/&gt;\nLa Semana de la Orquesta Arag\u00f3n contin\u00faa.&lt;br \/&gt;\n&lt;br \/&gt;\n\ud83c\udfb6 \u201cNOSOTROS \/ EL BODEGUERO\u201d&lt;br \/&gt;\n&lt;br \/&gt;\nDos t\u00edtulos imprescindibles de la m\u00fasica cubana reunidos en un solo medley.&lt;br \/&gt;\n&lt;br \/&gt;\n\u2764\ufe0f Sentimiento.&lt;br \/&gt;\n\ud83c\udfbb Elegancia.&lt;br \/&gt;\n\ud83d\udd25 Ritmo.&lt;br \/&gt;\n\ud83c\udde8\ud83c\uddfa Cuba.&lt;br \/&gt;\n&lt;br \/&gt;\nORQUESTA ARAG\u00d3N \u2014 LA CHARANGA ETERNA&lt;br \/&gt;\n&lt;br \/&gt;\n\u25b6\ufe0f V\u00cdDEO COMPLETO EN CUBAN MUSIC BY ENVIDIA:&lt;br \/&gt;\n&lt;br \/&gt;\nhttps:\/\/www.youtube.com\/@CubanMusicbyEnvidia&lt;br \/&gt;\n&lt;br \/&gt;\n\ud83d\udc49 Suscr\u00edbete y acomp\u00e1\u00f1anos durante toda la semana dedicada a la Orquesta Arag\u00f3n.&lt;br \/&gt;\n&lt;br \/&gt;\n#OrquestaAragon #Nosotros #ElBodeguero #MusicaCubana #CubanMusic #CharangaCubana #ChaChaCha #Cuba #CubanMusicByEnvidia\" data-video-title=\"\ud83c\udfb6 \u201cNOSOTROS \/ EL BODEGUERO\u201d\">\r\n                <img decoding=\"async\" src=\"https:\/\/envidialujuriamusic.com\/wp-content\/plugins\/youtube-feed-pro\/img\/placeholder.png\" alt=\"LA CHARANGA ETERNA EN DOS CL\u00c1SICOS\n\nLa Semana de la Orquesta Arag\u00f3n contin\u00faa.\n\n\ud83c\udfb6 \u201cNOSOTROS \/ EL BODEGUERO\u201d\n\nDos t\u00edtulos imprescindibles de la m\u00fasica cubana reunidos en un solo medley.\n\n\u2764\ufe0f Sentimiento.\n\ud83c\udfbb Elegancia.\n\ud83d\udd25 Ritmo.\n\ud83c\udde8\ud83c\uddfa Cuba.\n\nORQUESTA ARAG\u00d3N \u2014 LA CHARANGA ETERNA\n\n\u25b6\ufe0f V\u00cdDEO COMPLETO EN CUBAN MUSIC BY ENVIDIA:\n\nhttps:\/\/www.youtube.com\/@CubanMusicbyEnvidia\n\n\ud83d\udc49 Suscr\u00edbete y acomp\u00e1\u00f1anos durante toda la semana dedicada a la Orquesta Arag\u00f3n.\n\n#OrquestaAragon #Nosotros #ElBodeguero #MusicaCubana #CubanMusic #CharangaCubana #ChaChaCha #Cuba #CubanMusicByEnvidia\">\r\n\r\n                <div class=\"sby_thumbnail_hover sby_item_video_thumbnail_hover\">\r\n                    <div class=\"sby_thumbnail_hover_inner\">\r\n                        \r\n                        \r\n                                                <p class=\"sby_meta\" >\r\n\r\n                                                                                    <span class=\"sby_view_count\">1.5K views<\/span>\r\n                                                                                    <span class=\"sby_date sby_live_broadcast_type_none\">23 agosto, 2026 3:11 pm<\/span>\r\n                            \r\n                        <\/p>\r\n                        \r\n                                                    <p class=\"sby_caption\" >LA CHARANGA ETERNA EN DOS CL\u00c1SICOS<br>\n<br>\nLa Semana de la Orquesta Arag\u00f3n contin\u00faa.<br>\n<br>\n\ud83c\udfb6 \u201cNOSOTROS \/ EL BODEGUERO\u201d<br>\n<br>\nDos t\u00edtulos imprescindibles de la m\u00fasica cubana reunidos en un solo medley.<br>\n<br>\n\u2764\ufe0f Sentimiento.<br>\n\ud83c\udfbb Elegancia.<br>\n\ud83d\udd25 Ritmo.<br>\n\ud83c\udde8\ud83c\uddfa Cuba.<br>\n<br>\nORQUESTA ARAG\u00d3N \u2014 LA CHARANGA ETERNA<br>\n<br>\n\u25b6\ufe0f V\u00cdDEO COMPLETO EN CUBAN MUSIC BY ENVIDIA:<br>\n<br>\nhttps:\/\/www.youtube.com\/@CubanMusicbyEnvidia<br>\n<br>\n\ud83d\udc49 Suscr\u00edbete y acomp\u00e1\u00f1anos durante toda la semana dedicada a la Orquesta Arag\u00f3n.<br>\n<br>\n#OrquestaAragon #Nosotros #ElBodeguero #MusicaCubana #CubanMusic #CharangaCubana #ChaChaCha #Cuba #CubanMusicByEnvidia<\/p>\r\n                        \r\n                                                <p class=\"sby_stats\" >\r\n                            <span class=\"sby_likes\" >\r\n                            <svg  class=\"svg-inline--fa fa-heart fa-w-18\" aria-hidden=\"true\" data-fa-processed=\"\" data-prefix=\"fa\" data-icon=\"heart\" role=\"presentation\" xmlns=\"http:\/\/www.w3.org\/2000\/svg\" viewBox=\"0 0 576 512\"><path fill=\"currentColor\" d=\"M414.9 24C361.8 24 312 65.7 288 89.3 264 65.7 214.2 24 161.1 24 70.3 24 16 76.9 16 165.5c0 72.6 66.8 133.3 69.2 135.4l187 180.8c8.8 8.5 22.8 8.5 31.6 0l186.7-180.2c2.7-2.7 69.5-63.5 69.5-136C560 76.9 505.7 24 414.9 24z\"><\/path><\/svg>                                <span class=\"sby_like_count\">33<\/span>\r\n                            <\/span>\r\n                            <span class=\"sby_comments\" >\r\n                                <svg  class=\"svg-inline--fa fa-comment fa-w-18\" aria-hidden=\"true\" data-fa-processed=\"\" data-prefix=\"fa\" data-icon=\"comment\" role=\"presentation\" xmlns=\"http:\/\/www.w3.org\/2000\/svg\" viewBox=\"0 0 576 512\"><path fill=\"currentColor\" d=\"M576 240c0 115-129 208-288 208-48.3 0-93.9-8.6-133.9-23.8-40.3 31.2-89.8 50.3-142.4 55.7-5.2.6-10.2-2.8-11.5-7.7-1.3-5 2.7-8.1 6.6-11.8 19.3-18.4 42.7-32.8 51.9-94.6C21.9 330.9 0 287.3 0 240 0 125.1 129 32 288 32s288 93.1 288 208z\"><\/path><\/svg>                                <span class=\"sby_comment_count\">0<\/span>\r\n                            <\/span>\r\n                        <\/p>\r\n                        \r\n                    <\/div>\r\n                <\/div>\r\n\r\n                <span class=\"sby-screenreader\">V\u00eddeo de YouTube VVU3aXFhYWtSWHRyeUZnbTlWOEdfck1nLmhrcjVZMTZBRUJJ<\/span>\r\n                                    <div class=\"sby_play_btn\">\r\n                        <span class=\"sby_play_btn_bg\"><\/span>\r\n                    <svg aria-hidden=\"true\" focusable=\"false\" data-prefix=\"fab\" data-icon=\"youtube\" role=\"img\" xmlns=\"http:\/\/www.w3.org\/2000\/svg\" viewBox=\"0 0 576 512\" class=\"svg-inline--fa fa-youtube fa-w-18\"><path fill=\"currentColor\" d=\"M549.655 124.083c-6.281-23.65-24.787-42.276-48.284-48.597C458.781 64 288 64 288 64S117.22 64 74.629 75.486c-23.497 6.322-42.003 24.947-48.284 48.597-11.412 42.867-11.412 132.305-11.412 132.305s0 89.438 11.412 132.305c6.281 23.65 24.787 41.5 48.284 47.821C117.22 448 288 448 288 448s170.78 0 213.371-11.486c23.497-6.321 42.003-24.171 48.284-47.821 11.412-42.867 11.412-132.305 11.412-132.305s0-89.438-11.412-132.305zm-317.51 213.508V175.185l142.739 81.205-142.739 81.201z\" class=\"\"><\/path><\/svg>                    <\/div>\r\n                                <span class=\"sby_loader sby_hidden\" style=\"background-color: rgb(255, 255, 255);\"><\/span>\r\n            <\/a>\r\n\r\n            \r\n        <\/div>\r\n\r\n        <div class=\"sby_info sby_info_item\">\r\n\r\n\t\t\t<p class=\"sby_video_title_wrap\">\r\n\t\t\t<span class=\"sby_video_title\">\ud83c\udfb6 \u201cNOSOTROS \/ EL BODEGUERO\u201d<\/span>\r\n\t\t<\/p>\r\n\t\r\n\t\r\n\t\r\n\t\r\n<\/div>\r\n            <\/div>\r\n<\/div><div class=\"sby_item  sby_new sby_transition sby_no_margin\" id=\"sby_VVU3aXFhYWtSWHRyeUZnbTlWOEdfck1nLmMyRkhKQkdHVDNV\" data-date=\"1787407205\" data-video-id=\"c2FHJBGGT3U\" data-video-title=\"\u2b50 Orquesta Arag\u00f3n \u2013 \u201cNosotros \/ El Bodeguero\u201d\" data-live-date=\"0\">\r\n    <div class=\"sby_inner_item\">\r\n        <div class=\"sby_video_thumbnail_wrap sby_item_video_thumbnail_wrap\">\r\n            <a class=\"sby_video_thumbnail sby_item_video_thumbnail\" href=\"https:\/\/www.youtube.com\/watch?v=c2FHJBGGT3U\" target=\"_blank\" rel=\"noopener\" data-full-res=\"https:\/\/i.ytimg.com\/vi\/c2FHJBGGT3U\/maxresdefault.jpg\" data-img-src-set=\"{&quot;120&quot;:&quot;https:\\\/\\\/i.ytimg.com\\\/vi\\\/c2FHJBGGT3U\\\/default.jpg&quot;,&quot;320&quot;:&quot;https:\\\/\\\/i.ytimg.com\\\/vi\\\/c2FHJBGGT3U\\\/mqdefault.jpg&quot;,&quot;480&quot;:&quot;https:\\\/\\\/i.ytimg.com\\\/vi\\\/c2FHJBGGT3U\\\/hqdefault.jpg&quot;,&quot;640&quot;:&quot;https:\\\/\\\/i.ytimg.com\\\/vi\\\/c2FHJBGGT3U\\\/sddefault.jpg&quot;}\" data-video-id=\"c2FHJBGGT3U\"  data-user=\"Cuban Music by Envidia\" data-url=\"https:\/\/www.youtube.com\/watch?v=c2FHJBGGT3U\" data-avatar=\"https:\/\/yt3.ggpht.com\/ytc\/AIdro_kZd0kAhwcZ-1wwJcqIR5ko26tZW1b8I77FLo7srX7VcQ=s88-c-k-c0x00ffffff-no-rj\" data-title=\"\ud83d\udd25 ARTISTA DE LA SEMANA: ORQUESTA ARAG\u00d3N \ud83d\udd25&lt;br \/&gt;\n&lt;br \/&gt;\nContinuamos nuestra semana dedicada a La Charanga Eterna con un medley que re\u00fane dos grandes cl\u00e1sicos de la m\u00fasica cubana:&lt;br \/&gt;\n&lt;br \/&gt;\n\ud83c\udfb6 \u201cNOSOTROS \/ EL BODEGUERO\u201d&lt;br \/&gt;\n&lt;br \/&gt;\nDos canciones de enorme personalidad que muestran dos de las grandes vertientes del repertorio de la Orquesta Arag\u00f3n: la elegancia y el sentimiento de la canci\u00f3n cubana junto a la fuerza r\u00edtmica y bailable de la charanga.&lt;br \/&gt;\n&lt;br \/&gt;\n\u2764\ufe0f \u201cNosotros\u201d, una de las composiciones m\u00e1s conocidas del repertorio rom\u00e1ntico cubano, fue escrita por Pedro Junco Jr.&lt;br \/&gt;\n&lt;br \/&gt;\n\ud83d\udd25 \u201cEl Bodeguero\u201d, uno de los t\u00edtulos inseparables de la historia de la Orquesta Arag\u00f3n, fue compuesto por Richard Eg\u00fces, uno de los m\u00fasicos fundamentales en la evoluci\u00f3n del sonido de la agrupaci\u00f3n.&lt;br \/&gt;\n&lt;br \/&gt;\nEn este medley, ambos temas aparecen unidos bajo esa sonoridad caracter\u00edstica que convirti\u00f3 a la Arag\u00f3n en una de las grandes instituciones de la m\u00fasica popular cubana.&lt;br \/&gt;\n&lt;br \/&gt;\n\ud83c\udfbb Violines&lt;br \/&gt;\n\ud83c\udfb6 Flauta&lt;br \/&gt;\n\ud83c\udfb9 Piano&lt;br \/&gt;\n\ud83e\udd41 Percusi\u00f3n&lt;br \/&gt;\n\ud83c\udde8\ud83c\uddfa Y el inconfundible sonido de La Charanga Eterna.&lt;br \/&gt;\n&lt;br \/&gt;\nLa Orquesta Arag\u00f3n, fundada en Cienfuegos en 1939, ocupa un lugar fundamental en la historia de la m\u00fasica cubana. Su trayectoria est\u00e1 ligada a la evoluci\u00f3n de la charanga y a la difusi\u00f3n internacional del chachach\u00e1 y otros g\u00e9neros de la m\u00fasica popular cubana.&lt;br \/&gt;\n&lt;br \/&gt;\nEsta semana seguimos recuperando diferentes grabaciones, actuaciones y momentos hist\u00f3ricos de una agrupaci\u00f3n imprescindible.&lt;br \/&gt;\n&lt;br \/&gt;\n\ud83d\udd25 ORQUESTA ARAG\u00d3N \u2014 LA CHARANGA ETERNA&lt;br \/&gt;\n&lt;br \/&gt;\n\ud83c\udde8\ud83c\uddfa CUBAN MUSIC BY ENVIDIA&lt;br \/&gt;\n&lt;br \/&gt;\n\u25b6\ufe0f CANAL CUBAN MUSIC BY ENVIDIA:&lt;br \/&gt;\nhttps:\/\/www.youtube.com\/@CubanMusicbyEnvidia&lt;br \/&gt;\n&lt;br \/&gt;\n\ud83d\udd0e CUBA LOST &amp; FOUND \u2014 nuestro archivo de m\u00fasica cubana recuperada:&lt;br \/&gt;\nhttps:\/\/www.youtube.com\/@cubalostandfound&lt;br \/&gt;\n&lt;br \/&gt;\n\ud83c\udfa7 ENVIDIA RECORDS \u2014 SPOTIFY:&lt;br \/&gt;\nhttps:\/\/open.spotify.com\/user\/31r5klhtga4nrdhrabvarvarcyoy&lt;br \/&gt;\n&lt;br \/&gt;\n\ud83d\udcf2 INSTAGRAM \u2014 ENVIDIA MUSIC:&lt;br \/&gt;\nhttps:\/\/www.instagram.com\/envidiamusic\/&lt;br \/&gt;\n&lt;br \/&gt;\n\ud83d\udcd8 FACEBOOK \u2014 ENVIDIA MUSIC:&lt;br \/&gt;\nhttps:\/\/www.facebook.com\/envidiamusic&lt;br \/&gt;\n&lt;br \/&gt;\n\ud83d\udcac \u00bfCon cu\u00e1l te quedas: \u201cNosotros\u201d o \u201cEl Bodeguero\u201d?&lt;br \/&gt;\n&lt;br \/&gt;\nD\u00e9janos tu respuesta en los comentarios.&lt;br \/&gt;\n&lt;br \/&gt;\nY si est\u00e1s disfrutando de esta semana dedicada a la Orquesta Arag\u00f3n, suscr\u00edbete, comparte el v\u00eddeo y ay\u00fadanos a seguir recuperando y difundiendo la memoria musical de Cuba.&lt;br \/&gt;\n&lt;br \/&gt;\n\ud83c\udde8\ud83c\uddfa CUBAN MUSIC BY ENVIDIA \u2014 ARCHIVO, MEMORIA Y M\u00daSICA CUBANA.&lt;br \/&gt;\n&lt;br \/&gt;\n#OrquestaAragon #Nosotros #ElBodeguero #MusicaCubana #CubanMusic #CharangaCubana #ChaChaCha #SonCubano #CubanMusicByEnvidia #Cuba #MusicaCubanaDeSiempre\" data-video-title=\"\u2b50 Orquesta Arag\u00f3n \u2013 \u201cNosotros \/ El Bodeguero\u201d\">\r\n                <img decoding=\"async\" src=\"https:\/\/envidialujuriamusic.com\/wp-content\/plugins\/youtube-feed-pro\/img\/placeholder.png\" alt=\"\ud83d\udd25 ARTISTA DE LA SEMANA: ORQUESTA ARAG\u00d3N \ud83d\udd25\n\nContinuamos nuestra semana dedicada a La Charanga Eterna con un medley que re\u00fane dos grandes cl\u00e1sicos de la m\u00fasica cubana:\n\n\ud83c\udfb6 \u201cNOSOTROS \/ EL BODEGUERO\u201d\n\nDos canciones de enorme personalidad que muestran dos de las grandes vertientes del repertorio de la Orquesta Arag\u00f3n: la elegancia y el sentimiento de la canci\u00f3n cubana junto a la fuerza r\u00edtmica y bailable de la charanga.\n\n\u2764\ufe0f \u201cNosotros\u201d, una de las composiciones m\u00e1s conocidas del repertorio rom\u00e1ntico cubano, fue escrita por Pedro Junco Jr.\n\n\ud83d\udd25 \u201cEl Bodeguero\u201d, uno de los t\u00edtulos inseparables de la historia de la Orquesta Arag\u00f3n, fue compuesto por Richard Eg\u00fces, uno de los m\u00fasicos fundamentales en la evoluci\u00f3n del sonido de la agrupaci\u00f3n.\n\nEn este medley, ambos temas aparecen unidos bajo esa sonoridad caracter\u00edstica que convirti\u00f3 a la Arag\u00f3n en una de las grandes instituciones de la m\u00fasica popular cubana.\n\n\ud83c\udfbb Violines\n\ud83c\udfb6 Flauta\n\ud83c\udfb9 Piano\n\ud83e\udd41 Percusi\u00f3n\n\ud83c\udde8\ud83c\uddfa Y el inconfundible sonido de La Charanga Eterna.\n\nLa Orquesta Arag\u00f3n, fundada en Cienfuegos en 1939, ocupa un lugar fundamental en la historia de la m\u00fasica cubana. Su trayectoria est\u00e1 ligada a la evoluci\u00f3n de la charanga y a la difusi\u00f3n internacional del chachach\u00e1 y otros g\u00e9neros de la m\u00fasica popular cubana.\n\nEsta semana seguimos recuperando diferentes grabaciones, actuaciones y momentos hist\u00f3ricos de una agrupaci\u00f3n imprescindible.\n\n\ud83d\udd25 ORQUESTA ARAG\u00d3N \u2014 LA CHARANGA ETERNA\n\n\ud83c\udde8\ud83c\uddfa CUBAN MUSIC BY ENVIDIA\n\n\u25b6\ufe0f CANAL CUBAN MUSIC BY ENVIDIA:\nhttps:\/\/www.youtube.com\/@CubanMusicbyEnvidia\n\n\ud83d\udd0e CUBA LOST &amp; FOUND \u2014 nuestro archivo de m\u00fasica cubana recuperada:\nhttps:\/\/www.youtube.com\/@cubalostandfound\n\n\ud83c\udfa7 ENVIDIA RECORDS \u2014 SPOTIFY:\nhttps:\/\/open.spotify.com\/user\/31r5klhtga4nrdhrabvarvarcyoy\n\n\ud83d\udcf2 INSTAGRAM \u2014 ENVIDIA MUSIC:\nhttps:\/\/www.instagram.com\/envidiamusic\/\n\n\ud83d\udcd8 FACEBOOK \u2014 ENVIDIA MUSIC:\nhttps:\/\/www.facebook.com\/envidiamusic\n\n\ud83d\udcac \u00bfCon cu\u00e1l te quedas: \u201cNosotros\u201d o \u201cEl Bodeguero\u201d?\n\nD\u00e9janos tu respuesta en los comentarios.\n\nY si est\u00e1s disfrutando de esta semana dedicada a la Orquesta Arag\u00f3n, suscr\u00edbete, comparte el v\u00eddeo y ay\u00fadanos a seguir recuperando y difundiendo la memoria musical de Cuba.\n\n\ud83c\udde8\ud83c\uddfa CUBAN MUSIC BY ENVIDIA \u2014 ARCHIVO, MEMORIA Y M\u00daSICA CUBANA.\n\n#OrquestaAragon #Nosotros #ElBodeguero #MusicaCubana #CubanMusic #CharangaCubana #ChaChaCha #SonCubano #CubanMusicByEnvidia #Cuba #MusicaCubanaDeSiempre\">\r\n\r\n                <div class=\"sby_thumbnail_hover sby_item_video_thumbnail_hover\">\r\n                    <div class=\"sby_thumbnail_hover_inner\">\r\n                        \r\n                        \r\n                                                <p class=\"sby_meta\" >\r\n\r\n                                                                                    <span class=\"sby_view_count\">631 views<\/span>\r\n                                                                                    <span class=\"sby_date sby_live_broadcast_type_none\">22 agosto, 2026 2:00 pm<\/span>\r\n                            \r\n                        <\/p>\r\n                        \r\n                                                    <p class=\"sby_caption\" >\ud83d\udd25 ARTISTA DE LA SEMANA: ORQUESTA ARAG\u00d3N \ud83d\udd25<br>\n<br>\nContinuamos nuestra semana dedicada a La Charanga Eterna con un medley que re\u00fane dos grandes cl\u00e1sicos de la m\u00fasica cubana:<br>\n<br>\n\ud83c\udfb6 \u201cNOSOTROS \/ EL BODEGUERO\u201d<br>\n<br>\nDos canciones de enorme personalidad que muestran dos de las grandes vertientes del repertorio de la Orquesta Arag\u00f3n: la elegancia y el sentimiento de la canci\u00f3n cubana junto a la fuerza r\u00edtmica y bailable de la charanga.<br>\n<br>\n\u2764\ufe0f \u201cNosotros\u201d, una de las composiciones m\u00e1s conocidas del repertorio rom\u00e1ntico cubano, fue escrita por Pedro Junco Jr.<br>\n<br>\n\ud83d\udd25 \u201cEl Bodeguero\u201d, uno de los t\u00edtulos inseparables de la historia de la Orquesta Arag\u00f3n, fue compuesto por Richard Eg\u00fces, uno de los m\u00fasicos fundamentales en la evoluci\u00f3n del sonido de la agrupaci\u00f3n.<br>\n<br>\nEn este medley, ambos temas aparecen unidos bajo esa sonoridad caracter\u00edstica que convirti\u00f3 a la Arag\u00f3n en una de las grandes instituciones de la m\u00fasica popular cubana.<br>\n<br>\n\ud83c\udfbb Violines<br>\n\ud83c\udfb6 Flauta<br>\n\ud83c\udfb9 Piano<br>\n\ud83e\udd41 Percusi\u00f3n<br>\n\ud83c\udde8\ud83c\uddfa Y el inconfundible sonido de La Charanga Eterna.<br>\n<br>\nLa Orquesta Arag\u00f3n, fundada en Cienfuegos en 1939, ocupa un lugar fundamental en la historia de la m\u00fasica cubana. Su trayectoria est\u00e1 ligada a la evoluci\u00f3n de la charanga y a la difusi\u00f3n internacional del chachach\u00e1 y otros g\u00e9neros de la m\u00fasica popular cubana.<br>\n<br>\nEsta semana seguimos recuperando diferentes grabaciones, actuaciones y momentos hist\u00f3ricos de una agrupaci\u00f3n imprescindible.<br>\n<br>\n\ud83d\udd25 ORQUESTA ARAG\u00d3N \u2014 LA CHARANGA ETERNA<br>\n<br>\n\ud83c\udde8\ud83c\uddfa CUBAN MUSIC BY ENVIDIA<br>\n<br>\n\u25b6\ufe0f CANAL CUBAN MUSIC BY ENVIDIA:<br>\nhttps:\/\/www.youtube.com\/@CubanMusicbyEnvidia<br>\n<br>\n\ud83d\udd0e CUBA LOST &amp; FOUND \u2014 nuestro archivo de m\u00fasica cubana recuperada:<br>\nhttps:\/\/www.youtube.com\/@cubalostandfound<br>\n<br>\n\ud83c\udfa7 ENVIDIA RECORDS \u2014 SPOTIFY:<br>\nhttps:\/\/open.spotify.com\/user\/31r5klhtga4nrdhrabvarvarcyoy<br>\n<br>\n\ud83d\udcf2 INSTAGRAM \u2014 ENVIDIA MUSIC:<br>\nhttps:\/\/www.instagram.com\/envidiamusic\/<br>\n<br>\n\ud83d\udcd8 FACEBOOK \u2014 ENVIDIA MUSIC:<br>\nhttps:\/\/www.facebook.com\/envidiamusic<br>\n<br>\n\ud83d\udcac \u00bfCon cu\u00e1l te quedas: \u201cNosotros\u201d o \u201cEl Bodeguero\u201d?<br>\n<br>\nD\u00e9janos tu respuesta en los comentarios.<br>\n<br>\nY si est\u00e1s disfrutando de esta semana dedicada a la Orquesta Arag\u00f3n, suscr\u00edbete, comparte el v\u00eddeo y ay\u00fadanos a seguir recuperando y difundiendo la memoria musical de Cuba.<br>\n<br>\n\ud83c\udde8\ud83c\uddfa CUBAN MUSIC BY ENVIDIA \u2014 ARCHIVO, MEMORIA Y M\u00daSICA CUBANA.<br>\n<br>\n#OrquestaAragon #Nosotros #ElBodeguero #MusicaCubana #CubanMusic #CharangaCubana #ChaChaCha #SonCubano #CubanMusicByEnvidia #Cuba #MusicaCubanaDeSiempre<\/p>\r\n                        \r\n                                                <p class=\"sby_stats\" >\r\n                            <span class=\"sby_likes\" >\r\n                            <svg  class=\"svg-inline--fa fa-heart fa-w-18\" aria-hidden=\"true\" data-fa-processed=\"\" data-prefix=\"fa\" data-icon=\"heart\" role=\"presentation\" xmlns=\"http:\/\/www.w3.org\/2000\/svg\" viewBox=\"0 0 576 512\"><path fill=\"currentColor\" d=\"M414.9 24C361.8 24 312 65.7 288 89.3 264 65.7 214.2 24 161.1 24 70.3 24 16 76.9 16 165.5c0 72.6 66.8 133.3 69.2 135.4l187 180.8c8.8 8.5 22.8 8.5 31.6 0l186.7-180.2c2.7-2.7 69.5-63.5 69.5-136C560 76.9 505.7 24 414.9 24z\"><\/path><\/svg>                                <span class=\"sby_like_count\">11<\/span>\r\n                            <\/span>\r\n                            <span class=\"sby_comments\" >\r\n                                <svg  class=\"svg-inline--fa fa-comment fa-w-18\" aria-hidden=\"true\" data-fa-processed=\"\" data-prefix=\"fa\" data-icon=\"comment\" role=\"presentation\" xmlns=\"http:\/\/www.w3.org\/2000\/svg\" viewBox=\"0 0 576 512\"><path fill=\"currentColor\" d=\"M576 240c0 115-129 208-288 208-48.3 0-93.9-8.6-133.9-23.8-40.3 31.2-89.8 50.3-142.4 55.7-5.2.6-10.2-2.8-11.5-7.7-1.3-5 2.7-8.1 6.6-11.8 19.3-18.4 42.7-32.8 51.9-94.6C21.9 330.9 0 287.3 0 240 0 125.1 129 32 288 32s288 93.1 288 208z\"><\/path><\/svg>                                <span class=\"sby_comment_count\">0<\/span>\r\n                            <\/span>\r\n                        <\/p>\r\n                        \r\n                    <\/div>\r\n                <\/div>\r\n\r\n                <span class=\"sby-screenreader\">V\u00eddeo de YouTube VVU3aXFhYWtSWHRyeUZnbTlWOEdfck1nLmMyRkhKQkdHVDNV<\/span>\r\n                                    <div class=\"sby_play_btn\">\r\n                        <span class=\"sby_play_btn_bg\"><\/span>\r\n                    <svg aria-hidden=\"true\" focusable=\"false\" data-prefix=\"fab\" data-icon=\"youtube\" role=\"img\" xmlns=\"http:\/\/www.w3.org\/2000\/svg\" viewBox=\"0 0 576 512\" class=\"svg-inline--fa fa-youtube fa-w-18\"><path fill=\"currentColor\" d=\"M549.655 124.083c-6.281-23.65-24.787-42.276-48.284-48.597C458.781 64 288 64 288 64S117.22 64 74.629 75.486c-23.497 6.322-42.003 24.947-48.284 48.597-11.412 42.867-11.412 132.305-11.412 132.305s0 89.438 11.412 132.305c6.281 23.65 24.787 41.5 48.284 47.821C117.22 448 288 448 288 448s170.78 0 213.371-11.486c23.497-6.321 42.003-24.171 48.284-47.821 11.412-42.867 11.412-132.305 11.412-132.305s0-89.438-11.412-132.305zm-317.51 213.508V175.185l142.739 81.205-142.739 81.201z\" class=\"\"><\/path><\/svg>                    <\/div>\r\n                                <span class=\"sby_loader sby_hidden\" style=\"background-color: rgb(255, 255, 255);\"><\/span>\r\n            <\/a>\r\n\r\n            \r\n        <\/div>\r\n\r\n        <div class=\"sby_info sby_info_item\">\r\n\r\n\t\t\t<p class=\"sby_video_title_wrap\">\r\n\t\t\t<span class=\"sby_video_title\">\u2b50 Orquesta Arag\u00f3n \u2013 \u201cNosotros \/ El Bodeguero\u201d<\/span>\r\n\t\t<\/p>\r\n\t\r\n\t\r\n\t\r\n\t\r\n<\/div>\r\n            <\/div>\r\n<\/div><div class=\"sby_item  sby_new sby_transition sby_no_margin\" id=\"sby_VVU3aXFhYWtSWHRyeUZnbTlWOEdfck1nLkl0Sk9ra05hU05v\" data-date=\"1787335204\" data-video-id=\"ItJOkkNaSNo\" data-video-title=\"\ud83c\udfb6 Orquesta Arag\u00f3n \u2013 \u201cPare Cochero\u201d\" data-live-date=\"0\">\r\n    <div class=\"sby_inner_item\">\r\n        <div class=\"sby_video_thumbnail_wrap sby_item_video_thumbnail_wrap\">\r\n            <a class=\"sby_video_thumbnail sby_item_video_thumbnail\" href=\"https:\/\/www.youtube.com\/watch?v=ItJOkkNaSNo\" target=\"_blank\" rel=\"noopener\" data-full-res=\"https:\/\/i.ytimg.com\/vi\/ItJOkkNaSNo\/maxresdefault.jpg\" data-img-src-set=\"{&quot;120&quot;:&quot;https:\\\/\\\/i.ytimg.com\\\/vi\\\/ItJOkkNaSNo\\\/default.jpg&quot;,&quot;320&quot;:&quot;https:\\\/\\\/i.ytimg.com\\\/vi\\\/ItJOkkNaSNo\\\/mqdefault.jpg&quot;,&quot;480&quot;:&quot;https:\\\/\\\/i.ytimg.com\\\/vi\\\/ItJOkkNaSNo\\\/hqdefault.jpg&quot;,&quot;640&quot;:&quot;https:\\\/\\\/i.ytimg.com\\\/vi\\\/ItJOkkNaSNo\\\/sddefault.jpg&quot;}\" data-video-id=\"ItJOkkNaSNo\"  data-user=\"Cuban Music by Envidia\" data-url=\"https:\/\/www.youtube.com\/watch?v=ItJOkkNaSNo\" data-avatar=\"https:\/\/yt3.ggpht.com\/ytc\/AIdro_kZd0kAhwcZ-1wwJcqIR5ko26tZW1b8I77FLo7srX7VcQ=s88-c-k-c0x00ffffff-no-rj\" data-title=\"\ud83d\udd25 ARTISTA DE LA SEMANA: ORQUESTA ARAG\u00d3N \ud83d\udd25&lt;br \/&gt;\n&lt;br \/&gt;\nhttps:\/\/youtu.be\/-a6drUXn0U8&lt;br \/&gt;\n&lt;br \/&gt;\nContinuamos nuestra semana dedicada a La Charanga Eterna con uno de los t\u00edtulos m\u00e1s reconocibles y populares de su repertorio.&lt;br \/&gt;\n&lt;br \/&gt;\n\ud83c\udfb6 Orquesta Arag\u00f3n \u2013 \u201cPare Cochero\u201d&lt;br \/&gt;\n&lt;br \/&gt;\nUn cl\u00e1sico de la m\u00fasica cubana compuesto por Marcelino Guerra, una pieza que qued\u00f3 estrechamente ligada al sonido y a la historia de la Orquesta Arag\u00f3n.&lt;br \/&gt;\n&lt;br \/&gt;\n\u201cPare Cochero\u201d forma parte de esa primera etapa en la que la Arag\u00f3n comenz\u00f3 a convertirse en una de las grandes protagonistas de la m\u00fasica popular cubana. Los archivos discogr\u00e1ficos documentan versiones de la agrupaci\u00f3n publicadas por Victor en formato de 78 rpm, dentro del repertorio de danz\u00f3n de la orquesta.&lt;br \/&gt;\n&lt;br \/&gt;\nLa importancia de este tema no est\u00e1 \u00fanicamente en su popularidad posterior. La prensa cubana de la \u00e9poca recuerda \u201cPare Cochero\u201d entre los n\u00fameros que alcanzaron un gran \u00e9xito nacional durante los primeros a\u00f1os de expansi\u00f3n de la Orquesta Arag\u00f3n a trav\u00e9s de la radio.&lt;br \/&gt;\n&lt;br \/&gt;\n\ud83c\udfbb Violines&lt;br \/&gt;\n\ud83c\udfb6 Flauta&lt;br \/&gt;\n\ud83c\udfb9 Piano&lt;br \/&gt;\n\ud83e\udd41 Percusi\u00f3n&lt;br \/&gt;\n\ud83c\udde8\ud83c\uddfa Y ese sonido de charanga que convirti\u00f3 a la Arag\u00f3n en una instituci\u00f3n de la m\u00fasica cubana.&lt;br \/&gt;\n&lt;br \/&gt;\nEsta semana seguimos recuperando diferentes momentos de una agrupaci\u00f3n fundamental para entender la evoluci\u00f3n de la m\u00fasica popular cubana.&lt;br \/&gt;\n&lt;br \/&gt;\nCUBAN MUSIC BY ENVIDIA&lt;br \/&gt;\nArchivo, memoria y m\u00fasica cubana.&lt;br \/&gt;\n&lt;br \/&gt;\n\ud83d\udc49 Suscr\u00edbete al canal y acomp\u00e1\u00f1anos durante toda la semana dedicada a la Orquesta Arag\u00f3n.&lt;br \/&gt;\n&lt;br \/&gt;\n\ud83d\udcac \u00bfQu\u00e9 recuerdo te trae \u201cPare Cochero\u201d?&lt;br \/&gt;\n&lt;br \/&gt;\n#OrquestaAragon #PareCochero #MusicaCubana #CubanMusic #CharangaCubana #Danzon #SonCubano #CubanMusicByEnvidia #Cuba #MusicaCubanaDeSiempre\" data-video-title=\"\ud83c\udfb6 Orquesta Arag\u00f3n \u2013 \u201cPare Cochero\u201d\">\r\n                <img decoding=\"async\" src=\"https:\/\/envidialujuriamusic.com\/wp-content\/plugins\/youtube-feed-pro\/img\/placeholder.png\" alt=\"\ud83d\udd25 ARTISTA DE LA SEMANA: ORQUESTA ARAG\u00d3N \ud83d\udd25\n\nhttps:\/\/youtu.be\/-a6drUXn0U8\n\nContinuamos nuestra semana dedicada a La Charanga Eterna con uno de los t\u00edtulos m\u00e1s reconocibles y populares de su repertorio.\n\n\ud83c\udfb6 Orquesta Arag\u00f3n \u2013 \u201cPare Cochero\u201d\n\nUn cl\u00e1sico de la m\u00fasica cubana compuesto por Marcelino Guerra, una pieza que qued\u00f3 estrechamente ligada al sonido y a la historia de la Orquesta Arag\u00f3n.\n\n\u201cPare Cochero\u201d forma parte de esa primera etapa en la que la Arag\u00f3n comenz\u00f3 a convertirse en una de las grandes protagonistas de la m\u00fasica popular cubana. Los archivos discogr\u00e1ficos documentan versiones de la agrupaci\u00f3n publicadas por Victor en formato de 78 rpm, dentro del repertorio de danz\u00f3n de la orquesta.\n\nLa importancia de este tema no est\u00e1 \u00fanicamente en su popularidad posterior. La prensa cubana de la \u00e9poca recuerda \u201cPare Cochero\u201d entre los n\u00fameros que alcanzaron un gran \u00e9xito nacional durante los primeros a\u00f1os de expansi\u00f3n de la Orquesta Arag\u00f3n a trav\u00e9s de la radio.\n\n\ud83c\udfbb Violines\n\ud83c\udfb6 Flauta\n\ud83c\udfb9 Piano\n\ud83e\udd41 Percusi\u00f3n\n\ud83c\udde8\ud83c\uddfa Y ese sonido de charanga que convirti\u00f3 a la Arag\u00f3n en una instituci\u00f3n de la m\u00fasica cubana.\n\nEsta semana seguimos recuperando diferentes momentos de una agrupaci\u00f3n fundamental para entender la evoluci\u00f3n de la m\u00fasica popular cubana.\n\nCUBAN MUSIC BY ENVIDIA\nArchivo, memoria y m\u00fasica cubana.\n\n\ud83d\udc49 Suscr\u00edbete al canal y acomp\u00e1\u00f1anos durante toda la semana dedicada a la Orquesta Arag\u00f3n.\n\n\ud83d\udcac \u00bfQu\u00e9 recuerdo te trae \u201cPare Cochero\u201d?\n\n#OrquestaAragon #PareCochero #MusicaCubana #CubanMusic #CharangaCubana #Danzon #SonCubano #CubanMusicByEnvidia #Cuba #MusicaCubanaDeSiempre\">\r\n\r\n                <div class=\"sby_thumbnail_hover sby_item_video_thumbnail_hover\">\r\n                    <div class=\"sby_thumbnail_hover_inner\">\r\n                        \r\n                        \r\n                                                <p class=\"sby_meta\" >\r\n\r\n                                                                                    <span class=\"sby_view_count\">2.4K views<\/span>\r\n                                                                                    <span class=\"sby_date sby_live_broadcast_type_none\">21 agosto, 2026 6:00 pm<\/span>\r\n                            \r\n                        <\/p>\r\n                        \r\n                                                    <p class=\"sby_caption\" >\ud83d\udd25 ARTISTA DE LA SEMANA: ORQUESTA ARAG\u00d3N \ud83d\udd25<br>\n<br>\nhttps:\/\/youtu.be\/-a6drUXn0U8<br>\n<br>\nContinuamos nuestra semana dedicada a La Charanga Eterna con uno de los t\u00edtulos m\u00e1s reconocibles y populares de su repertorio.<br>\n<br>\n\ud83c\udfb6 Orquesta Arag\u00f3n \u2013 \u201cPare Cochero\u201d<br>\n<br>\nUn cl\u00e1sico de la m\u00fasica cubana compuesto por Marcelino Guerra, una pieza que qued\u00f3 estrechamente ligada al sonido y a la historia de la Orquesta Arag\u00f3n.<br>\n<br>\n\u201cPare Cochero\u201d forma parte de esa primera etapa en la que la Arag\u00f3n comenz\u00f3 a convertirse en una de las grandes protagonistas de la m\u00fasica popular cubana. Los archivos discogr\u00e1ficos documentan versiones de la agrupaci\u00f3n publicadas por Victor en formato de 78 rpm, dentro del repertorio de danz\u00f3n de la orquesta.<br>\n<br>\nLa importancia de este tema no est\u00e1 \u00fanicamente en su popularidad posterior. La prensa cubana de la \u00e9poca recuerda \u201cPare Cochero\u201d entre los n\u00fameros que alcanzaron un gran \u00e9xito nacional durante los primeros a\u00f1os de expansi\u00f3n de la Orquesta Arag\u00f3n a trav\u00e9s de la radio.<br>\n<br>\n\ud83c\udfbb Violines<br>\n\ud83c\udfb6 Flauta<br>\n\ud83c\udfb9 Piano<br>\n\ud83e\udd41 Percusi\u00f3n<br>\n\ud83c\udde8\ud83c\uddfa Y ese sonido de charanga que convirti\u00f3 a la Arag\u00f3n en una instituci\u00f3n de la m\u00fasica cubana.<br>\n<br>\nEsta semana seguimos recuperando diferentes momentos de una agrupaci\u00f3n fundamental para entender la evoluci\u00f3n de la m\u00fasica popular cubana.<br>\n<br>\nCUBAN MUSIC BY ENVIDIA<br>\nArchivo, memoria y m\u00fasica cubana.<br>\n<br>\n\ud83d\udc49 Suscr\u00edbete al canal y acomp\u00e1\u00f1anos durante toda la semana dedicada a la Orquesta Arag\u00f3n.<br>\n<br>\n\ud83d\udcac \u00bfQu\u00e9 recuerdo te trae \u201cPare Cochero\u201d?<br>\n<br>\n#OrquestaAragon #PareCochero #MusicaCubana #CubanMusic #CharangaCubana #Danzon #SonCubano #CubanMusicByEnvidia #Cuba #MusicaCubanaDeSiempre<\/p>\r\n                        \r\n                                                <p class=\"sby_stats\" >\r\n                            <span class=\"sby_likes\" >\r\n                            <svg  class=\"svg-inline--fa fa-heart fa-w-18\" aria-hidden=\"true\" data-fa-processed=\"\" data-prefix=\"fa\" data-icon=\"heart\" role=\"presentation\" xmlns=\"http:\/\/www.w3.org\/2000\/svg\" viewBox=\"0 0 576 512\"><path fill=\"currentColor\" d=\"M414.9 24C361.8 24 312 65.7 288 89.3 264 65.7 214.2 24 161.1 24 70.3 24 16 76.9 16 165.5c0 72.6 66.8 133.3 69.2 135.4l187 180.8c8.8 8.5 22.8 8.5 31.6 0l186.7-180.2c2.7-2.7 69.5-63.5 69.5-136C560 76.9 505.7 24 414.9 24z\"><\/path><\/svg>                                <span class=\"sby_like_count\">35<\/span>\r\n                            <\/span>\r\n                            <span class=\"sby_comments\" >\r\n                                <svg  class=\"svg-inline--fa fa-comment fa-w-18\" aria-hidden=\"true\" data-fa-processed=\"\" data-prefix=\"fa\" data-icon=\"comment\" role=\"presentation\" xmlns=\"http:\/\/www.w3.org\/2000\/svg\" viewBox=\"0 0 576 512\"><path fill=\"currentColor\" d=\"M576 240c0 115-129 208-288 208-48.3 0-93.9-8.6-133.9-23.8-40.3 31.2-89.8 50.3-142.4 55.7-5.2.6-10.2-2.8-11.5-7.7-1.3-5 2.7-8.1 6.6-11.8 19.3-18.4 42.7-32.8 51.9-94.6C21.9 330.9 0 287.3 0 240 0 125.1 129 32 288 32s288 93.1 288 208z\"><\/path><\/svg>                                <span class=\"sby_comment_count\">1<\/span>\r\n                            <\/span>\r\n                        <\/p>\r\n                        \r\n                    <\/div>\r\n                <\/div>\r\n\r\n                <span class=\"sby-screenreader\">V\u00eddeo de YouTube VVU3aXFhYWtSWHRyeUZnbTlWOEdfck1nLkl0Sk9ra05hU05v<\/span>\r\n                                    <div class=\"sby_play_btn\">\r\n                        <span class=\"sby_play_btn_bg\"><\/span>\r\n                    <svg aria-hidden=\"true\" focusable=\"false\" data-prefix=\"fab\" data-icon=\"youtube\" role=\"img\" xmlns=\"http:\/\/www.w3.org\/2000\/svg\" viewBox=\"0 0 576 512\" class=\"svg-inline--fa fa-youtube fa-w-18\"><path fill=\"currentColor\" d=\"M549.655 124.083c-6.281-23.65-24.787-42.276-48.284-48.597C458.781 64 288 64 288 64S117.22 64 74.629 75.486c-23.497 6.322-42.003 24.947-48.284 48.597-11.412 42.867-11.412 132.305-11.412 132.305s0 89.438 11.412 132.305c6.281 23.65 24.787 41.5 48.284 47.821C117.22 448 288 448 288 448s170.78 0 213.371-11.486c23.497-6.321 42.003-24.171 48.284-47.821 11.412-42.867 11.412-132.305 11.412-132.305s0-89.438-11.412-132.305zm-317.51 213.508V175.185l142.739 81.205-142.739 81.201z\" class=\"\"><\/path><\/svg>                    <\/div>\r\n                                <span class=\"sby_loader sby_hidden\" style=\"background-color: rgb(255, 255, 255);\"><\/span>\r\n            <\/a>\r\n\r\n            \r\n        <\/div>\r\n\r\n        <div class=\"sby_info sby_info_item\">\r\n\r\n\t\t\t<p class=\"sby_video_title_wrap\">\r\n\t\t\t<span class=\"sby_video_title\">\ud83c\udfb6 Orquesta Arag\u00f3n \u2013 \u201cPare Cochero\u201d<\/span>\r\n\t\t<\/p>\r\n\t\r\n\t\r\n\t\r\n\t\r\n<\/div>\r\n            <\/div>\r\n<\/div><div class=\"sby_item  sby_new sby_transition sby_no_margin\" id=\"sby_VVU3aXFhYWtSWHRyeUZnbTlWOEdfck1nLi1hNmRyVVhuMFU4\" data-date=\"1787250714\" data-video-id=\"-a6drUXn0U8\" data-video-title=\"\ud83c\udfb6 Orquesta Arag\u00f3n \u2013 \u201cPare Cochero\u201d\" data-live-date=\"0\">\r\n    <div class=\"sby_inner_item\">\r\n        <div class=\"sby_video_thumbnail_wrap sby_item_video_thumbnail_wrap\">\r\n            <a class=\"sby_video_thumbnail sby_item_video_thumbnail\" href=\"https:\/\/www.youtube.com\/watch?v=-a6drUXn0U8\" target=\"_blank\" rel=\"noopener\" data-full-res=\"https:\/\/i.ytimg.com\/vi\/-a6drUXn0U8\/maxresdefault.jpg\" data-img-src-set=\"{&quot;120&quot;:&quot;https:\\\/\\\/i.ytimg.com\\\/vi\\\/-a6drUXn0U8\\\/default.jpg&quot;,&quot;320&quot;:&quot;https:\\\/\\\/i.ytimg.com\\\/vi\\\/-a6drUXn0U8\\\/mqdefault.jpg&quot;,&quot;480&quot;:&quot;https:\\\/\\\/i.ytimg.com\\\/vi\\\/-a6drUXn0U8\\\/hqdefault.jpg&quot;,&quot;640&quot;:&quot;https:\\\/\\\/i.ytimg.com\\\/vi\\\/-a6drUXn0U8\\\/sddefault.jpg&quot;}\" data-video-id=\"-a6drUXn0U8\"  data-user=\"Cuban Music by Envidia\" data-url=\"https:\/\/www.youtube.com\/watch?v=-a6drUXn0U8\" data-avatar=\"https:\/\/yt3.ggpht.com\/ytc\/AIdro_kZd0kAhwcZ-1wwJcqIR5ko26tZW1b8I77FLo7srX7VcQ=s88-c-k-c0x00ffffff-no-rj\" data-title=\"\ud83d\udd25 ARTISTA DE LA SEMANA: ORQUESTA ARAG\u00d3N \ud83d\udd25&lt;br \/&gt;\n&lt;br \/&gt;\nContinuamos nuestra semana dedicada a La Charanga Eterna con uno de los t\u00edtulos m\u00e1s reconocibles y populares de su repertorio.&lt;br \/&gt;\n&lt;br \/&gt;\n\ud83c\udfb6 Orquesta Arag\u00f3n \u2013 \u201cPare Cochero\u201d&lt;br \/&gt;\n&lt;br \/&gt;\nUn cl\u00e1sico de la m\u00fasica cubana compuesto por Marcelino Guerra, una pieza que qued\u00f3 estrechamente ligada al sonido y a la historia de la Orquesta Arag\u00f3n.&lt;br \/&gt;\n&lt;br \/&gt;\n\u201cPare Cochero\u201d forma parte de esa primera etapa en la que la Arag\u00f3n comenz\u00f3 a convertirse en una de las grandes protagonistas de la m\u00fasica popular cubana. Los archivos discogr\u00e1ficos documentan versiones de la agrupaci\u00f3n publicadas por Victor en formato de 78 rpm, dentro del repertorio de danz\u00f3n de la orquesta.&lt;br \/&gt;\n&lt;br \/&gt;\nLa importancia de este tema no est\u00e1 \u00fanicamente en su popularidad posterior. La prensa cubana de la \u00e9poca recuerda \u201cPare Cochero\u201d entre los n\u00fameros que alcanzaron un gran \u00e9xito nacional durante los primeros a\u00f1os de expansi\u00f3n de la Orquesta Arag\u00f3n a trav\u00e9s de la radio.&lt;br \/&gt;\n&lt;br \/&gt;\n\ud83c\udfbb Violines&lt;br \/&gt;\n\ud83c\udfb6 Flauta&lt;br \/&gt;\n\ud83c\udfb9 Piano&lt;br \/&gt;\n\ud83e\udd41 Percusi\u00f3n&lt;br \/&gt;\n\ud83c\udde8\ud83c\uddfa Y ese sonido de charanga que convirti\u00f3 a la Arag\u00f3n en una instituci\u00f3n de la m\u00fasica cubana.&lt;br \/&gt;\n&lt;br \/&gt;\nEsta semana seguimos recuperando diferentes momentos de una agrupaci\u00f3n fundamental para entender la evoluci\u00f3n de la m\u00fasica popular cubana.&lt;br \/&gt;\n&lt;br \/&gt;\nCUBAN MUSIC BY ENVIDIA&lt;br \/&gt;\nArchivo, memoria y m\u00fasica cubana.&lt;br \/&gt;\n&lt;br \/&gt;\n\ud83d\udc49 Suscr\u00edbete al canal y acomp\u00e1\u00f1anos durante toda la semana dedicada a la Orquesta Arag\u00f3n.&lt;br \/&gt;\n&lt;br \/&gt;\n\ud83d\udcac \u00bfQu\u00e9 recuerdo te trae \u201cPare Cochero\u201d?&lt;br \/&gt;\n&lt;br \/&gt;\n#OrquestaAragon #PareCochero #MusicaCubana #CubanMusic #CharangaCubana #Danzon #SonCubano #CubanMusicByEnvidia #Cuba #MusicaCubanaDeSiempre\" data-video-title=\"\ud83c\udfb6 Orquesta Arag\u00f3n \u2013 \u201cPare Cochero\u201d\">\r\n                <img decoding=\"async\" src=\"https:\/\/envidialujuriamusic.com\/wp-content\/plugins\/youtube-feed-pro\/img\/placeholder.png\" alt=\"\ud83d\udd25 ARTISTA DE LA SEMANA: ORQUESTA ARAG\u00d3N \ud83d\udd25\n\nContinuamos nuestra semana dedicada a La Charanga Eterna con uno de los t\u00edtulos m\u00e1s reconocibles y populares de su repertorio.\n\n\ud83c\udfb6 Orquesta Arag\u00f3n \u2013 \u201cPare Cochero\u201d\n\nUn cl\u00e1sico de la m\u00fasica cubana compuesto por Marcelino Guerra, una pieza que qued\u00f3 estrechamente ligada al sonido y a la historia de la Orquesta Arag\u00f3n.\n\n\u201cPare Cochero\u201d forma parte de esa primera etapa en la que la Arag\u00f3n comenz\u00f3 a convertirse en una de las grandes protagonistas de la m\u00fasica popular cubana. Los archivos discogr\u00e1ficos documentan versiones de la agrupaci\u00f3n publicadas por Victor en formato de 78 rpm, dentro del repertorio de danz\u00f3n de la orquesta.\n\nLa importancia de este tema no est\u00e1 \u00fanicamente en su popularidad posterior. La prensa cubana de la \u00e9poca recuerda \u201cPare Cochero\u201d entre los n\u00fameros que alcanzaron un gran \u00e9xito nacional durante los primeros a\u00f1os de expansi\u00f3n de la Orquesta Arag\u00f3n a trav\u00e9s de la radio.\n\n\ud83c\udfbb Violines\n\ud83c\udfb6 Flauta\n\ud83c\udfb9 Piano\n\ud83e\udd41 Percusi\u00f3n\n\ud83c\udde8\ud83c\uddfa Y ese sonido de charanga que convirti\u00f3 a la Arag\u00f3n en una instituci\u00f3n de la m\u00fasica cubana.\n\nEsta semana seguimos recuperando diferentes momentos de una agrupaci\u00f3n fundamental para entender la evoluci\u00f3n de la m\u00fasica popular cubana.\n\nCUBAN MUSIC BY ENVIDIA\nArchivo, memoria y m\u00fasica cubana.\n\n\ud83d\udc49 Suscr\u00edbete al canal y acomp\u00e1\u00f1anos durante toda la semana dedicada a la Orquesta Arag\u00f3n.\n\n\ud83d\udcac \u00bfQu\u00e9 recuerdo te trae \u201cPare Cochero\u201d?\n\n#OrquestaAragon #PareCochero #MusicaCubana #CubanMusic #CharangaCubana #Danzon #SonCubano #CubanMusicByEnvidia #Cuba #MusicaCubanaDeSiempre\">\r\n\r\n                <div class=\"sby_thumbnail_hover sby_item_video_thumbnail_hover\">\r\n                    <div class=\"sby_thumbnail_hover_inner\">\r\n                        \r\n                        \r\n                                                <p class=\"sby_meta\" >\r\n\r\n                                                                                    <span class=\"sby_view_count\">901 views<\/span>\r\n                                                                                    <span class=\"sby_date sby_live_broadcast_type_none\">20 agosto, 2026 6:31 pm<\/span>\r\n                            \r\n                        <\/p>\r\n                        \r\n                                                    <p class=\"sby_caption\" >\ud83d\udd25 ARTISTA DE LA SEMANA: ORQUESTA ARAG\u00d3N \ud83d\udd25<br>\n<br>\nContinuamos nuestra semana dedicada a La Charanga Eterna con uno de los t\u00edtulos m\u00e1s reconocibles y populares de su repertorio.<br>\n<br>\n\ud83c\udfb6 Orquesta Arag\u00f3n \u2013 \u201cPare Cochero\u201d<br>\n<br>\nUn cl\u00e1sico de la m\u00fasica cubana compuesto por Marcelino Guerra, una pieza que qued\u00f3 estrechamente ligada al sonido y a la historia de la Orquesta Arag\u00f3n.<br>\n<br>\n\u201cPare Cochero\u201d forma parte de esa primera etapa en la que la Arag\u00f3n comenz\u00f3 a convertirse en una de las grandes protagonistas de la m\u00fasica popular cubana. Los archivos discogr\u00e1ficos documentan versiones de la agrupaci\u00f3n publicadas por Victor en formato de 78 rpm, dentro del repertorio de danz\u00f3n de la orquesta.<br>\n<br>\nLa importancia de este tema no est\u00e1 \u00fanicamente en su popularidad posterior. La prensa cubana de la \u00e9poca recuerda \u201cPare Cochero\u201d entre los n\u00fameros que alcanzaron un gran \u00e9xito nacional durante los primeros a\u00f1os de expansi\u00f3n de la Orquesta Arag\u00f3n a trav\u00e9s de la radio.<br>\n<br>\n\ud83c\udfbb Violines<br>\n\ud83c\udfb6 Flauta<br>\n\ud83c\udfb9 Piano<br>\n\ud83e\udd41 Percusi\u00f3n<br>\n\ud83c\udde8\ud83c\uddfa Y ese sonido de charanga que convirti\u00f3 a la Arag\u00f3n en una instituci\u00f3n de la m\u00fasica cubana.<br>\n<br>\nEsta semana seguimos recuperando diferentes momentos de una agrupaci\u00f3n fundamental para entender la evoluci\u00f3n de la m\u00fasica popular cubana.<br>\n<br>\nCUBAN MUSIC BY ENVIDIA<br>\nArchivo, memoria y m\u00fasica cubana.<br>\n<br>\n\ud83d\udc49 Suscr\u00edbete al canal y acomp\u00e1\u00f1anos durante toda la semana dedicada a la Orquesta Arag\u00f3n.<br>\n<br>\n\ud83d\udcac \u00bfQu\u00e9 recuerdo te trae \u201cPare Cochero\u201d?<br>\n<br>\n#OrquestaAragon #PareCochero #MusicaCubana #CubanMusic #CharangaCubana #Danzon #SonCubano #CubanMusicByEnvidia #Cuba #MusicaCubanaDeSiempre<\/p>\r\n                        \r\n                                                <p class=\"sby_stats\" >\r\n                            <span class=\"sby_likes\" >\r\n                            <svg  class=\"svg-inline--fa fa-heart fa-w-18\" aria-hidden=\"true\" data-fa-processed=\"\" data-prefix=\"fa\" data-icon=\"heart\" role=\"presentation\" xmlns=\"http:\/\/www.w3.org\/2000\/svg\" viewBox=\"0 0 576 512\"><path fill=\"currentColor\" d=\"M414.9 24C361.8 24 312 65.7 288 89.3 264 65.7 214.2 24 161.1 24 70.3 24 16 76.9 16 165.5c0 72.6 66.8 133.3 69.2 135.4l187 180.8c8.8 8.5 22.8 8.5 31.6 0l186.7-180.2c2.7-2.7 69.5-63.5 69.5-136C560 76.9 505.7 24 414.9 24z\"><\/path><\/svg>                                <span class=\"sby_like_count\">5<\/span>\r\n                            <\/span>\r\n                            <span class=\"sby_comments\" >\r\n                                <svg  class=\"svg-inline--fa fa-comment fa-w-18\" aria-hidden=\"true\" data-fa-processed=\"\" data-prefix=\"fa\" data-icon=\"comment\" role=\"presentation\" xmlns=\"http:\/\/www.w3.org\/2000\/svg\" viewBox=\"0 0 576 512\"><path fill=\"currentColor\" d=\"M576 240c0 115-129 208-288 208-48.3 0-93.9-8.6-133.9-23.8-40.3 31.2-89.8 50.3-142.4 55.7-5.2.6-10.2-2.8-11.5-7.7-1.3-5 2.7-8.1 6.6-11.8 19.3-18.4 42.7-32.8 51.9-94.6C21.9 330.9 0 287.3 0 240 0 125.1 129 32 288 32s288 93.1 288 208z\"><\/path><\/svg>                                <span class=\"sby_comment_count\">0<\/span>\r\n                            <\/span>\r\n                        <\/p>\r\n                        \r\n                    <\/div>\r\n                <\/div>\r\n\r\n                <span class=\"sby-screenreader\">V\u00eddeo de YouTube VVU3aXFhYWtSWHRyeUZnbTlWOEdfck1nLi1hNmRyVVhuMFU4<\/span>\r\n                                    <div class=\"sby_play_btn\">\r\n                        <span class=\"sby_play_btn_bg\"><\/span>\r\n                    <svg aria-hidden=\"true\" focusable=\"false\" data-prefix=\"fab\" data-icon=\"youtube\" role=\"img\" xmlns=\"http:\/\/www.w3.org\/2000\/svg\" viewBox=\"0 0 576 512\" class=\"svg-inline--fa fa-youtube fa-w-18\"><path fill=\"currentColor\" d=\"M549.655 124.083c-6.281-23.65-24.787-42.276-48.284-48.597C458.781 64 288 64 288 64S117.22 64 74.629 75.486c-23.497 6.322-42.003 24.947-48.284 48.597-11.412 42.867-11.412 132.305-11.412 132.305s0 89.438 11.412 132.305c6.281 23.65 24.787 41.5 48.284 47.821C117.22 448 288 448 288 448s170.78 0 213.371-11.486c23.497-6.321 42.003-24.171 48.284-47.821 11.412-42.867 11.412-132.305 11.412-132.305s0-89.438-11.412-132.305zm-317.51 213.508V175.185l142.739 81.205-142.739 81.201z\" class=\"\"><\/path><\/svg>                    <\/div>\r\n                                <span class=\"sby_loader sby_hidden\" style=\"background-color: rgb(255, 255, 255);\"><\/span>\r\n            <\/a>\r\n\r\n            \r\n        <\/div>\r\n\r\n        <div class=\"sby_info sby_info_item\">\r\n\r\n\t\t\t<p class=\"sby_video_title_wrap\">\r\n\t\t\t<span class=\"sby_video_title\">\ud83c\udfb6 Orquesta Arag\u00f3n \u2013 \u201cPare Cochero\u201d<\/span>\r\n\t\t<\/p>\r\n\t\r\n\t\r\n\t\r\n\t\r\n<\/div>\r\n            <\/div>\r\n<\/div><div class=\"sby_item  sby_new sby_transition sby_no_margin\" id=\"sby_VVU3aXFhYWtSWHRyeUZnbTlWOEdfck1nLlhNdEU1dEVxVWVn\" data-date=\"1787165652\" data-video-id=\"XMtE5tEqUeg\" data-video-title=\"\ud83c\udde8\ud83c\uddfa ARTISTA DE LA SEMANA: ORQUESTA ARAG\u00d3N\" data-live-date=\"0\">\r\n    <div class=\"sby_inner_item\">\r\n        <div class=\"sby_video_thumbnail_wrap sby_item_video_thumbnail_wrap\">\r\n            <a class=\"sby_video_thumbnail sby_item_video_thumbnail\" href=\"https:\/\/www.youtube.com\/watch?v=XMtE5tEqUeg\" target=\"_blank\" rel=\"noopener\" data-full-res=\"https:\/\/i.ytimg.com\/vi\/XMtE5tEqUeg\/maxresdefault.jpg\" data-img-src-set=\"{&quot;120&quot;:&quot;https:\\\/\\\/i.ytimg.com\\\/vi\\\/XMtE5tEqUeg\\\/default.jpg&quot;,&quot;320&quot;:&quot;https:\\\/\\\/i.ytimg.com\\\/vi\\\/XMtE5tEqUeg\\\/mqdefault.jpg&quot;,&quot;480&quot;:&quot;https:\\\/\\\/i.ytimg.com\\\/vi\\\/XMtE5tEqUeg\\\/hqdefault.jpg&quot;,&quot;640&quot;:&quot;https:\\\/\\\/i.ytimg.com\\\/vi\\\/XMtE5tEqUeg\\\/sddefault.jpg&quot;}\" data-video-id=\"XMtE5tEqUeg\"  data-user=\"Cuban Music by Envidia\" data-url=\"https:\/\/www.youtube.com\/watch?v=XMtE5tEqUeg\" data-avatar=\"https:\/\/yt3.ggpht.com\/ytc\/AIdro_kZd0kAhwcZ-1wwJcqIR5ko26tZW1b8I77FLo7srX7VcQ=s88-c-k-c0x00ffffff-no-rj\" data-title=\"\ud83c\udde8\ud83c\uddfa ARTISTA DE LA SEMANA: ORQUESTA ARAG\u00d3N&lt;br \/&gt;\n&lt;br \/&gt;\nUna de las grandes leyendas de la m\u00fasica cubana.&lt;br \/&gt;\n&lt;br \/&gt;\n\ud83c\udfb6 \u201cArr\u00edmate Pa&#039;c\u00e1\u201d&lt;br \/&gt;\n&lt;br \/&gt;\nEl sonido de la flauta, los violines y el ritmo de La Charanga Eterna en una grabaci\u00f3n de 1966.&lt;br \/&gt;\n&lt;br \/&gt;\nUna semana para volver a escuchar a una agrupaci\u00f3n fundamental de la historia musical de Cuba.&lt;br \/&gt;\n&lt;br \/&gt;\n\ud83d\udd25 ORQUESTA ARAG\u00d3N&lt;br \/&gt;\n\ud83c\udde8\ud83c\uddfa CUBAN MUSIC BY ENVIDIA&lt;br \/&gt;\n&lt;br \/&gt;\n\ud83d\udc49 V\u00eddeo completo en nuestro canal.&lt;br \/&gt;\n&lt;br \/&gt;\n#OrquestaAragon #ArrimatePaca #MusicaCubana #CubanMusic #ChaChaCha #SonCubano #Cuba\" data-video-title=\"\ud83c\udde8\ud83c\uddfa ARTISTA DE LA SEMANA: ORQUESTA ARAG\u00d3N\">\r\n                <img decoding=\"async\" src=\"https:\/\/envidialujuriamusic.com\/wp-content\/plugins\/youtube-feed-pro\/img\/placeholder.png\" alt=\"\ud83c\udde8\ud83c\uddfa ARTISTA DE LA SEMANA: ORQUESTA ARAG\u00d3N\n\nUna de las grandes leyendas de la m\u00fasica cubana.\n\n\ud83c\udfb6 \u201cArr\u00edmate Pa&#039;c\u00e1\u201d\n\nEl sonido de la flauta, los violines y el ritmo de La Charanga Eterna en una grabaci\u00f3n de 1966.\n\nUna semana para volver a escuchar a una agrupaci\u00f3n fundamental de la historia musical de Cuba.\n\n\ud83d\udd25 ORQUESTA ARAG\u00d3N\n\ud83c\udde8\ud83c\uddfa CUBAN MUSIC BY ENVIDIA\n\n\ud83d\udc49 V\u00eddeo completo en nuestro canal.\n\n#OrquestaAragon #ArrimatePaca #MusicaCubana #CubanMusic #ChaChaCha #SonCubano #Cuba\">\r\n\r\n                <div class=\"sby_thumbnail_hover sby_item_video_thumbnail_hover\">\r\n                    <div class=\"sby_thumbnail_hover_inner\">\r\n                        \r\n                        \r\n                                                <p class=\"sby_meta\" >\r\n\r\n                                                                                    <span class=\"sby_view_count\">2.1K views<\/span>\r\n                                                                                    <span class=\"sby_date sby_live_broadcast_type_none\">19 agosto, 2026 6:54 pm<\/span>\r\n                            \r\n                        <\/p>\r\n                        \r\n                                                    <p class=\"sby_caption\" >\ud83c\udde8\ud83c\uddfa ARTISTA DE LA SEMANA: ORQUESTA ARAG\u00d3N<br>\n<br>\nUna de las grandes leyendas de la m\u00fasica cubana.<br>\n<br>\n\ud83c\udfb6 \u201cArr\u00edmate Pa&#039;c\u00e1\u201d<br>\n<br>\nEl sonido de la flauta, los violines y el ritmo de La Charanga Eterna en una grabaci\u00f3n de 1966.<br>\n<br>\nUna semana para volver a escuchar a una agrupaci\u00f3n fundamental de la historia musical de Cuba.<br>\n<br>\n\ud83d\udd25 ORQUESTA ARAG\u00d3N<br>\n\ud83c\udde8\ud83c\uddfa CUBAN MUSIC BY ENVIDIA<br>\n<br>\n\ud83d\udc49 V\u00eddeo completo en nuestro canal.<br>\n<br>\n#OrquestaAragon #ArrimatePaca #MusicaCubana #CubanMusic #ChaChaCha #SonCubano #Cuba<\/p>\r\n                        \r\n                                                <p class=\"sby_stats\" >\r\n                            <span class=\"sby_likes\" >\r\n                            <svg  class=\"svg-inline--fa fa-heart fa-w-18\" aria-hidden=\"true\" data-fa-processed=\"\" data-prefix=\"fa\" data-icon=\"heart\" role=\"presentation\" xmlns=\"http:\/\/www.w3.org\/2000\/svg\" viewBox=\"0 0 576 512\"><path fill=\"currentColor\" d=\"M414.9 24C361.8 24 312 65.7 288 89.3 264 65.7 214.2 24 161.1 24 70.3 24 16 76.9 16 165.5c0 72.6 66.8 133.3 69.2 135.4l187 180.8c8.8 8.5 22.8 8.5 31.6 0l186.7-180.2c2.7-2.7 69.5-63.5 69.5-136C560 76.9 505.7 24 414.9 24z\"><\/path><\/svg>                                <span class=\"sby_like_count\">45<\/span>\r\n                            <\/span>\r\n                            <span class=\"sby_comments\" >\r\n                                <svg  class=\"svg-inline--fa fa-comment fa-w-18\" aria-hidden=\"true\" data-fa-processed=\"\" data-prefix=\"fa\" data-icon=\"comment\" role=\"presentation\" xmlns=\"http:\/\/www.w3.org\/2000\/svg\" viewBox=\"0 0 576 512\"><path fill=\"currentColor\" d=\"M576 240c0 115-129 208-288 208-48.3 0-93.9-8.6-133.9-23.8-40.3 31.2-89.8 50.3-142.4 55.7-5.2.6-10.2-2.8-11.5-7.7-1.3-5 2.7-8.1 6.6-11.8 19.3-18.4 42.7-32.8 51.9-94.6C21.9 330.9 0 287.3 0 240 0 125.1 129 32 288 32s288 93.1 288 208z\"><\/path><\/svg>                                <span class=\"sby_comment_count\">1<\/span>\r\n                            <\/span>\r\n                        <\/p>\r\n                        \r\n                    <\/div>\r\n                <\/div>\r\n\r\n                <span class=\"sby-screenreader\">V\u00eddeo de YouTube VVU3aXFhYWtSWHRyeUZnbTlWOEdfck1nLlhNdEU1dEVxVWVn<\/span>\r\n                                    <div class=\"sby_play_btn\">\r\n                        <span class=\"sby_play_btn_bg\"><\/span>\r\n                    <svg aria-hidden=\"true\" focusable=\"false\" data-prefix=\"fab\" data-icon=\"youtube\" role=\"img\" xmlns=\"http:\/\/www.w3.org\/2000\/svg\" viewBox=\"0 0 576 512\" class=\"svg-inline--fa fa-youtube fa-w-18\"><path fill=\"currentColor\" d=\"M549.655 124.083c-6.281-23.65-24.787-42.276-48.284-48.597C458.781 64 288 64 288 64S117.22 64 74.629 75.486c-23.497 6.322-42.003 24.947-48.284 48.597-11.412 42.867-11.412 132.305-11.412 132.305s0 89.438 11.412 132.305c6.281 23.65 24.787 41.5 48.284 47.821C117.22 448 288 448 288 448s170.78 0 213.371-11.486c23.497-6.321 42.003-24.171 48.284-47.821 11.412-42.867 11.412-132.305 11.412-132.305s0-89.438-11.412-132.305zm-317.51 213.508V175.185l142.739 81.205-142.739 81.201z\" class=\"\"><\/path><\/svg>                    <\/div>\r\n                                <span class=\"sby_loader sby_hidden\" style=\"background-color: rgb(255, 255, 255);\"><\/span>\r\n            <\/a>\r\n\r\n            \r\n        <\/div>\r\n\r\n        <div class=\"sby_info sby_info_item\">\r\n\r\n\t\t\t<p class=\"sby_video_title_wrap\">\r\n\t\t\t<span class=\"sby_video_title\">\ud83c\udde8\ud83c\uddfa ARTISTA DE LA SEMANA: ORQUESTA ARAG\u00d3N<\/span>\r\n\t\t<\/p>\r\n\t\r\n\t\r\n\t\r\n\t\r\n<\/div>\r\n            <\/div>\r\n<\/div>    <\/div>\r\n    \r\n\t<div class=\"sby_footer\">\r\n\r\n\r\n<\/div>\r\n    <div class=\"sby_cta_items_wraps sby_cta_wrap\">\r\n\t<div class=\"sby_cta_inner_wrap\">\r\n\r\n\t<\/div>\r\n<\/div>\r\n\r\n\t<\/div>\t\t\t\t<\/div>\n\t\t\t\t<\/div>\n\t\t\t\t\t<\/div>\n\t\t<\/div>\n\t\t\t\t\t<\/div>\n\t\t<\/section>\n\t\t\t\t<section class=\"elementor-section elementor-top-section elementor-element elementor-element-46a481b elementor-section-boxed elementor-section-height-default elementor-section-height-default\" data-id=\"46a481b\" data-element_type=\"section\">\n\t\t\t\t\t\t<div class=\"elementor-container elementor-column-gap-default\">\n\t\t\t\t\t<div class=\"elementor-column elementor-col-100 elementor-top-column elementor-element elementor-element-559c3de\" data-id=\"559c3de\" data-element_type=\"column\">\n\t\t\t<div class=\"elementor-widget-wrap elementor-element-populated\">\n\t\t\t\t\t\t<div class=\"elementor-element elementor-element-b6ae954 elementor-widget-divider--view-line_text elementor-widget-divider--element-align-left elementor-widget elementor-widget-divider\" data-id=\"b6ae954\" data-element_type=\"widget\" data-widget_type=\"divider.default\">\n\t\t\t\t<div class=\"elementor-widget-container\">\n\t\t\t\t\t\t\t<div class=\"elementor-divider\">\n\t\t\t<span class=\"elementor-divider-separator\">\n\t\t\t\t\t\t\t<span class=\"elementor-divider__text elementor-divider__element\">\n\t\t\t\tEnvidia en Instagram\t\t\t\t<\/span>\n\t\t\t\t\t\t<\/span>\n\t\t<\/div>\n\t\t\t\t\t\t<\/div>\n\t\t\t\t<\/div>\n\t\t\t\t\t<\/div>\n\t\t<\/div>\n\t\t\t\t\t<\/div>\n\t\t<\/section>\n\t\t\t\t<section class=\"elementor-section elementor-top-section elementor-element elementor-element-ed85161 elementor-section-boxed elementor-section-height-default elementor-section-height-default\" data-id=\"ed85161\" data-element_type=\"section\">\n\t\t\t\t\t\t<div class=\"elementor-container elementor-column-gap-default\">\n\t\t\t\t\t<div class=\"elementor-column elementor-col-100 elementor-top-column elementor-element elementor-element-8d47b47\" data-id=\"8d47b47\" data-element_type=\"column\">\n\t\t\t<div class=\"elementor-widget-wrap elementor-element-populated\">\n\t\t\t\t\t\t<div class=\"elementor-element elementor-element-304b38a elementor-widget-divider--view-line_text elementor-widget-divider--element-align-left elementor-widget elementor-widget-divider\" data-id=\"304b38a\" data-element_type=\"widget\" data-widget_type=\"divider.default\">\n\t\t\t\t<div class=\"elementor-widget-container\">\n\t\t\t\t\t\t\t<div class=\"elementor-divider\">\n\t\t\t<span class=\"elementor-divider-separator\">\n\t\t\t\t\t\t\t<span class=\"elementor-divider__text elementor-divider__element\">\n\t\t\t\tS\u00edguenos\t\t\t\t<\/span>\n\t\t\t\t\t\t<\/span>\n\t\t<\/div>\n\t\t\t\t\t\t<\/div>\n\t\t\t\t<\/div>\n\t\t\t\t<div class=\"elementor-element elementor-element-3a26758 elementor-widget elementor-widget-template\" data-id=\"3a26758\" data-element_type=\"widget\" data-widget_type=\"template.default\">\n\t\t\t\t<div class=\"elementor-widget-container\">\n\t\t\t\t\t\t\t<div class=\"elementor-template\">\n\t\t\t\t\t<div data-elementor-type=\"section\" data-elementor-id=\"1433\" class=\"elementor elementor-1433\" data-elementor-post-type=\"elementor_library\">\n\t\t\t\t\t<section class=\"elementor-section elementor-top-section elementor-element elementor-element-68c15bd3 elementor-section-boxed elementor-section-height-default elementor-section-height-default\" data-id=\"68c15bd3\" data-element_type=\"section\">\n\t\t\t\t\t\t<div class=\"elementor-container elementor-column-gap-no\">\n\t\t\t\t\t<div class=\"elementor-column elementor-col-100 elementor-top-column elementor-element elementor-element-60dd22c2\" data-id=\"60dd22c2\" data-element_type=\"column\">\n\t\t\t<div class=\"elementor-widget-wrap elementor-element-populated\">\n\t\t\t\t\t\t<div class=\"elementor-element elementor-element-5fe7952 elementor-shape-circle elementor-grid-0 e-grid-align-center elementor-widget elementor-widget-social-icons\" data-id=\"5fe7952\" data-element_type=\"widget\" data-widget_type=\"social-icons.default\">\n\t\t\t\t<div class=\"elementor-widget-container\">\n\t\t\t\t\t\t\t<div class=\"elementor-social-icons-wrapper elementor-grid\" role=\"list\">\n\t\t\t\t\t\t\t<span class=\"elementor-grid-item\" role=\"listitem\">\n\t\t\t\t\t<a class=\"elementor-icon elementor-social-icon elementor-social-icon-facebook elementor-repeater-item-4c043a8\" href=\"https:\/\/www.facebook.com\/envidiamusic\" target=\"_blank\">\n\t\t\t\t\t\t<span class=\"elementor-screen-only\">Facebook<\/span>\n\t\t\t\t\t\t<i aria-hidden=\"true\" class=\"fab fa-facebook\"><\/i>\t\t\t\t\t<\/a>\n\t\t\t\t<\/span>\n\t\t\t\t\t\t\t<span class=\"elementor-grid-item\" role=\"listitem\">\n\t\t\t\t\t<a class=\"elementor-icon elementor-social-icon elementor-social-icon-youtube elementor-repeater-item-18acdea\" href=\"https:\/\/www.youtube.com\/channel\/UC7iqaakRXtryFgm9V8G_rMg\" target=\"_blank\">\n\t\t\t\t\t\t<span class=\"elementor-screen-only\">Youtube<\/span>\n\t\t\t\t\t\t<i aria-hidden=\"true\" class=\"fab fa-youtube\"><\/i>\t\t\t\t\t<\/a>\n\t\t\t\t<\/span>\n\t\t\t\t\t\t\t<span class=\"elementor-grid-item\" role=\"listitem\">\n\t\t\t\t\t<a class=\"elementor-icon elementor-social-icon elementor-social-icon-instagram elementor-repeater-item-077f396\" href=\"https:\/\/www.instagram.com\/envidiamusic\/\" target=\"_blank\">\n\t\t\t\t\t\t<span class=\"elementor-screen-only\">Instagram<\/span>\n\t\t\t\t\t\t<i aria-hidden=\"true\" class=\"fab fa-instagram\"><\/i>\t\t\t\t\t<\/a>\n\t\t\t\t<\/span>\n\t\t\t\t\t<\/div>\n\t\t\t\t\t\t<\/div>\n\t\t\t\t<\/div>\n\t\t\t\t\t<\/div>\n\t\t<\/div>\n\t\t\t\t\t<\/div>\n\t\t<\/section>\n\t\t\t\t<\/div>\n\t\t\t\t<\/div>\n\t\t\t\t\t\t<\/div>\n\t\t\t\t<\/div>\n\t\t\t\t<div class=\"elementor-element elementor-element-36fa94b elementor-widget elementor-widget-spacer\" data-id=\"36fa94b\" data-element_type=\"widget\" data-widget_type=\"spacer.default\">\n\t\t\t\t<div class=\"elementor-widget-container\">\n\t\t\t\t\t\t\t<div class=\"elementor-spacer\">\n\t\t\t<div class=\"elementor-spacer-inner\"><\/div>\n\t\t<\/div>\n\t\t\t\t\t\t<\/div>\n\t\t\t\t<\/div>\n\t\t\t\t\t<\/div>\n\t\t<\/div>\n\t\t\t\t\t<\/div>\n\t\t<\/section>\n\t\t\t\t<\/div>\n\t\t","protected":false},"excerpt":{"rendered":"<p>El sello de m\u00fasica tropical Envidia os presenta el sello que establecer\u00e1 los est\u00e1ndares mundiales en la m\u00fasica latina con los aspectos m\u00e1s destacados del<\/p>\n","protected":false},"author":1,"featured_media":0,"parent":0,"menu_order":0,"comment_status":"closed","ping_status":"closed","template":"","meta":{"_mo_disable_npp":"","om_disable_all_campaigns":false,"_monsterinsights_skip_tracking":false,"_monsterinsights_sitenote_active":false,"_monsterinsights_sitenote_note":"","_monsterinsights_sitenote_category":0,"_uf_show_specific_survey":0,"_uf_disable_surveys":false,"footnotes":""},"class_list":["post-1389","page","type-page","status-publish","hentry"],"_links":{"self":[{"href":"https:\/\/envidialujuriamusic.com\/index.php\/wp-json\/wp\/v2\/pages\/1389","targetHints":{"allow":["GET"]}}],"collection":[{"href":"https:\/\/envidialujuriamusic.com\/index.php\/wp-json\/wp\/v2\/pages"}],"about":[{"href":"https:\/\/envidialujuriamusic.com\/index.php\/wp-json\/wp\/v2\/types\/page"}],"author":[{"embeddable":true,"href":"https:\/\/envidialujuriamusic.com\/index.php\/wp-json\/wp\/v2\/users\/1"}],"replies":[{"embeddable":true,"href":"https:\/\/envidialujuriamusic.com\/index.php\/wp-json\/wp\/v2\/comments?post=1389"}],"version-history":[{"count":104,"href":"https:\/\/envidialujuriamusic.com\/index.php\/wp-json\/wp\/v2\/pages\/1389\/revisions"}],"predecessor-version":[{"id":4132,"href":"https:\/\/envidialujuriamusic.com\/index.php\/wp-json\/wp\/v2\/pages\/1389\/revisions\/4132"}],"wp:attachment":[{"href":"https:\/\/envidialujuriamusic.com\/index.php\/wp-json\/wp\/v2\/media?parent=1389"}],"curies":[{"name":"wp","href":"https:\/\/api.w.org\/{rel}","templated":true}]}}